{"id":53,"date":"2016-10-11T00:48:55","date_gmt":"2016-10-11T00:48:55","guid":{"rendered":"http:\/\/magalhaesclinica.com.br\/?page_id=53"},"modified":"2025-05-13T17:15:46","modified_gmt":"2025-05-13T20:15:46","slug":"centro-auditivo-especializado-em-exames-audiologicos","status":"publish","type":"page","link":"https:\/\/audiohear.com.br\/?page_id=53","title":{"rendered":"Cl\u00ednica de Exames Audiol\u00f3gicos"},"content":{"rendered":"\t\t<div data-elementor-type=\"wp-page\" data-elementor-id=\"53\" class=\"elementor elementor-53\" data-elementor-settings=\"{&quot;ha_cmc_init_switcher&quot;:&quot;no&quot;}\" data-elementor-post-type=\"page\">\n\t\t\t\t\t\t<section class=\"elementor-section elementor-top-section elementor-element elementor-element-43a4253 elementor-section-full_width elementor-section-height-default elementor-section-height-default\" data-id=\"43a4253\" data-element_type=\"section\" data-e-type=\"section\" data-settings=\"{&quot;background_background&quot;:&quot;classic&quot;,&quot;_ha_eqh_enable&quot;:false}\">\n\t\t\t\t\t\t<div class=\"elementor-container elementor-column-gap-default\">\n\t\t\t\t\t<div class=\"elementor-column elementor-col-100 elementor-top-column elementor-element elementor-element-5b5eb05\" data-id=\"5b5eb05\" data-element_type=\"column\" data-e-type=\"column\">\n\t\t\t<div class=\"elementor-widget-wrap elementor-element-populated\">\n\t\t\t\t\t\t<div class=\"elementor-element elementor-element-6be53ae elementor-widget elementor-widget-heading\" data-id=\"6be53ae\" data-element_type=\"widget\" data-e-type=\"widget\" data-widget_type=\"heading.default\">\n\t\t\t\t<div class=\"elementor-widget-container\">\n\t\t\t\t\t<h2 class=\"elementor-heading-title elementor-size-default\">Experi\u00eancia que vai al\u00e9m de um centro auditivo!<\/h2>\t\t\t\t<\/div>\n\t\t\t\t<\/div>\n\t\t\t\t<div class=\"elementor-element elementor-element-982cf15 elementor-widget elementor-widget-text-editor\" data-id=\"982cf15\" data-element_type=\"widget\" data-e-type=\"widget\" data-widget_type=\"text-editor.default\">\n\t\t\t\t<div class=\"elementor-widget-container\">\n\t\t\t\t\t\t\t\t\t<p>Bem-vindo \u00e0 Audiohear, sua cl\u00ednica especializada em exames auditivos! <br \/>Contamos com equipamentos modernos e profissionais qualificados para oferecer diagn\u00f3sticos precisos e solu\u00e7\u00f5es personalizadas para a sua sa\u00fade auditiva.<\/p>\t\t\t\t\t\t\t\t<\/div>\n\t\t\t\t<\/div>\n\t\t\t\t\t<\/div>\n\t\t<\/div>\n\t\t\t\t\t<\/div>\n\t\t<\/section>\n\t\t\t\t<section class=\"elementor-section elementor-top-section elementor-element elementor-element-4091316 elementor-section-full_width elementor-section-height-default elementor-section-height-default\" data-id=\"4091316\" data-element_type=\"section\" data-e-type=\"section\" data-settings=\"{&quot;_ha_eqh_enable&quot;:false}\">\n\t\t\t\t\t\t<div class=\"elementor-container elementor-column-gap-default\">\n\t\t\t\t\t<div class=\"elementor-column elementor-col-100 elementor-top-column elementor-element elementor-element-8df6ac9\" data-id=\"8df6ac9\" data-element_type=\"column\" data-e-type=\"column\">\n\t\t\t<div class=\"elementor-widget-wrap elementor-element-populated\">\n\t\t\t\t\t\t<div class=\"elementor-element elementor-element-50412d9 elementor-widget elementor-widget-ha-justified-gallery happy-addon ha-justified-gallery\" data-id=\"50412d9\" data-element_type=\"widget\" data-e-type=\"widget\" data-settings=\"{&quot;row_height&quot;:{&quot;unit&quot;:&quot;px&quot;,&quot;size&quot;:150,&quot;sizes&quot;:[]},&quot;margins&quot;:{&quot;unit&quot;:&quot;px&quot;,&quot;size&quot;:10,&quot;sizes&quot;:[]},&quot;last_row&quot;:&quot;justify&quot;,&quot;enable_popup&quot;:&quot;yes&quot;}\" data-widget_type=\"ha-justified-gallery.default\">\n\t\t\t\t<div class=\"elementor-widget-container\">\n\t\t\t\t\t\n\t\t<div class=\"ha-justified-grid__wrap hajs-justified-grid\">\n\t\t\t\t\t\t\t<a href=\"#\" data-mfp-src=\"https:\/\/audiohear.com.br\/wp-content\/uploads\/2025\/05\/centro-auditivo-clinica-de-fonoaudiologia-em-santa-catarina-jaragua-do-sul-1024x576.jpg\" class=\"ha-justified-grid__item ha-js-lightbox __fltr-1\" title=\"\">\n\t\t\t\t\t<img fetchpriority=\"high\" decoding=\"async\" width=\"1200\" height=\"675\" src=\"https:\/\/audiohear.com.br\/wp-content\/uploads\/2025\/05\/centro-auditivo-clinica-de-fonoaudiologia-em-santa-catarina-jaragua-do-sul.jpg\" class=\"elementor-animation-grow\" alt=\"\" srcset=\"https:\/\/audiohear.com.br\/wp-content\/uploads\/2025\/05\/centro-auditivo-clinica-de-fonoaudiologia-em-santa-catarina-jaragua-do-sul.jpg 1200w, https:\/\/audiohear.com.br\/wp-content\/uploads\/2025\/05\/centro-auditivo-clinica-de-fonoaudiologia-em-santa-catarina-jaragua-do-sul-300x169.jpg 300w, https:\/\/audiohear.com.br\/wp-content\/uploads\/2025\/05\/centro-auditivo-clinica-de-fonoaudiologia-em-santa-catarina-jaragua-do-sul-1024x576.jpg 1024w, https:\/\/audiohear.com.br\/wp-content\/uploads\/2025\/05\/centro-auditivo-clinica-de-fonoaudiologia-em-santa-catarina-jaragua-do-sul-768x432.jpg 768w, https:\/\/audiohear.com.br\/wp-content\/uploads\/2025\/05\/centro-auditivo-clinica-de-fonoaudiologia-em-santa-catarina-jaragua-do-sul-800x450.jpg 800w\" sizes=\"(max-width: 1200px) 100vw, 1200px\" \/>\t\t\t\t<\/a>\n\t\t\t\t\t\t\t<a href=\"#\" data-mfp-src=\"https:\/\/audiohear.com.br\/wp-content\/uploads\/2025\/05\/centro-auditivo-clinica-de-fonoaudiologia-em-santa-catarina-jaragua-do-sul1-1024x576.jpg\" class=\"ha-justified-grid__item ha-js-lightbox __fltr-1\" title=\"\">\n\t\t\t\t\t<img decoding=\"async\" width=\"1200\" height=\"675\" src=\"https:\/\/audiohear.com.br\/wp-content\/uploads\/2025\/05\/centro-auditivo-clinica-de-fonoaudiologia-em-santa-catarina-jaragua-do-sul1.jpg\" class=\"elementor-animation-grow\" alt=\"\" srcset=\"https:\/\/audiohear.com.br\/wp-content\/uploads\/2025\/05\/centro-auditivo-clinica-de-fonoaudiologia-em-santa-catarina-jaragua-do-sul1.jpg 1200w, https:\/\/audiohear.com.br\/wp-content\/uploads\/2025\/05\/centro-auditivo-clinica-de-fonoaudiologia-em-santa-catarina-jaragua-do-sul1-300x169.jpg 300w, https:\/\/audiohear.com.br\/wp-content\/uploads\/2025\/05\/centro-auditivo-clinica-de-fonoaudiologia-em-santa-catarina-jaragua-do-sul1-1024x576.jpg 1024w, https:\/\/audiohear.com.br\/wp-content\/uploads\/2025\/05\/centro-auditivo-clinica-de-fonoaudiologia-em-santa-catarina-jaragua-do-sul1-768x432.jpg 768w, https:\/\/audiohear.com.br\/wp-content\/uploads\/2025\/05\/centro-auditivo-clinica-de-fonoaudiologia-em-santa-catarina-jaragua-do-sul1-800x450.jpg 800w\" sizes=\"(max-width: 1200px) 100vw, 1200px\" \/>\t\t\t\t<\/a>\n\t\t\t\t\t\t\t<a href=\"#\" data-mfp-src=\"https:\/\/audiohear.com.br\/wp-content\/uploads\/2025\/05\/centro-auditivo-clinica-de-fonoaudiologia-em-santa-catarina-jaragua-do-sul2-1024x576.jpg\" class=\"ha-justified-grid__item ha-js-lightbox __fltr-1\" title=\"\">\n\t\t\t\t\t<img decoding=\"async\" width=\"1200\" height=\"675\" src=\"https:\/\/audiohear.com.br\/wp-content\/uploads\/2025\/05\/centro-auditivo-clinica-de-fonoaudiologia-em-santa-catarina-jaragua-do-sul2.jpg\" class=\"elementor-animation-grow\" alt=\"\" srcset=\"https:\/\/audiohear.com.br\/wp-content\/uploads\/2025\/05\/centro-auditivo-clinica-de-fonoaudiologia-em-santa-catarina-jaragua-do-sul2.jpg 1200w, https:\/\/audiohear.com.br\/wp-content\/uploads\/2025\/05\/centro-auditivo-clinica-de-fonoaudiologia-em-santa-catarina-jaragua-do-sul2-300x169.jpg 300w, https:\/\/audiohear.com.br\/wp-content\/uploads\/2025\/05\/centro-auditivo-clinica-de-fonoaudiologia-em-santa-catarina-jaragua-do-sul2-1024x576.jpg 1024w, https:\/\/audiohear.com.br\/wp-content\/uploads\/2025\/05\/centro-auditivo-clinica-de-fonoaudiologia-em-santa-catarina-jaragua-do-sul2-768x432.jpg 768w, https:\/\/audiohear.com.br\/wp-content\/uploads\/2025\/05\/centro-auditivo-clinica-de-fonoaudiologia-em-santa-catarina-jaragua-do-sul2-800x450.jpg 800w\" sizes=\"(max-width: 1200px) 100vw, 1200px\" \/>\t\t\t\t<\/a>\n\t\t\t\t\t\t\t<a href=\"#\" data-mfp-src=\"https:\/\/audiohear.com.br\/wp-content\/uploads\/2025\/05\/centro-auditivo-clinica-de-fonoaudiologia-em-santa-catarina-jaragua-do-sul3-1024x576.jpg\" class=\"ha-justified-grid__item ha-js-lightbox __fltr-1\" title=\"\">\n\t\t\t\t\t<img loading=\"lazy\" decoding=\"async\" width=\"1200\" height=\"675\" src=\"https:\/\/audiohear.com.br\/wp-content\/uploads\/2025\/05\/centro-auditivo-clinica-de-fonoaudiologia-em-santa-catarina-jaragua-do-sul3.jpg\" class=\"elementor-animation-grow\" alt=\"\" srcset=\"https:\/\/audiohear.com.br\/wp-content\/uploads\/2025\/05\/centro-auditivo-clinica-de-fonoaudiologia-em-santa-catarina-jaragua-do-sul3.jpg 1200w, https:\/\/audiohear.com.br\/wp-content\/uploads\/2025\/05\/centro-auditivo-clinica-de-fonoaudiologia-em-santa-catarina-jaragua-do-sul3-300x169.jpg 300w, https:\/\/audiohear.com.br\/wp-content\/uploads\/2025\/05\/centro-auditivo-clinica-de-fonoaudiologia-em-santa-catarina-jaragua-do-sul3-1024x576.jpg 1024w, https:\/\/audiohear.com.br\/wp-content\/uploads\/2025\/05\/centro-auditivo-clinica-de-fonoaudiologia-em-santa-catarina-jaragua-do-sul3-768x432.jpg 768w, https:\/\/audiohear.com.br\/wp-content\/uploads\/2025\/05\/centro-auditivo-clinica-de-fonoaudiologia-em-santa-catarina-jaragua-do-sul3-800x450.jpg 800w\" sizes=\"(max-width: 1200px) 100vw, 1200px\" \/>\t\t\t\t<\/a>\n\t\t\t\t\t\t\t<a href=\"#\" data-mfp-src=\"https:\/\/audiohear.com.br\/wp-content\/uploads\/2025\/05\/centro-auditivo-clinica-de-fonoaudiologia-em-santa-catarina-jaragua-do-sul4-1024x576.jpg\" class=\"ha-justified-grid__item ha-js-lightbox __fltr-1\" title=\"\">\n\t\t\t\t\t<img loading=\"lazy\" decoding=\"async\" width=\"1200\" height=\"675\" src=\"https:\/\/audiohear.com.br\/wp-content\/uploads\/2025\/05\/centro-auditivo-clinica-de-fonoaudiologia-em-santa-catarina-jaragua-do-sul4.jpg\" class=\"elementor-animation-grow\" alt=\"\" srcset=\"https:\/\/audiohear.com.br\/wp-content\/uploads\/2025\/05\/centro-auditivo-clinica-de-fonoaudiologia-em-santa-catarina-jaragua-do-sul4.jpg 1200w, https:\/\/audiohear.com.br\/wp-content\/uploads\/2025\/05\/centro-auditivo-clinica-de-fonoaudiologia-em-santa-catarina-jaragua-do-sul4-300x169.jpg 300w, https:\/\/audiohear.com.br\/wp-content\/uploads\/2025\/05\/centro-auditivo-clinica-de-fonoaudiologia-em-santa-catarina-jaragua-do-sul4-1024x576.jpg 1024w, https:\/\/audiohear.com.br\/wp-content\/uploads\/2025\/05\/centro-auditivo-clinica-de-fonoaudiologia-em-santa-catarina-jaragua-do-sul4-768x432.jpg 768w, https:\/\/audiohear.com.br\/wp-content\/uploads\/2025\/05\/centro-auditivo-clinica-de-fonoaudiologia-em-santa-catarina-jaragua-do-sul4-800x450.jpg 800w\" sizes=\"(max-width: 1200px) 100vw, 1200px\" \/>\t\t\t\t<\/a>\n\t\t\t\t\t\t\t<a href=\"#\" data-mfp-src=\"https:\/\/audiohear.com.br\/wp-content\/uploads\/2025\/05\/centro-auditivo-clinica-de-fonoaudiologia-em-santa-catarina-jaragua-do-sul5-1024x576.jpg\" class=\"ha-justified-grid__item ha-js-lightbox __fltr-1\" title=\"\">\n\t\t\t\t\t<img loading=\"lazy\" decoding=\"async\" width=\"1200\" height=\"675\" src=\"https:\/\/audiohear.com.br\/wp-content\/uploads\/2025\/05\/centro-auditivo-clinica-de-fonoaudiologia-em-santa-catarina-jaragua-do-sul5.jpg\" class=\"elementor-animation-grow\" alt=\"\" srcset=\"https:\/\/audiohear.com.br\/wp-content\/uploads\/2025\/05\/centro-auditivo-clinica-de-fonoaudiologia-em-santa-catarina-jaragua-do-sul5.jpg 1200w, https:\/\/audiohear.com.br\/wp-content\/uploads\/2025\/05\/centro-auditivo-clinica-de-fonoaudiologia-em-santa-catarina-jaragua-do-sul5-300x169.jpg 300w, https:\/\/audiohear.com.br\/wp-content\/uploads\/2025\/05\/centro-auditivo-clinica-de-fonoaudiologia-em-santa-catarina-jaragua-do-sul5-1024x576.jpg 1024w, https:\/\/audiohear.com.br\/wp-content\/uploads\/2025\/05\/centro-auditivo-clinica-de-fonoaudiologia-em-santa-catarina-jaragua-do-sul5-768x432.jpg 768w, https:\/\/audiohear.com.br\/wp-content\/uploads\/2025\/05\/centro-auditivo-clinica-de-fonoaudiologia-em-santa-catarina-jaragua-do-sul5-800x450.jpg 800w\" sizes=\"(max-width: 1200px) 100vw, 1200px\" \/>\t\t\t\t<\/a>\n\t\t\t\t\t\t\t<a href=\"#\" data-mfp-src=\"https:\/\/audiohear.com.br\/wp-content\/uploads\/2025\/05\/centro-auditivo-clinica-de-fonoaudiologia-em-santa-catarina-jaragua-do-sul6-1024x576.jpg\" class=\"ha-justified-grid__item ha-js-lightbox __fltr-1\" title=\"\">\n\t\t\t\t\t<img loading=\"lazy\" decoding=\"async\" width=\"1200\" height=\"675\" src=\"https:\/\/audiohear.com.br\/wp-content\/uploads\/2025\/05\/centro-auditivo-clinica-de-fonoaudiologia-em-santa-catarina-jaragua-do-sul6.jpg\" class=\"elementor-animation-grow\" alt=\"\" srcset=\"https:\/\/audiohear.com.br\/wp-content\/uploads\/2025\/05\/centro-auditivo-clinica-de-fonoaudiologia-em-santa-catarina-jaragua-do-sul6.jpg 1200w, https:\/\/audiohear.com.br\/wp-content\/uploads\/2025\/05\/centro-auditivo-clinica-de-fonoaudiologia-em-santa-catarina-jaragua-do-sul6-300x169.jpg 300w, https:\/\/audiohear.com.br\/wp-content\/uploads\/2025\/05\/centro-auditivo-clinica-de-fonoaudiologia-em-santa-catarina-jaragua-do-sul6-1024x576.jpg 1024w, https:\/\/audiohear.com.br\/wp-content\/uploads\/2025\/05\/centro-auditivo-clinica-de-fonoaudiologia-em-santa-catarina-jaragua-do-sul6-768x432.jpg 768w, https:\/\/audiohear.com.br\/wp-content\/uploads\/2025\/05\/centro-auditivo-clinica-de-fonoaudiologia-em-santa-catarina-jaragua-do-sul6-800x450.jpg 800w\" sizes=\"(max-width: 1200px) 100vw, 1200px\" \/>\t\t\t\t<\/a>\n\t\t\t\t\t\t\t<a href=\"#\" data-mfp-src=\"https:\/\/audiohear.com.br\/wp-content\/uploads\/2025\/05\/centro-auditivo-clinica-de-fonoaudiologia-em-santa-catarina-jaragua-do-sul7.jpg\" class=\"ha-justified-grid__item ha-js-lightbox __fltr-1\" title=\"\">\n\t\t\t\t\t<img loading=\"lazy\" decoding=\"async\" width=\"935\" height=\"675\" src=\"https:\/\/audiohear.com.br\/wp-content\/uploads\/2025\/05\/centro-auditivo-clinica-de-fonoaudiologia-em-santa-catarina-jaragua-do-sul7.jpg\" class=\"elementor-animation-grow\" alt=\"\" srcset=\"https:\/\/audiohear.com.br\/wp-content\/uploads\/2025\/05\/centro-auditivo-clinica-de-fonoaudiologia-em-santa-catarina-jaragua-do-sul7.jpg 935w, https:\/\/audiohear.com.br\/wp-content\/uploads\/2025\/05\/centro-auditivo-clinica-de-fonoaudiologia-em-santa-catarina-jaragua-do-sul7-300x217.jpg 300w, https:\/\/audiohear.com.br\/wp-content\/uploads\/2025\/05\/centro-auditivo-clinica-de-fonoaudiologia-em-santa-catarina-jaragua-do-sul7-768x554.jpg 768w\" sizes=\"(max-width: 935px) 100vw, 935px\" \/>\t\t\t\t<\/a>\n\t\t\t\t\t\t\t<a href=\"#\" data-mfp-src=\"https:\/\/audiohear.com.br\/wp-content\/uploads\/2025\/05\/centro-auditivo-clinica-de-fonoaudiologia-em-santa-catarina-jaragua-do-sul8.jpg\" class=\"ha-justified-grid__item ha-js-lightbox __fltr-1\" title=\"\">\n\t\t\t\t\t<img loading=\"lazy\" decoding=\"async\" width=\"935\" height=\"675\" src=\"https:\/\/audiohear.com.br\/wp-content\/uploads\/2025\/05\/centro-auditivo-clinica-de-fonoaudiologia-em-santa-catarina-jaragua-do-sul8.jpg\" class=\"elementor-animation-grow\" alt=\"\" srcset=\"https:\/\/audiohear.com.br\/wp-content\/uploads\/2025\/05\/centro-auditivo-clinica-de-fonoaudiologia-em-santa-catarina-jaragua-do-sul8.jpg 935w, https:\/\/audiohear.com.br\/wp-content\/uploads\/2025\/05\/centro-auditivo-clinica-de-fonoaudiologia-em-santa-catarina-jaragua-do-sul8-300x217.jpg 300w, https:\/\/audiohear.com.br\/wp-content\/uploads\/2025\/05\/centro-auditivo-clinica-de-fonoaudiologia-em-santa-catarina-jaragua-do-sul8-768x554.jpg 768w\" sizes=\"(max-width: 935px) 100vw, 935px\" \/>\t\t\t\t<\/a>\n\t\t\t\t\t\t\t<a href=\"#\" data-mfp-src=\"https:\/\/audiohear.com.br\/wp-content\/uploads\/2025\/05\/centro-auditivo-clinica-de-fonoaudiologia-em-santa-catarina-jaragua-do-sul9.jpg\" class=\"ha-justified-grid__item ha-js-lightbox __fltr-1\" title=\"\">\n\t\t\t\t\t<img loading=\"lazy\" decoding=\"async\" width=\"935\" height=\"675\" src=\"https:\/\/audiohear.com.br\/wp-content\/uploads\/2025\/05\/centro-auditivo-clinica-de-fonoaudiologia-em-santa-catarina-jaragua-do-sul9.jpg\" class=\"elementor-animation-grow\" alt=\"\" srcset=\"https:\/\/audiohear.com.br\/wp-content\/uploads\/2025\/05\/centro-auditivo-clinica-de-fonoaudiologia-em-santa-catarina-jaragua-do-sul9.jpg 935w, https:\/\/audiohear.com.br\/wp-content\/uploads\/2025\/05\/centro-auditivo-clinica-de-fonoaudiologia-em-santa-catarina-jaragua-do-sul9-300x217.jpg 300w, https:\/\/audiohear.com.br\/wp-content\/uploads\/2025\/05\/centro-auditivo-clinica-de-fonoaudiologia-em-santa-catarina-jaragua-do-sul9-768x554.jpg 768w\" sizes=\"(max-width: 935px) 100vw, 935px\" \/>\t\t\t\t<\/a>\n\t\t\t\t\t\t\t<a href=\"#\" data-mfp-src=\"https:\/\/audiohear.com.br\/wp-content\/uploads\/2025\/05\/centro-auditivo-clinica-de-fonoaudiologia-em-santa-catarina-jaragua-do-sul10-1024x576.jpg\" class=\"ha-justified-grid__item ha-js-lightbox __fltr-1\" title=\"\">\n\t\t\t\t\t<img loading=\"lazy\" decoding=\"async\" width=\"1200\" height=\"675\" src=\"https:\/\/audiohear.com.br\/wp-content\/uploads\/2025\/05\/centro-auditivo-clinica-de-fonoaudiologia-em-santa-catarina-jaragua-do-sul10.jpg\" class=\"elementor-animation-grow\" alt=\"\" srcset=\"https:\/\/audiohear.com.br\/wp-content\/uploads\/2025\/05\/centro-auditivo-clinica-de-fonoaudiologia-em-santa-catarina-jaragua-do-sul10.jpg 1200w, https:\/\/audiohear.com.br\/wp-content\/uploads\/2025\/05\/centro-auditivo-clinica-de-fonoaudiologia-em-santa-catarina-jaragua-do-sul10-300x169.jpg 300w, https:\/\/audiohear.com.br\/wp-content\/uploads\/2025\/05\/centro-auditivo-clinica-de-fonoaudiologia-em-santa-catarina-jaragua-do-sul10-1024x576.jpg 1024w, https:\/\/audiohear.com.br\/wp-content\/uploads\/2025\/05\/centro-auditivo-clinica-de-fonoaudiologia-em-santa-catarina-jaragua-do-sul10-768x432.jpg 768w, https:\/\/audiohear.com.br\/wp-content\/uploads\/2025\/05\/centro-auditivo-clinica-de-fonoaudiologia-em-santa-catarina-jaragua-do-sul10-800x450.jpg 800w\" sizes=\"(max-width: 1200px) 100vw, 1200px\" \/>\t\t\t\t<\/a>\n\t\t\t\t\t\t\t<a href=\"#\" data-mfp-src=\"https:\/\/audiohear.com.br\/wp-content\/uploads\/2025\/05\/centro-auditivo-clinica-de-fonoaudiologia-em-santa-catarina-jaragua-do-sul11-1024x576.jpg\" class=\"ha-justified-grid__item ha-js-lightbox __fltr-1\" title=\"\">\n\t\t\t\t\t<img loading=\"lazy\" decoding=\"async\" width=\"1200\" height=\"675\" src=\"https:\/\/audiohear.com.br\/wp-content\/uploads\/2025\/05\/centro-auditivo-clinica-de-fonoaudiologia-em-santa-catarina-jaragua-do-sul11.jpg\" class=\"elementor-animation-grow\" alt=\"\" srcset=\"https:\/\/audiohear.com.br\/wp-content\/uploads\/2025\/05\/centro-auditivo-clinica-de-fonoaudiologia-em-santa-catarina-jaragua-do-sul11.jpg 1200w, https:\/\/audiohear.com.br\/wp-content\/uploads\/2025\/05\/centro-auditivo-clinica-de-fonoaudiologia-em-santa-catarina-jaragua-do-sul11-300x169.jpg 300w, https:\/\/audiohear.com.br\/wp-content\/uploads\/2025\/05\/centro-auditivo-clinica-de-fonoaudiologia-em-santa-catarina-jaragua-do-sul11-1024x576.jpg 1024w, https:\/\/audiohear.com.br\/wp-content\/uploads\/2025\/05\/centro-auditivo-clinica-de-fonoaudiologia-em-santa-catarina-jaragua-do-sul11-768x432.jpg 768w, https:\/\/audiohear.com.br\/wp-content\/uploads\/2025\/05\/centro-auditivo-clinica-de-fonoaudiologia-em-santa-catarina-jaragua-do-sul11-800x450.jpg 800w\" sizes=\"(max-width: 1200px) 100vw, 1200px\" \/>\t\t\t\t<\/a>\n\t\t\t\t\t\t\t<a href=\"#\" data-mfp-src=\"https:\/\/audiohear.com.br\/wp-content\/uploads\/2025\/05\/centro-auditivo-clinica-de-fonoaudiologia-em-santa-catarina-jaragua-do-sul12-1024x576.jpg\" class=\"ha-justified-grid__item ha-js-lightbox __fltr-1\" title=\"\">\n\t\t\t\t\t<img loading=\"lazy\" decoding=\"async\" width=\"1200\" height=\"675\" src=\"https:\/\/audiohear.com.br\/wp-content\/uploads\/2025\/05\/centro-auditivo-clinica-de-fonoaudiologia-em-santa-catarina-jaragua-do-sul12.jpg\" class=\"elementor-animation-grow\" alt=\"\" srcset=\"https:\/\/audiohear.com.br\/wp-content\/uploads\/2025\/05\/centro-auditivo-clinica-de-fonoaudiologia-em-santa-catarina-jaragua-do-sul12.jpg 1200w, https:\/\/audiohear.com.br\/wp-content\/uploads\/2025\/05\/centro-auditivo-clinica-de-fonoaudiologia-em-santa-catarina-jaragua-do-sul12-300x169.jpg 300w, https:\/\/audiohear.com.br\/wp-content\/uploads\/2025\/05\/centro-auditivo-clinica-de-fonoaudiologia-em-santa-catarina-jaragua-do-sul12-1024x576.jpg 1024w, https:\/\/audiohear.com.br\/wp-content\/uploads\/2025\/05\/centro-auditivo-clinica-de-fonoaudiologia-em-santa-catarina-jaragua-do-sul12-768x432.jpg 768w, https:\/\/audiohear.com.br\/wp-content\/uploads\/2025\/05\/centro-auditivo-clinica-de-fonoaudiologia-em-santa-catarina-jaragua-do-sul12-800x450.jpg 800w\" sizes=\"(max-width: 1200px) 100vw, 1200px\" \/>\t\t\t\t<\/a>\n\t\t\t\t\t<\/div>\n\n\t\t\t\t\t\t<\/div>\n\t\t\t\t<\/div>\n\t\t\t\t\t<\/div>\n\t\t<\/div>\n\t\t\t\t\t<\/div>\n\t\t<\/section>\n\t\t\t\t<\/div>\n\t\t","protected":false},"excerpt":{"rendered":"<p>Experi\u00eancia que vai al\u00e9m de um centro auditivo! Bem-vindo \u00e0 Audiohear, sua cl\u00ednica especializada em exames auditivos! Contamos com equipamentos modernos e profissionais qualificados para oferecer diagn\u00f3sticos precisos e solu\u00e7\u00f5es personalizadas para a sua sa\u00fade auditiva.<\/p>\n","protected":false},"author":2,"featured_media":3220,"parent":0,"menu_order":0,"comment_status":"closed","ping_status":"closed","template":"elementor_header_footer","meta":{"footnotes":""},"class_list":["post-53","page","type-page","status-publish","has-post-thumbnail","hentry","entry","has-media"],"_links":{"self":[{"href":"https:\/\/audiohear.com.br\/index.php?rest_route=\/wp\/v2\/pages\/53","targetHints":{"allow":["GET"]}}],"collection":[{"href":"https:\/\/audiohear.com.br\/index.php?rest_route=\/wp\/v2\/pages"}],"about":[{"href":"https:\/\/audiohear.com.br\/index.php?rest_route=\/wp\/v2\/types\/page"}],"author":[{"embeddable":true,"href":"https:\/\/audiohear.com.br\/index.php?rest_route=\/wp\/v2\/users\/2"}],"replies":[{"embeddable":true,"href":"https:\/\/audiohear.com.br\/index.php?rest_route=%2Fwp%2Fv2%2Fcomments&post=53"}],"version-history":[{"count":25,"href":"https:\/\/audiohear.com.br\/index.php?rest_route=\/wp\/v2\/pages\/53\/revisions"}],"predecessor-version":[{"id":3409,"href":"https:\/\/audiohear.com.br\/index.php?rest_route=\/wp\/v2\/pages\/53\/revisions\/3409"}],"wp:featuredmedia":[{"embeddable":true,"href":"https:\/\/audiohear.com.br\/index.php?rest_route=\/wp\/v2\/media\/3220"}],"wp:attachment":[{"href":"https:\/\/audiohear.com.br\/index.php?rest_route=%2Fwp%2Fv2%2Fmedia&parent=53"}],"curies":[{"name":"wp","href":"https:\/\/api.w.org\/{rel}","templated":true}]}}