{"id":3471,"date":"2025-05-13T20:33:56","date_gmt":"2025-05-13T23:33:56","guid":{"rendered":"https:\/\/audiohear.com.br\/?page_id=3471"},"modified":"2026-05-06T19:11:41","modified_gmt":"2026-05-06T22:11:41","slug":"terapia-de-processamento-auditivo-central","status":"publish","type":"page","link":"https:\/\/audiohear.com.br\/?page_id=3471","title":{"rendered":"Terapia de Processamento Auditivo Central"},"content":{"rendered":"\t\t<div data-elementor-type=\"wp-page\" data-elementor-id=\"3471\" class=\"elementor elementor-3471\" data-elementor-settings=\"{&quot;ha_cmc_init_switcher&quot;:&quot;no&quot;}\" data-elementor-post-type=\"page\">\n\t\t\t\t\t\t<section class=\"elementor-section elementor-top-section elementor-element elementor-element-bfae935 elementor-section-full_width elementor-section-height-default elementor-section-height-default\" data-id=\"bfae935\" data-element_type=\"section\" data-e-type=\"section\" data-settings=\"{&quot;background_background&quot;:&quot;classic&quot;,&quot;_ha_eqh_enable&quot;:false}\">\n\t\t\t\t\t\t<div class=\"elementor-container elementor-column-gap-default\">\n\t\t\t\t\t<div class=\"elementor-column elementor-col-100 elementor-top-column elementor-element elementor-element-ad781a2\" data-id=\"ad781a2\" data-element_type=\"column\" data-e-type=\"column\">\n\t\t\t<div class=\"elementor-widget-wrap elementor-element-populated\">\n\t\t\t\t\t\t<div class=\"elementor-element elementor-element-c62df9f elementor--h-position-center elementor-arrows-position-inside ha-has-bg-overlay elementor-widget elementor-widget-slides\" data-id=\"c62df9f\" data-element_type=\"widget\" data-e-type=\"widget\" data-settings=\"{&quot;navigation&quot;:&quot;arrows&quot;,&quot;autoplay&quot;:&quot;yes&quot;,&quot;pause_on_hover&quot;:&quot;yes&quot;,&quot;pause_on_interaction&quot;:&quot;yes&quot;,&quot;autoplay_speed&quot;:5000,&quot;infinite&quot;:&quot;yes&quot;,&quot;transition&quot;:&quot;slide&quot;,&quot;transition_speed&quot;:500}\" data-widget_type=\"slides.default\">\n\t\t\t\t<div class=\"elementor-widget-container\">\n\t\t\t\t\t\t\t\t\t<div class=\"elementor-swiper\">\n\t\t\t\t\t<div class=\"elementor-slides-wrapper elementor-main-swiper swiper\" role=\"region\" aria-roledescription=\"carousel\" aria-label=\"Slides\" dir=\"ltr\" data-animation=\"\">\n\t\t\t\t<div class=\"swiper-wrapper elementor-slides\">\n\t\t\t\t\t\t\t\t\t\t<div class=\"elementor-repeater-item-bfb2204 swiper-slide\" role=\"group\" aria-roledescription=\"slide\"><div class=\"swiper-slide-bg elementor-ken-burns elementor-ken-burns--in\" role=\"img\" aria-label=\"melhor-clinica-centro-auditivo-de-santa-catarina-e-de-todo-o-brasil-audio-hear-clinica-de-exames-auditivos-e fonoaudiologia\"><\/div><div class=\"swiper-slide-inner\" ><div class=\"swiper-slide-contents\"><div class=\"elementor-slide-heading\">Terapia de Processamento Auditivo Central<\/div><\/div><\/div><\/div>\t\t\t\t<\/div>\n\t\t\t\t\t\t\t<\/div>\n\t\t\t\t<\/div>\n\t\t\t\t\t\t\t\t<\/div>\n\t\t\t\t<\/div>\n\t\t\t\t\t<\/div>\n\t\t<\/div>\n\t\t\t\t\t<\/div>\n\t\t<\/section>\n\t\t\t\t<section class=\"elementor-section elementor-top-section elementor-element elementor-element-0c8c476 elementor-section-boxed elementor-section-height-default elementor-section-height-default\" data-id=\"0c8c476\" data-element_type=\"section\" data-e-type=\"section\" data-settings=\"{&quot;background_background&quot;:&quot;classic&quot;,&quot;_ha_eqh_enable&quot;:false}\">\n\t\t\t\t\t\t<div class=\"elementor-container elementor-column-gap-default\">\n\t\t\t\t\t<div class=\"elementor-column elementor-col-100 elementor-top-column elementor-element elementor-element-ee2754f\" data-id=\"ee2754f\" data-element_type=\"column\" data-e-type=\"column\">\n\t\t\t<div class=\"elementor-widget-wrap elementor-element-populated\">\n\t\t\t\t\t\t<div class=\"elementor-element elementor-element-e696ba1 elementor-widget elementor-widget-heading\" data-id=\"e696ba1\" data-element_type=\"widget\" data-e-type=\"widget\" data-widget_type=\"heading.default\">\n\t\t\t\t<div class=\"elementor-widget-container\">\n\t\t\t\t\t<h2 class=\"elementor-heading-title elementor-size-default\">Terapia de Processamento Auditivo Central<\/h2>\t\t\t\t<\/div>\n\t\t\t\t<\/div>\n\t\t\t\t<div class=\"elementor-element elementor-element-2f68a64 elementor-widget elementor-widget-text-editor\" data-id=\"2f68a64\" data-element_type=\"widget\" data-e-type=\"widget\" data-widget_type=\"text-editor.default\">\n\t\t\t\t<div class=\"elementor-widget-container\">\n\t\t\t\t\t\t\t\t\t<p class=\"\" data-start=\"0\" data-end=\"322\">A <strong data-start=\"2\" data-end=\"53\">terapia de Processamento Auditivo Central (PAC)<\/strong>, tamb\u00e9m chamada de <strong data-start=\"73\" data-end=\"97\">treinamento auditivo<\/strong>, \u00e9 um conjunto de <strong data-start=\"116\" data-end=\"158\">atividades terap\u00eauticas personalizadas<\/strong>, realizadas por um <strong data-start=\"178\" data-end=\"195\">fonoaudi\u00f3logo<\/strong>, com o objetivo de <strong data-start=\"215\" data-end=\"266\">estimular e reabilitar as habilidades auditivas<\/strong> que foram identificadas como alteradas no exame de PAC.<\/p><h3 class=\"\" data-start=\"329\" data-end=\"360\"><strong data-start=\"336\" data-end=\"360\">Objetivo da terapia:<\/strong><\/h3><p class=\"\" data-start=\"361\" data-end=\"461\">Melhorar a forma como o c\u00e9rebro interpreta e processa os sons que chegam pelos ouvidos, favorecendo:<\/p><ul data-start=\"462\" data-end=\"642\"><li class=\"\" data-start=\"462\" data-end=\"486\"><p class=\"\" data-start=\"464\" data-end=\"486\">A <strong data-start=\"466\" data-end=\"486\">aten\u00e7\u00e3o auditiva<\/strong><\/p><\/li><li class=\"\" data-start=\"487\" data-end=\"532\"><p class=\"\" data-start=\"489\" data-end=\"532\">A <strong data-start=\"491\" data-end=\"514\">compreens\u00e3o da fala<\/strong> (mesmo com ru\u00eddo)<\/p><\/li><li class=\"\" data-start=\"533\" data-end=\"573\"><p class=\"\" data-start=\"535\" data-end=\"573\">A <strong data-start=\"537\" data-end=\"573\">mem\u00f3ria e discrimina\u00e7\u00e3o auditiva<\/strong><\/p><\/li><li class=\"\" data-start=\"574\" data-end=\"600\"><p class=\"\" data-start=\"576\" data-end=\"600\">O <strong data-start=\"578\" data-end=\"600\">desempenho escolar<\/strong><\/p><\/li><li class=\"\" data-start=\"601\" data-end=\"642\"><p class=\"\" data-start=\"603\" data-end=\"642\">A <strong data-start=\"605\" data-end=\"642\">comunica\u00e7\u00e3o em ambientes dif\u00edceis<\/strong><\/p><\/li><\/ul><h3 class=\"\" data-start=\"649\" data-end=\"694\"><strong data-start=\"656\" data-end=\"694\">Habilidades auditivas trabalhadas:<\/strong><\/h3><p class=\"\" data-start=\"695\" data-end=\"752\">A terapia \u00e9 <strong data-start=\"707\" data-end=\"726\">individualizada<\/strong>, mas geralmente trabalha:<\/p><ul data-start=\"753\" data-end=\"1222\"><li class=\"\" data-start=\"753\" data-end=\"835\"><p class=\"\" data-start=\"755\" data-end=\"835\"><strong data-start=\"755\" data-end=\"781\">Figura-fundo auditiva:<\/strong> entender o que algu\u00e9m fala mesmo com barulho ao redor<\/p><\/li><li class=\"\" data-start=\"836\" data-end=\"933\"><p class=\"\" data-start=\"838\" data-end=\"933\"><strong data-start=\"838\" data-end=\"862\">Fechamento auditivo:<\/strong> completar palavras\/frases mesmo que parte esteja ausente ou distorcida<\/p><\/li><li class=\"\" data-start=\"934\" data-end=\"1008\"><p class=\"\" data-start=\"936\" data-end=\"1008\"><strong data-start=\"936\" data-end=\"963\">Discrimina\u00e7\u00e3o auditiva:<\/strong> diferenciar sons semelhantes (ex: &#8220;t&#8221; e &#8220;d&#8221;)<\/p><\/li><li class=\"\" data-start=\"1009\" data-end=\"1092\"><p class=\"\" data-start=\"1011\" data-end=\"1092\"><strong data-start=\"1011\" data-end=\"1040\">Sequencialidade auditiva:<\/strong> lembrar e repetir sons ou palavras na ordem correta<\/p><\/li><li class=\"\" data-start=\"1093\" data-end=\"1155\"><p class=\"\" data-start=\"1095\" data-end=\"1155\"><strong data-start=\"1095\" data-end=\"1118\">Localiza\u00e7\u00e3o sonora:<\/strong> identificar de onde o som est\u00e1 vindo<\/p><\/li><li class=\"\" data-start=\"1156\" data-end=\"1222\"><p class=\"\" data-start=\"1158\" data-end=\"1222\"><strong data-start=\"1158\" data-end=\"1182\">Integra\u00e7\u00e3o binaural:<\/strong> usar bem os dois ouvidos ao mesmo tempo<\/p><\/li><\/ul><h3 class=\"\" data-start=\"1229\" data-end=\"1261\"><strong data-start=\"1236\" data-end=\"1261\">Para quem \u00e9 indicada:<\/strong><\/h3><ul data-start=\"1262\" data-end=\"1542\"><li class=\"\" data-start=\"1262\" data-end=\"1352\"><p class=\"\" data-start=\"1264\" data-end=\"1352\">Crian\u00e7as com <strong data-start=\"1277\" data-end=\"1303\">dificuldades escolares<\/strong>, principalmente leitura, escrita e interpreta\u00e7\u00e3o<\/p><\/li><li class=\"\" data-start=\"1353\" data-end=\"1414\"><p class=\"\" data-start=\"1355\" data-end=\"1414\">Pessoas com <strong data-start=\"1367\" data-end=\"1390\">TDAH, dislexia, TEA<\/strong>, ou atraso na linguagem<\/p><\/li><li class=\"\" data-start=\"1415\" data-end=\"1495\"><p class=\"\" data-start=\"1417\" data-end=\"1495\">Adultos que t\u00eam dificuldade de <strong data-start=\"1448\" data-end=\"1495\">compreender conversas em ambientes ruidosos<\/strong><\/p><\/li><li class=\"\" data-start=\"1496\" data-end=\"1542\"><p class=\"\" data-start=\"1498\" data-end=\"1542\">Idosos com queixa de &#8220;ou\u00e7o, mas n\u00e3o entendo&#8221;<\/p><\/li><\/ul><h3 class=\"\" data-start=\"1549\" data-end=\"1583\"><strong data-start=\"1556\" data-end=\"1583\">Como \u00e9 feita a terapia:<\/strong><\/h3><ul data-start=\"1584\" data-end=\"1992\"><li class=\"\" data-start=\"1584\" data-end=\"1653\"><p class=\"\" data-start=\"1586\" data-end=\"1653\">Sess\u00f5es geralmente <strong data-start=\"1605\" data-end=\"1617\">semanais<\/strong>, com dura\u00e7\u00e3o de <strong data-start=\"1634\" data-end=\"1653\">30 a 50 minutos<\/strong><\/p><\/li><li class=\"\" data-start=\"1654\" data-end=\"1745\"><p class=\"\" data-start=\"1656\" data-end=\"1745\">Atividades <strong data-start=\"1667\" data-end=\"1697\">orais, auditivas e l\u00fadicas<\/strong> (com fones de ouvido, jogos, \u00e1udios e comandos)<\/p><\/li><li class=\"\" data-start=\"1746\" data-end=\"1861\"><p class=\"\" data-start=\"1748\" data-end=\"1861\">Pode envolver <strong data-start=\"1762\" data-end=\"1793\">exerc\u00edcios computadorizados<\/strong>, sons com ru\u00eddo de fundo, tarefas com m\u00fasicas ou est\u00edmulos gravados<\/p><\/li><li class=\"\" data-start=\"1862\" data-end=\"1992\"><p class=\"\" data-start=\"1864\" data-end=\"1992\">Algumas cl\u00ednicas usam <strong data-start=\"1886\" data-end=\"1917\">sistemas de som direcionado<\/strong> (como fones com microfone espec\u00edfico ou software de reabilita\u00e7\u00e3o auditiva)<\/p><\/li><\/ul><h3 class=\"\" data-start=\"1999\" data-end=\"2032\"><strong data-start=\"2006\" data-end=\"2032\">Dura\u00e7\u00e3o do tratamento:<\/strong><\/h3><ul data-start=\"2033\" data-end=\"2182\"><li class=\"\" data-start=\"2033\" data-end=\"2127\"><p class=\"\" data-start=\"2035\" data-end=\"2127\">Varia conforme o caso, mas geralmente de <strong data-start=\"2076\" data-end=\"2091\">3 a 6 meses<\/strong>, podendo ser renovado se necess\u00e1rio<\/p><\/li><li class=\"\" data-start=\"2128\" data-end=\"2182\"><p class=\"\" data-start=\"2130\" data-end=\"2182\">H\u00e1 <strong data-start=\"2133\" data-end=\"2160\">reavalia\u00e7\u00f5es peri\u00f3dicas<\/strong> para medir a evolu\u00e7\u00e3o<\/p><\/li><\/ul><h3 class=\"\" data-start=\"2189\" data-end=\"2220\"><strong data-start=\"2195\" data-end=\"2220\">Benef\u00edcios esperados:<\/strong><\/h3><ul data-start=\"2221\" data-end=\"2473\"><li class=\"\" data-start=\"2221\" data-end=\"2260\"><p class=\"\" data-start=\"2223\" data-end=\"2260\">Melhora da <strong data-start=\"2234\" data-end=\"2260\">aten\u00e7\u00e3o e concentra\u00e7\u00e3o<\/strong><\/p><\/li><li class=\"\" data-start=\"2261\" data-end=\"2318\"><p class=\"\" data-start=\"2263\" data-end=\"2318\">Maior facilidade de <strong data-start=\"2283\" data-end=\"2318\">aprender e compreender comandos<\/strong><\/p><\/li><li class=\"\" data-start=\"2319\" data-end=\"2370\"><p class=\"\" data-start=\"2321\" data-end=\"2370\">Melhora no <strong data-start=\"2332\" data-end=\"2370\">rendimento escolar ou profissional<\/strong><\/p><\/li><li class=\"\" data-start=\"2371\" data-end=\"2425\"><p class=\"\" data-start=\"2373\" data-end=\"2425\">Redu\u00e7\u00e3o de <strong data-start=\"2384\" data-end=\"2425\">dificuldades em ambientes barulhentos<\/strong><\/p><\/li><li class=\"\" data-start=\"2426\" data-end=\"2473\"><p class=\"\" data-start=\"2428\" data-end=\"2473\"><strong data-start=\"2428\" data-end=\"2473\">Aprimoramento da linguagem oral e escrita<\/strong><\/p><\/li><\/ul>\t\t\t\t\t\t\t\t<\/div>\n\t\t\t\t<\/div>\n\t\t\t\t<div class=\"elementor-element elementor-element-3bceaec elementor-align-justify elementor-widget elementor-widget-button\" data-id=\"3bceaec\" data-element_type=\"widget\" data-e-type=\"widget\" data-widget_type=\"button.default\">\n\t\t\t\t<div class=\"elementor-widget-container\">\n\t\t\t\t\t\t\t\t\t<div class=\"elementor-button-wrapper\">\n\t\t\t\t\t<a class=\"elementor-button elementor-button-link elementor-size-sm\" href=\"https:\/\/api.whatsapp.com\/send?phone=5547988912222\">\n\t\t\t\t\t\t<span class=\"elementor-button-content-wrapper\">\n\t\t\t\t\t\t\t\t\t<span class=\"elementor-button-text\">Falar com Especialista<\/span>\n\t\t\t\t\t<\/span>\n\t\t\t\t\t<\/a>\n\t\t\t\t<\/div>\n\t\t\t\t\t\t\t\t<\/div>\n\t\t\t\t<\/div>\n\t\t\t\t\t<\/div>\n\t\t<\/div>\n\t\t\t\t\t<\/div>\n\t\t<\/section>\n\t\t\t\t<section class=\"elementor-section elementor-top-section elementor-element elementor-element-61f9d6d elementor-section-boxed elementor-section-height-default elementor-section-height-default\" data-id=\"61f9d6d\" data-element_type=\"section\" data-e-type=\"section\" data-settings=\"{&quot;background_background&quot;:&quot;classic&quot;,&quot;_ha_eqh_enable&quot;:false}\">\n\t\t\t\t\t\t<div class=\"elementor-container elementor-column-gap-default\">\n\t\t\t\t\t<div class=\"elementor-column elementor-col-100 elementor-top-column elementor-element elementor-element-4f7789f\" data-id=\"4f7789f\" data-element_type=\"column\" data-e-type=\"column\">\n\t\t\t<div class=\"elementor-widget-wrap elementor-element-populated\">\n\t\t\t\t\t\t<div class=\"elementor-element elementor-element-6de1399 elementor-widget elementor-widget-shortcode\" data-id=\"6de1399\" data-element_type=\"widget\" data-e-type=\"widget\" data-widget_type=\"shortcode.default\">\n\t\t\t\t<div class=\"elementor-widget-container\">\n\t\t\t\t\t\t\t<div class=\"elementor-shortcode\">\n<div id=\"sb_instagram\" role=\"region\" aria-label=\"Instagram feed\"  class=\"sbi sbi_mob_col_1 sbi_tab_col_2 sbi_col_4 sbi_width_resp\" style=\"padding-bottom: 10px;\"\t data-feedid=\"*2\"  data-res=\"auto\" data-cols=\"4\" data-colsmobile=\"1\" data-colstablet=\"2\" data-num=\"20\" data-nummobile=\"20\" data-item-padding=\"5\"\t data-shortcode-atts=\"{&quot;feed&quot;:&quot;2&quot;}\"  data-postid=\"3471\" data-locatornonce=\"f737531c0a\" data-imageaspectratio=\"1:1\" data-sbi-flags=\"favorLocal,gdpr\">\n\t\n\t<div id=\"sbi_images\" role=\"list\"  style=\"gap: 10px;\">\n\t\t<div class=\"sbi_item sbi_type_video sbi_new sbi_transition\" role=\"listitem\"\n\tid=\"sbi_18040348817540937\" data-date=\"1746876673\">\n\t<div class=\"sbi_photo_wrap\">\n\t\t<a class=\"sbi_photo\" href=\"https:\/\/www.instagram.com\/p\/DJeLC-atJqW\/\" target=\"_blank\" rel=\"noopener nofollow\"\n\t\t\tdata-full-res=\"https:\/\/scontent.cdninstagram.com\/v\/t51.29350-15\/496660883_1367815687827775_7156105467538371497_n.jpg?stp=dst-jpg_e35_tt6&#038;_nc_cat=110&#038;ccb=7-5&#038;_nc_sid=18de74&#038;_nc_ohc=0hvHO-R6540Q7kNvwGDs7OV&#038;_nc_oc=AdmZAcBUHzQwxbexEbuiY0EADzSSHAsAv9AoSiFGQo7c4ydQViUrNLMHw3lWQvBSJ-lZeg6fUopIxBtLBlpDD4JM&#038;_nc_zt=23&#038;_nc_ht=scontent.cdninstagram.com&#038;edm=ANo9K5cEAAAA&#038;_nc_gid=hZXmH5EPIH66T7pVPc91Ng&#038;oh=00_AfJ_Ytb4RDCgiUwz-swcoDN6srxMyj5-2yMUpNKMFiy5ww&#038;oe=68282341\"\n\t\t\tdata-img-src-set=\"{&quot;d&quot;:&quot;https:\\\/\\\/scontent.cdninstagram.com\\\/v\\\/t51.29350-15\\\/496660883_1367815687827775_7156105467538371497_n.jpg?stp=dst-jpg_e35_tt6&amp;_nc_cat=110&amp;ccb=7-5&amp;_nc_sid=18de74&amp;_nc_ohc=0hvHO-R6540Q7kNvwGDs7OV&amp;_nc_oc=AdmZAcBUHzQwxbexEbuiY0EADzSSHAsAv9AoSiFGQo7c4ydQViUrNLMHw3lWQvBSJ-lZeg6fUopIxBtLBlpDD4JM&amp;_nc_zt=23&amp;_nc_ht=scontent.cdninstagram.com&amp;edm=ANo9K5cEAAAA&amp;_nc_gid=hZXmH5EPIH66T7pVPc91Ng&amp;oh=00_AfJ_Ytb4RDCgiUwz-swcoDN6srxMyj5-2yMUpNKMFiy5ww&amp;oe=68282341&quot;,&quot;150&quot;:&quot;https:\\\/\\\/scontent.cdninstagram.com\\\/v\\\/t51.29350-15\\\/496660883_1367815687827775_7156105467538371497_n.jpg?stp=dst-jpg_e35_tt6&amp;_nc_cat=110&amp;ccb=7-5&amp;_nc_sid=18de74&amp;_nc_ohc=0hvHO-R6540Q7kNvwGDs7OV&amp;_nc_oc=AdmZAcBUHzQwxbexEbuiY0EADzSSHAsAv9AoSiFGQo7c4ydQViUrNLMHw3lWQvBSJ-lZeg6fUopIxBtLBlpDD4JM&amp;_nc_zt=23&amp;_nc_ht=scontent.cdninstagram.com&amp;edm=ANo9K5cEAAAA&amp;_nc_gid=hZXmH5EPIH66T7pVPc91Ng&amp;oh=00_AfJ_Ytb4RDCgiUwz-swcoDN6srxMyj5-2yMUpNKMFiy5ww&amp;oe=68282341&quot;,&quot;320&quot;:&quot;https:\\\/\\\/scontent.cdninstagram.com\\\/v\\\/t51.29350-15\\\/496660883_1367815687827775_7156105467538371497_n.jpg?stp=dst-jpg_e35_tt6&amp;_nc_cat=110&amp;ccb=7-5&amp;_nc_sid=18de74&amp;_nc_ohc=0hvHO-R6540Q7kNvwGDs7OV&amp;_nc_oc=AdmZAcBUHzQwxbexEbuiY0EADzSSHAsAv9AoSiFGQo7c4ydQViUrNLMHw3lWQvBSJ-lZeg6fUopIxBtLBlpDD4JM&amp;_nc_zt=23&amp;_nc_ht=scontent.cdninstagram.com&amp;edm=ANo9K5cEAAAA&amp;_nc_gid=hZXmH5EPIH66T7pVPc91Ng&amp;oh=00_AfJ_Ytb4RDCgiUwz-swcoDN6srxMyj5-2yMUpNKMFiy5ww&amp;oe=68282341&quot;,&quot;640&quot;:&quot;https:\\\/\\\/scontent.cdninstagram.com\\\/v\\\/t51.29350-15\\\/496660883_1367815687827775_7156105467538371497_n.jpg?stp=dst-jpg_e35_tt6&amp;_nc_cat=110&amp;ccb=7-5&amp;_nc_sid=18de74&amp;_nc_ohc=0hvHO-R6540Q7kNvwGDs7OV&amp;_nc_oc=AdmZAcBUHzQwxbexEbuiY0EADzSSHAsAv9AoSiFGQo7c4ydQViUrNLMHw3lWQvBSJ-lZeg6fUopIxBtLBlpDD4JM&amp;_nc_zt=23&amp;_nc_ht=scontent.cdninstagram.com&amp;edm=ANo9K5cEAAAA&amp;_nc_gid=hZXmH5EPIH66T7pVPc91Ng&amp;oh=00_AfJ_Ytb4RDCgiUwz-swcoDN6srxMyj5-2yMUpNKMFiy5ww&amp;oe=68282341&quot;}\">\n\t\t\t<span class=\"sbi-screenreader\">Esse m\u00eas \u00e9 momento de celebrar quem sempre escutou<\/span>\n\t\t\t\t\t\t<svg style=\"color: rgba(255,255,255,1)\" class=\"svg-inline--fa fa-play fa-w-14 sbi_playbtn\" aria-label=\"Play\" aria-hidden=\"true\" data-fa-processed=\"\" data-prefix=\"fa\" data-icon=\"play\" role=\"presentation\" xmlns=\"http:\/\/www.w3.org\/2000\/svg\" viewBox=\"0 0 448 512\"><path fill=\"currentColor\" d=\"M424.4 214.7L72.4 6.6C43.8-10.3 0 6.1 0 47.9V464c0 37.5 40.7 60.1 72.4 41.3l352-208c31.4-18.5 31.5-64.1 0-82.6z\"><\/path><\/svg>\t\t\t<img decoding=\"async\" src=\"https:\/\/audiohear.com.br\/wp-content\/plugins\/instagram-feed\/img\/placeholder.png\" alt=\"Esse m\u00eas \u00e9 momento de celebrar quem sempre escutou com o cora\u00e7\u00e3o \ud83d\udc9a\u2728\n\nA \u00c1udio Hear deseja um Feliz Dia das M\u00e3es para todas aquelas que s\u00e3o som, cuidado e amor em cada palavra. \n\nQue nunca falte carinho e que cada \u201ceu te amo\u201d seja ouvido com clareza e emo\u00e7\u00e3o\ud83e\uddd1\u200d\ud83e\uddd2\ud83e\uddd1\u200d\ud83e\uddd2\u200d\ud83e\uddd2\" aria-hidden=\"true\">\n\t\t<\/a>\n\t<\/div>\n<\/div><div class=\"sbi_item sbi_type_image sbi_new sbi_transition\" role=\"listitem\"\n\tid=\"sbi_18059270273139278\" data-date=\"1746532817\">\n\t<div class=\"sbi_photo_wrap\">\n\t\t<a class=\"sbi_photo\" href=\"https:\/\/www.instagram.com\/p\/DJT7OAeoJXO\/\" target=\"_blank\" rel=\"noopener nofollow\"\n\t\t\tdata-full-res=\"https:\/\/scontent.cdninstagram.com\/v\/t39.30808-6\/495002585_652400687955079_5722396996433335118_n.png?stp=dst-jpg_e35_tt6&#038;_nc_cat=100&#038;ccb=7-5&#038;_nc_sid=18de74&#038;_nc_ohc=-Q3UpV3tU6sQ7kNvwGV59x8&#038;_nc_oc=Adk0ppdFmm6ZBwmOK2JmlGb9Jn75iYDPEHvq0Mh24NCVVocV5nMTCsd68D1QstKni2W8YqAD8TyVvilMTqT-QUL-&#038;_nc_zt=23&#038;_nc_ht=scontent.cdninstagram.com&#038;edm=ANo9K5cEAAAA&#038;_nc_gid=hZXmH5EPIH66T7pVPc91Ng&#038;oh=00_AfJbXP-xIZjOAwNLfncZsv2aP85GiJVJMzRPm48Rmr52Xg&#038;oe=68283B45\"\n\t\t\tdata-img-src-set=\"{&quot;d&quot;:&quot;https:\\\/\\\/scontent.cdninstagram.com\\\/v\\\/t39.30808-6\\\/495002585_652400687955079_5722396996433335118_n.png?stp=dst-jpg_e35_tt6&amp;_nc_cat=100&amp;ccb=7-5&amp;_nc_sid=18de74&amp;_nc_ohc=-Q3UpV3tU6sQ7kNvwGV59x8&amp;_nc_oc=Adk0ppdFmm6ZBwmOK2JmlGb9Jn75iYDPEHvq0Mh24NCVVocV5nMTCsd68D1QstKni2W8YqAD8TyVvilMTqT-QUL-&amp;_nc_zt=23&amp;_nc_ht=scontent.cdninstagram.com&amp;edm=ANo9K5cEAAAA&amp;_nc_gid=hZXmH5EPIH66T7pVPc91Ng&amp;oh=00_AfJbXP-xIZjOAwNLfncZsv2aP85GiJVJMzRPm48Rmr52Xg&amp;oe=68283B45&quot;,&quot;150&quot;:&quot;https:\\\/\\\/scontent.cdninstagram.com\\\/v\\\/t39.30808-6\\\/495002585_652400687955079_5722396996433335118_n.png?stp=dst-jpg_e35_tt6&amp;_nc_cat=100&amp;ccb=7-5&amp;_nc_sid=18de74&amp;_nc_ohc=-Q3UpV3tU6sQ7kNvwGV59x8&amp;_nc_oc=Adk0ppdFmm6ZBwmOK2JmlGb9Jn75iYDPEHvq0Mh24NCVVocV5nMTCsd68D1QstKni2W8YqAD8TyVvilMTqT-QUL-&amp;_nc_zt=23&amp;_nc_ht=scontent.cdninstagram.com&amp;edm=ANo9K5cEAAAA&amp;_nc_gid=hZXmH5EPIH66T7pVPc91Ng&amp;oh=00_AfJbXP-xIZjOAwNLfncZsv2aP85GiJVJMzRPm48Rmr52Xg&amp;oe=68283B45&quot;,&quot;320&quot;:&quot;https:\\\/\\\/scontent.cdninstagram.com\\\/v\\\/t39.30808-6\\\/495002585_652400687955079_5722396996433335118_n.png?stp=dst-jpg_e35_tt6&amp;_nc_cat=100&amp;ccb=7-5&amp;_nc_sid=18de74&amp;_nc_ohc=-Q3UpV3tU6sQ7kNvwGV59x8&amp;_nc_oc=Adk0ppdFmm6ZBwmOK2JmlGb9Jn75iYDPEHvq0Mh24NCVVocV5nMTCsd68D1QstKni2W8YqAD8TyVvilMTqT-QUL-&amp;_nc_zt=23&amp;_nc_ht=scontent.cdninstagram.com&amp;edm=ANo9K5cEAAAA&amp;_nc_gid=hZXmH5EPIH66T7pVPc91Ng&amp;oh=00_AfJbXP-xIZjOAwNLfncZsv2aP85GiJVJMzRPm48Rmr52Xg&amp;oe=68283B45&quot;,&quot;640&quot;:&quot;https:\\\/\\\/scontent.cdninstagram.com\\\/v\\\/t39.30808-6\\\/495002585_652400687955079_5722396996433335118_n.png?stp=dst-jpg_e35_tt6&amp;_nc_cat=100&amp;ccb=7-5&amp;_nc_sid=18de74&amp;_nc_ohc=-Q3UpV3tU6sQ7kNvwGV59x8&amp;_nc_oc=Adk0ppdFmm6ZBwmOK2JmlGb9Jn75iYDPEHvq0Mh24NCVVocV5nMTCsd68D1QstKni2W8YqAD8TyVvilMTqT-QUL-&amp;_nc_zt=23&amp;_nc_ht=scontent.cdninstagram.com&amp;edm=ANo9K5cEAAAA&amp;_nc_gid=hZXmH5EPIH66T7pVPc91Ng&amp;oh=00_AfJbXP-xIZjOAwNLfncZsv2aP85GiJVJMzRPm48Rmr52Xg&amp;oe=68283B45&quot;}\">\n\t\t\t<span class=\"sbi-screenreader\">Neste m\u00eas das m\u00e3es a Cl\u00ednica Audio Hear, vai te da<\/span>\n\t\t\t\t\t\t\t\t\t<img decoding=\"async\" src=\"https:\/\/audiohear.com.br\/wp-content\/plugins\/instagram-feed\/img\/placeholder.png\" alt=\"Neste m\u00eas das m\u00e3es a Cl\u00ednica Audio Hear, vai te dar uma ajudinha na compra do presente perfeito para a sua m\u00e3e!\n\nComprando conosco os produtos da marca Oticon, voc\u00ea ficar\u00e1 livre para optar por um desconto, que pode chegar at\u00e9 50% ou ent\u00e3o, parcelar a sua compra em at\u00e9  24x sem juros \ud83e\udd29\ud83e\udd29\n\nEsse desconto ficar\u00e1 ativo para todo o m\u00eas de Maio, para que voc\u00ea possa presentear a sua m\u00e3e com um valor que cabe no seu bolso! \n\nVenha para a Audio Hear e descubra a inova\u00e7\u00e3o e  praticidade dos aparelhos auditivos Oticon \ud83e\uddbb\u2728\n\n#diadasma\u0113s #presentediadasmaes #centroauditivo #aparelhoauditivoinvis\u00edvel #saudeauditiva #bemestar #cuidado #fonoaudiologia #fonoaudiologa #jaragu\u00e1dosul\" aria-hidden=\"true\">\n\t\t<\/a>\n\t<\/div>\n<\/div><div class=\"sbi_item sbi_type_video sbi_new sbi_transition\" role=\"listitem\"\n\tid=\"sbi_17980106645827798\" data-date=\"1746219532\">\n\t<div class=\"sbi_photo_wrap\">\n\t\t<a class=\"sbi_photo\" href=\"https:\/\/www.instagram.com\/reel\/DJKlnIRSbAG\/\" target=\"_blank\" rel=\"noopener nofollow\"\n\t\t\tdata-full-res=\"https:\/\/scontent.cdninstagram.com\/v\/t51.75761-15\/495285852_17847055353464066_2289135493693718303_n.jpg?stp=dst-jpg_e35_tt6&#038;_nc_cat=108&#038;ccb=7-5&#038;_nc_sid=18de74&#038;_nc_ohc=x6f8XgbQPUwQ7kNvwGfRBHk&#038;_nc_oc=AdlPahm-2v50n1bsTDNII0LRx6VmmX5ZOOJOUjLxnCk2YbwJ3sKHt3kJyVFe01teyQQhp3rB9X9H_Tz9e9bU95X9&#038;_nc_zt=23&#038;_nc_ht=scontent.cdninstagram.com&#038;edm=ANo9K5cEAAAA&#038;_nc_gid=hZXmH5EPIH66T7pVPc91Ng&#038;oh=00_AfK9Hlc6iSatS-j-n9rO8fyOnb-Y89A9Z9oGt-RU-uir5g&#038;oe=68284759\"\n\t\t\tdata-img-src-set=\"{&quot;d&quot;:&quot;https:\\\/\\\/scontent.cdninstagram.com\\\/v\\\/t51.75761-15\\\/495285852_17847055353464066_2289135493693718303_n.jpg?stp=dst-jpg_e35_tt6&amp;_nc_cat=108&amp;ccb=7-5&amp;_nc_sid=18de74&amp;_nc_ohc=x6f8XgbQPUwQ7kNvwGfRBHk&amp;_nc_oc=AdlPahm-2v50n1bsTDNII0LRx6VmmX5ZOOJOUjLxnCk2YbwJ3sKHt3kJyVFe01teyQQhp3rB9X9H_Tz9e9bU95X9&amp;_nc_zt=23&amp;_nc_ht=scontent.cdninstagram.com&amp;edm=ANo9K5cEAAAA&amp;_nc_gid=hZXmH5EPIH66T7pVPc91Ng&amp;oh=00_AfK9Hlc6iSatS-j-n9rO8fyOnb-Y89A9Z9oGt-RU-uir5g&amp;oe=68284759&quot;,&quot;150&quot;:&quot;https:\\\/\\\/scontent.cdninstagram.com\\\/v\\\/t51.75761-15\\\/495285852_17847055353464066_2289135493693718303_n.jpg?stp=dst-jpg_e35_tt6&amp;_nc_cat=108&amp;ccb=7-5&amp;_nc_sid=18de74&amp;_nc_ohc=x6f8XgbQPUwQ7kNvwGfRBHk&amp;_nc_oc=AdlPahm-2v50n1bsTDNII0LRx6VmmX5ZOOJOUjLxnCk2YbwJ3sKHt3kJyVFe01teyQQhp3rB9X9H_Tz9e9bU95X9&amp;_nc_zt=23&amp;_nc_ht=scontent.cdninstagram.com&amp;edm=ANo9K5cEAAAA&amp;_nc_gid=hZXmH5EPIH66T7pVPc91Ng&amp;oh=00_AfK9Hlc6iSatS-j-n9rO8fyOnb-Y89A9Z9oGt-RU-uir5g&amp;oe=68284759&quot;,&quot;320&quot;:&quot;https:\\\/\\\/scontent.cdninstagram.com\\\/v\\\/t51.75761-15\\\/495285852_17847055353464066_2289135493693718303_n.jpg?stp=dst-jpg_e35_tt6&amp;_nc_cat=108&amp;ccb=7-5&amp;_nc_sid=18de74&amp;_nc_ohc=x6f8XgbQPUwQ7kNvwGfRBHk&amp;_nc_oc=AdlPahm-2v50n1bsTDNII0LRx6VmmX5ZOOJOUjLxnCk2YbwJ3sKHt3kJyVFe01teyQQhp3rB9X9H_Tz9e9bU95X9&amp;_nc_zt=23&amp;_nc_ht=scontent.cdninstagram.com&amp;edm=ANo9K5cEAAAA&amp;_nc_gid=hZXmH5EPIH66T7pVPc91Ng&amp;oh=00_AfK9Hlc6iSatS-j-n9rO8fyOnb-Y89A9Z9oGt-RU-uir5g&amp;oe=68284759&quot;,&quot;640&quot;:&quot;https:\\\/\\\/scontent.cdninstagram.com\\\/v\\\/t51.75761-15\\\/495285852_17847055353464066_2289135493693718303_n.jpg?stp=dst-jpg_e35_tt6&amp;_nc_cat=108&amp;ccb=7-5&amp;_nc_sid=18de74&amp;_nc_ohc=x6f8XgbQPUwQ7kNvwGfRBHk&amp;_nc_oc=AdlPahm-2v50n1bsTDNII0LRx6VmmX5ZOOJOUjLxnCk2YbwJ3sKHt3kJyVFe01teyQQhp3rB9X9H_Tz9e9bU95X9&amp;_nc_zt=23&amp;_nc_ht=scontent.cdninstagram.com&amp;edm=ANo9K5cEAAAA&amp;_nc_gid=hZXmH5EPIH66T7pVPc91Ng&amp;oh=00_AfK9Hlc6iSatS-j-n9rO8fyOnb-Y89A9Z9oGt-RU-uir5g&amp;oe=68284759&quot;}\">\n\t\t\t<span class=\"sbi-screenreader\">Na \u00c1udio Hear, cada paciente \u00e9 \u00fanico. Mais do que<\/span>\n\t\t\t\t\t\t<svg style=\"color: rgba(255,255,255,1)\" class=\"svg-inline--fa fa-play fa-w-14 sbi_playbtn\" aria-label=\"Play\" aria-hidden=\"true\" data-fa-processed=\"\" data-prefix=\"fa\" data-icon=\"play\" role=\"presentation\" xmlns=\"http:\/\/www.w3.org\/2000\/svg\" viewBox=\"0 0 448 512\"><path fill=\"currentColor\" d=\"M424.4 214.7L72.4 6.6C43.8-10.3 0 6.1 0 47.9V464c0 37.5 40.7 60.1 72.4 41.3l352-208c31.4-18.5 31.5-64.1 0-82.6z\"><\/path><\/svg>\t\t\t<img decoding=\"async\" src=\"https:\/\/audiohear.com.br\/wp-content\/plugins\/instagram-feed\/img\/placeholder.png\" alt=\"Na \u00c1udio Hear, cada paciente \u00e9 \u00fanico. Mais do que oferecer solu\u00e7\u00f5es auditivas, n\u00f3s escutamos com o cora\u00e7\u00e3o\ud83e\uddbb\ud83d\udc69\ud83c\udffc\u200d\u2695\ufe0f\n\nNosso compromisso vai al\u00e9m da tecnologia: \u00e9 sobre cuidado, respeito e empatia em cada atendimento\ud83d\udc69\ud83c\udffb\u200d\ud83d\udcbb\n\nPorque ouvir bem \u00e9 viver melhor e n\u00f3s estamos aqui para caminhar com voc\u00ea nessa jornada\ud83d\udc9a\" aria-hidden=\"true\">\n\t\t<\/a>\n\t<\/div>\n<\/div><div class=\"sbi_item sbi_type_video sbi_new sbi_transition\" role=\"listitem\"\n\tid=\"sbi_18087374422613122\" data-date=\"1746045194\">\n\t<div class=\"sbi_photo_wrap\">\n\t\t<a class=\"sbi_photo\" href=\"https:\/\/www.instagram.com\/reel\/DJFZCllyCOo\/\" target=\"_blank\" rel=\"noopener nofollow\"\n\t\t\tdata-full-res=\"https:\/\/scontent.cdninstagram.com\/v\/t51.75761-15\/491898738_17846638242464066_1272483477343363225_n.jpg?stp=dst-jpg_e35_tt6&#038;_nc_cat=102&#038;ccb=7-5&#038;_nc_sid=18de74&#038;_nc_ohc=10061E9LTswQ7kNvwFBovMU&#038;_nc_oc=AdkQGwCIH5u8MJp3F9uZwLjmlSaesD4BfSm6Y24P1-XPIWqjvA8zNvLbXRwgVfXS24veEmSZN3xIqkjE7DH2gQUZ&#038;_nc_zt=23&#038;_nc_ht=scontent.cdninstagram.com&#038;edm=ANo9K5cEAAAA&#038;_nc_gid=hZXmH5EPIH66T7pVPc91Ng&#038;oh=00_AfKfLi85VlnfVx5U27XsDsiHchmFX-iWELFiWqyWm1x_Zw&#038;oe=6828473E\"\n\t\t\tdata-img-src-set=\"{&quot;d&quot;:&quot;https:\\\/\\\/scontent.cdninstagram.com\\\/v\\\/t51.75761-15\\\/491898738_17846638242464066_1272483477343363225_n.jpg?stp=dst-jpg_e35_tt6&amp;_nc_cat=102&amp;ccb=7-5&amp;_nc_sid=18de74&amp;_nc_ohc=10061E9LTswQ7kNvwFBovMU&amp;_nc_oc=AdkQGwCIH5u8MJp3F9uZwLjmlSaesD4BfSm6Y24P1-XPIWqjvA8zNvLbXRwgVfXS24veEmSZN3xIqkjE7DH2gQUZ&amp;_nc_zt=23&amp;_nc_ht=scontent.cdninstagram.com&amp;edm=ANo9K5cEAAAA&amp;_nc_gid=hZXmH5EPIH66T7pVPc91Ng&amp;oh=00_AfKfLi85VlnfVx5U27XsDsiHchmFX-iWELFiWqyWm1x_Zw&amp;oe=6828473E&quot;,&quot;150&quot;:&quot;https:\\\/\\\/scontent.cdninstagram.com\\\/v\\\/t51.75761-15\\\/491898738_17846638242464066_1272483477343363225_n.jpg?stp=dst-jpg_e35_tt6&amp;_nc_cat=102&amp;ccb=7-5&amp;_nc_sid=18de74&amp;_nc_ohc=10061E9LTswQ7kNvwFBovMU&amp;_nc_oc=AdkQGwCIH5u8MJp3F9uZwLjmlSaesD4BfSm6Y24P1-XPIWqjvA8zNvLbXRwgVfXS24veEmSZN3xIqkjE7DH2gQUZ&amp;_nc_zt=23&amp;_nc_ht=scontent.cdninstagram.com&amp;edm=ANo9K5cEAAAA&amp;_nc_gid=hZXmH5EPIH66T7pVPc91Ng&amp;oh=00_AfKfLi85VlnfVx5U27XsDsiHchmFX-iWELFiWqyWm1x_Zw&amp;oe=6828473E&quot;,&quot;320&quot;:&quot;https:\\\/\\\/scontent.cdninstagram.com\\\/v\\\/t51.75761-15\\\/491898738_17846638242464066_1272483477343363225_n.jpg?stp=dst-jpg_e35_tt6&amp;_nc_cat=102&amp;ccb=7-5&amp;_nc_sid=18de74&amp;_nc_ohc=10061E9LTswQ7kNvwFBovMU&amp;_nc_oc=AdkQGwCIH5u8MJp3F9uZwLjmlSaesD4BfSm6Y24P1-XPIWqjvA8zNvLbXRwgVfXS24veEmSZN3xIqkjE7DH2gQUZ&amp;_nc_zt=23&amp;_nc_ht=scontent.cdninstagram.com&amp;edm=ANo9K5cEAAAA&amp;_nc_gid=hZXmH5EPIH66T7pVPc91Ng&amp;oh=00_AfKfLi85VlnfVx5U27XsDsiHchmFX-iWELFiWqyWm1x_Zw&amp;oe=6828473E&quot;,&quot;640&quot;:&quot;https:\\\/\\\/scontent.cdninstagram.com\\\/v\\\/t51.75761-15\\\/491898738_17846638242464066_1272483477343363225_n.jpg?stp=dst-jpg_e35_tt6&amp;_nc_cat=102&amp;ccb=7-5&amp;_nc_sid=18de74&amp;_nc_ohc=10061E9LTswQ7kNvwFBovMU&amp;_nc_oc=AdkQGwCIH5u8MJp3F9uZwLjmlSaesD4BfSm6Y24P1-XPIWqjvA8zNvLbXRwgVfXS24veEmSZN3xIqkjE7DH2gQUZ&amp;_nc_zt=23&amp;_nc_ht=scontent.cdninstagram.com&amp;edm=ANo9K5cEAAAA&amp;_nc_gid=hZXmH5EPIH66T7pVPc91Ng&amp;oh=00_AfKfLi85VlnfVx5U27XsDsiHchmFX-iWELFiWqyWm1x_Zw&amp;oe=6828473E&quot;}\">\n\t\t\t<span class=\"sbi-screenreader\">\u00c9 com muita alegria que anunciamos a inaugura\u00e7\u00e3o d<\/span>\n\t\t\t\t\t\t<svg style=\"color: rgba(255,255,255,1)\" class=\"svg-inline--fa fa-play fa-w-14 sbi_playbtn\" aria-label=\"Play\" aria-hidden=\"true\" data-fa-processed=\"\" data-prefix=\"fa\" data-icon=\"play\" role=\"presentation\" xmlns=\"http:\/\/www.w3.org\/2000\/svg\" viewBox=\"0 0 448 512\"><path fill=\"currentColor\" d=\"M424.4 214.7L72.4 6.6C43.8-10.3 0 6.1 0 47.9V464c0 37.5 40.7 60.1 72.4 41.3l352-208c31.4-18.5 31.5-64.1 0-82.6z\"><\/path><\/svg>\t\t\t<img decoding=\"async\" src=\"https:\/\/audiohear.com.br\/wp-content\/plugins\/instagram-feed\/img\/placeholder.png\" alt=\"\u00c9 com muita alegria que anunciamos a inaugura\u00e7\u00e3o da \u00c1udio Hear \ud83e\uddbb\ud83e\udd29\n\nChegamos para cuidar da sua sa\u00fade auditiva com carinho, profissionalismo e tecnologia de ponta!\n\nEstamos localizados na Rua Ol\u00edvio Domingos Brugnago, n\u00ba 333, Vila Nova, Jaragu\u00e1 do Sul - SC. \ud83d\udccd\ud83c\udfe0\n\nVenha nos visitar e conhecer esse novo espa\u00e7o feito especialmente para voc\u00ea!\n\n#aparelhoauditivo #sa\u00fadeauditiva #fonoaudiologia #oticonaparelhosauditivos #ouvidom\u00e9dio #cuidado #sa\u00fade\" aria-hidden=\"true\">\n\t\t<\/a>\n\t<\/div>\n<\/div><div class=\"sbi_item sbi_type_video sbi_new sbi_transition\" role=\"listitem\"\n\tid=\"sbi_17904546237149025\" data-date=\"1745951092\">\n\t<div class=\"sbi_photo_wrap\">\n\t\t<a class=\"sbi_photo\" href=\"https:\/\/www.instagram.com\/reel\/DJClV6wPlKc\/\" target=\"_blank\" rel=\"noopener nofollow\"\n\t\t\tdata-full-res=\"https:\/\/scontent.cdninstagram.com\/v\/t51.75761-15\/491424578_17846421198464066_2427171797642485994_n.jpg?stp=dst-jpg_e35_tt6&#038;_nc_cat=102&#038;ccb=7-5&#038;_nc_sid=18de74&#038;_nc_ohc=Ph9envXvMGoQ7kNvwHnSiJD&#038;_nc_oc=Adm5xE9yqwL4G5FKv54OY-eznh473oyr3GPHkiZGv5XBWzl7lDKidgmxQe71VQ1J4CFlaIn6pXBSoYA_Ne2lDda9&#038;_nc_zt=23&#038;_nc_ht=scontent.cdninstagram.com&#038;edm=ANo9K5cEAAAA&#038;_nc_gid=hZXmH5EPIH66T7pVPc91Ng&#038;oh=00_AfKUZ-X3ot6z-3tr0ZmS4nKDKku_cRvTBoh_EjctAMOADQ&#038;oe=68283A6B\"\n\t\t\tdata-img-src-set=\"{&quot;d&quot;:&quot;https:\\\/\\\/scontent.cdninstagram.com\\\/v\\\/t51.75761-15\\\/491424578_17846421198464066_2427171797642485994_n.jpg?stp=dst-jpg_e35_tt6&amp;_nc_cat=102&amp;ccb=7-5&amp;_nc_sid=18de74&amp;_nc_ohc=Ph9envXvMGoQ7kNvwHnSiJD&amp;_nc_oc=Adm5xE9yqwL4G5FKv54OY-eznh473oyr3GPHkiZGv5XBWzl7lDKidgmxQe71VQ1J4CFlaIn6pXBSoYA_Ne2lDda9&amp;_nc_zt=23&amp;_nc_ht=scontent.cdninstagram.com&amp;edm=ANo9K5cEAAAA&amp;_nc_gid=hZXmH5EPIH66T7pVPc91Ng&amp;oh=00_AfKUZ-X3ot6z-3tr0ZmS4nKDKku_cRvTBoh_EjctAMOADQ&amp;oe=68283A6B&quot;,&quot;150&quot;:&quot;https:\\\/\\\/scontent.cdninstagram.com\\\/v\\\/t51.75761-15\\\/491424578_17846421198464066_2427171797642485994_n.jpg?stp=dst-jpg_e35_tt6&amp;_nc_cat=102&amp;ccb=7-5&amp;_nc_sid=18de74&amp;_nc_ohc=Ph9envXvMGoQ7kNvwHnSiJD&amp;_nc_oc=Adm5xE9yqwL4G5FKv54OY-eznh473oyr3GPHkiZGv5XBWzl7lDKidgmxQe71VQ1J4CFlaIn6pXBSoYA_Ne2lDda9&amp;_nc_zt=23&amp;_nc_ht=scontent.cdninstagram.com&amp;edm=ANo9K5cEAAAA&amp;_nc_gid=hZXmH5EPIH66T7pVPc91Ng&amp;oh=00_AfKUZ-X3ot6z-3tr0ZmS4nKDKku_cRvTBoh_EjctAMOADQ&amp;oe=68283A6B&quot;,&quot;320&quot;:&quot;https:\\\/\\\/scontent.cdninstagram.com\\\/v\\\/t51.75761-15\\\/491424578_17846421198464066_2427171797642485994_n.jpg?stp=dst-jpg_e35_tt6&amp;_nc_cat=102&amp;ccb=7-5&amp;_nc_sid=18de74&amp;_nc_ohc=Ph9envXvMGoQ7kNvwHnSiJD&amp;_nc_oc=Adm5xE9yqwL4G5FKv54OY-eznh473oyr3GPHkiZGv5XBWzl7lDKidgmxQe71VQ1J4CFlaIn6pXBSoYA_Ne2lDda9&amp;_nc_zt=23&amp;_nc_ht=scontent.cdninstagram.com&amp;edm=ANo9K5cEAAAA&amp;_nc_gid=hZXmH5EPIH66T7pVPc91Ng&amp;oh=00_AfKUZ-X3ot6z-3tr0ZmS4nKDKku_cRvTBoh_EjctAMOADQ&amp;oe=68283A6B&quot;,&quot;640&quot;:&quot;https:\\\/\\\/scontent.cdninstagram.com\\\/v\\\/t51.75761-15\\\/491424578_17846421198464066_2427171797642485994_n.jpg?stp=dst-jpg_e35_tt6&amp;_nc_cat=102&amp;ccb=7-5&amp;_nc_sid=18de74&amp;_nc_ohc=Ph9envXvMGoQ7kNvwHnSiJD&amp;_nc_oc=Adm5xE9yqwL4G5FKv54OY-eznh473oyr3GPHkiZGv5XBWzl7lDKidgmxQe71VQ1J4CFlaIn6pXBSoYA_Ne2lDda9&amp;_nc_zt=23&amp;_nc_ht=scontent.cdninstagram.com&amp;edm=ANo9K5cEAAAA&amp;_nc_gid=hZXmH5EPIH66T7pVPc91Ng&amp;oh=00_AfKUZ-X3ot6z-3tr0ZmS4nKDKku_cRvTBoh_EjctAMOADQ&amp;oe=68283A6B&quot;}\">\n\t\t\t<span class=\"sbi-screenreader\">Descubra o poder da audi\u00e7\u00e3o com liberdade\ud83e\uddbb\u2728  O apa<\/span>\n\t\t\t\t\t\t<svg style=\"color: rgba(255,255,255,1)\" class=\"svg-inline--fa fa-play fa-w-14 sbi_playbtn\" aria-label=\"Play\" aria-hidden=\"true\" data-fa-processed=\"\" data-prefix=\"fa\" data-icon=\"play\" role=\"presentation\" xmlns=\"http:\/\/www.w3.org\/2000\/svg\" viewBox=\"0 0 448 512\"><path fill=\"currentColor\" d=\"M424.4 214.7L72.4 6.6C43.8-10.3 0 6.1 0 47.9V464c0 37.5 40.7 60.1 72.4 41.3l352-208c31.4-18.5 31.5-64.1 0-82.6z\"><\/path><\/svg>\t\t\t<img decoding=\"async\" src=\"https:\/\/audiohear.com.br\/wp-content\/plugins\/instagram-feed\/img\/placeholder.png\" alt=\"Descubra o poder da audi\u00e7\u00e3o com liberdade\ud83e\uddbb\u2728\n\nO aparelho auditivo recarreg\u00e1vel da Oticon une tecnologia de ponta com conforto e discri\u00e7\u00e3o.\nCom design moderno e v\u00e1rias op\u00e7\u00f5es de cores, ele se adapta perfeitamente a cor do seu cabelo e tom de pele, quase impercept\u00edvel \ud83e\udd29\n\nAl\u00e9m disso, voc\u00ea se livra das trocas constantes de pilhas: \u00e9 s\u00f3 recarregar e aproveitar o dia todo com mais autonomia e qualidade de vida \ud83d\udd0b\n\nQuer ouvir melhor com mais praticidade?\nAgende uma avalia\u00e7\u00e3o e experimente a revolu\u00e7\u00e3o sonora da Oticon \ud83d\udc69\ud83c\udffb\u200d\ud83d\udcbb\ud83d\udc69\ud83c\udffb\u200d\ud83d\udcbb\ud83d\udc69\ud83c\udffc\u200d\u2695\ufe0f\n\n#Oticon #AparelhoAuditivo #Audi\u00e7\u00e3oComEstilo #TecnologiaAuditiva #OticonRecarreg\u00e1vel\" aria-hidden=\"true\">\n\t\t<\/a>\n\t<\/div>\n<\/div><div class=\"sbi_item sbi_type_video sbi_new sbi_transition\" role=\"listitem\"\n\tid=\"sbi_18175315462325136\" data-date=\"1745950154\">\n\t<div class=\"sbi_photo_wrap\">\n\t\t<a class=\"sbi_photo\" href=\"https:\/\/www.instagram.com\/reel\/DJCjyy9PZmk\/\" target=\"_blank\" rel=\"noopener nofollow\"\n\t\t\tdata-full-res=\"https:\/\/scontent.cdninstagram.com\/v\/t51.75761-15\/491426571_17846418609464066_8332097926141066592_n.jpg?stp=dst-jpg_e35_tt6&#038;_nc_cat=104&#038;ccb=7-5&#038;_nc_sid=18de74&#038;_nc_ohc=XV-1cyDrykQQ7kNvwGc_CVh&#038;_nc_oc=AdmWhLgdK7RsCAQXiSIkH4O9_bbiQ5kKCAj4aBihAzHXKOV1-OIwNt1clEDbIgV5iLF80LGdEHhDq1XwbCNGqiV9&#038;_nc_zt=23&#038;_nc_ht=scontent.cdninstagram.com&#038;edm=ANo9K5cEAAAA&#038;_nc_gid=hZXmH5EPIH66T7pVPc91Ng&#038;oh=00_AfKA9DzmllcU7pl-_RIcCKnURVz5mORW0wwp1nY-4TjCJA&#038;oe=68284C0D\"\n\t\t\tdata-img-src-set=\"{&quot;d&quot;:&quot;https:\\\/\\\/scontent.cdninstagram.com\\\/v\\\/t51.75761-15\\\/491426571_17846418609464066_8332097926141066592_n.jpg?stp=dst-jpg_e35_tt6&amp;_nc_cat=104&amp;ccb=7-5&amp;_nc_sid=18de74&amp;_nc_ohc=XV-1cyDrykQQ7kNvwGc_CVh&amp;_nc_oc=AdmWhLgdK7RsCAQXiSIkH4O9_bbiQ5kKCAj4aBihAzHXKOV1-OIwNt1clEDbIgV5iLF80LGdEHhDq1XwbCNGqiV9&amp;_nc_zt=23&amp;_nc_ht=scontent.cdninstagram.com&amp;edm=ANo9K5cEAAAA&amp;_nc_gid=hZXmH5EPIH66T7pVPc91Ng&amp;oh=00_AfKA9DzmllcU7pl-_RIcCKnURVz5mORW0wwp1nY-4TjCJA&amp;oe=68284C0D&quot;,&quot;150&quot;:&quot;https:\\\/\\\/scontent.cdninstagram.com\\\/v\\\/t51.75761-15\\\/491426571_17846418609464066_8332097926141066592_n.jpg?stp=dst-jpg_e35_tt6&amp;_nc_cat=104&amp;ccb=7-5&amp;_nc_sid=18de74&amp;_nc_ohc=XV-1cyDrykQQ7kNvwGc_CVh&amp;_nc_oc=AdmWhLgdK7RsCAQXiSIkH4O9_bbiQ5kKCAj4aBihAzHXKOV1-OIwNt1clEDbIgV5iLF80LGdEHhDq1XwbCNGqiV9&amp;_nc_zt=23&amp;_nc_ht=scontent.cdninstagram.com&amp;edm=ANo9K5cEAAAA&amp;_nc_gid=hZXmH5EPIH66T7pVPc91Ng&amp;oh=00_AfKA9DzmllcU7pl-_RIcCKnURVz5mORW0wwp1nY-4TjCJA&amp;oe=68284C0D&quot;,&quot;320&quot;:&quot;https:\\\/\\\/scontent.cdninstagram.com\\\/v\\\/t51.75761-15\\\/491426571_17846418609464066_8332097926141066592_n.jpg?stp=dst-jpg_e35_tt6&amp;_nc_cat=104&amp;ccb=7-5&amp;_nc_sid=18de74&amp;_nc_ohc=XV-1cyDrykQQ7kNvwGc_CVh&amp;_nc_oc=AdmWhLgdK7RsCAQXiSIkH4O9_bbiQ5kKCAj4aBihAzHXKOV1-OIwNt1clEDbIgV5iLF80LGdEHhDq1XwbCNGqiV9&amp;_nc_zt=23&amp;_nc_ht=scontent.cdninstagram.com&amp;edm=ANo9K5cEAAAA&amp;_nc_gid=hZXmH5EPIH66T7pVPc91Ng&amp;oh=00_AfKA9DzmllcU7pl-_RIcCKnURVz5mORW0wwp1nY-4TjCJA&amp;oe=68284C0D&quot;,&quot;640&quot;:&quot;https:\\\/\\\/scontent.cdninstagram.com\\\/v\\\/t51.75761-15\\\/491426571_17846418609464066_8332097926141066592_n.jpg?stp=dst-jpg_e35_tt6&amp;_nc_cat=104&amp;ccb=7-5&amp;_nc_sid=18de74&amp;_nc_ohc=XV-1cyDrykQQ7kNvwGc_CVh&amp;_nc_oc=AdmWhLgdK7RsCAQXiSIkH4O9_bbiQ5kKCAj4aBihAzHXKOV1-OIwNt1clEDbIgV5iLF80LGdEHhDq1XwbCNGqiV9&amp;_nc_zt=23&amp;_nc_ht=scontent.cdninstagram.com&amp;edm=ANo9K5cEAAAA&amp;_nc_gid=hZXmH5EPIH66T7pVPc91Ng&amp;oh=00_AfKA9DzmllcU7pl-_RIcCKnURVz5mORW0wwp1nY-4TjCJA&amp;oe=68284C0D&quot;}\">\n\t\t\t<span class=\"sbi-screenreader\">O antes e depois da nossa cl\u00ednica mostra mais do q<\/span>\n\t\t\t\t\t\t<svg style=\"color: rgba(255,255,255,1)\" class=\"svg-inline--fa fa-play fa-w-14 sbi_playbtn\" aria-label=\"Play\" aria-hidden=\"true\" data-fa-processed=\"\" data-prefix=\"fa\" data-icon=\"play\" role=\"presentation\" xmlns=\"http:\/\/www.w3.org\/2000\/svg\" viewBox=\"0 0 448 512\"><path fill=\"currentColor\" d=\"M424.4 214.7L72.4 6.6C43.8-10.3 0 6.1 0 47.9V464c0 37.5 40.7 60.1 72.4 41.3l352-208c31.4-18.5 31.5-64.1 0-82.6z\"><\/path><\/svg>\t\t\t<img decoding=\"async\" src=\"https:\/\/audiohear.com.br\/wp-content\/plugins\/instagram-feed\/img\/placeholder.png\" alt=\"O antes e depois da nossa cl\u00ednica mostra mais do que uma mudan\u00e7a de espa\u00e7o representa o cuidado em cada detalhe para oferecer mais aconchego, conforto e excel\u00eancia nos atendimentos \ud83d\udc69\ud83c\udffb\u200d\ud83d\udcbb\ud83d\udc69\ud83c\udffb\u200d\ud83d\udcbb \ud83d\udc69\ud83c\udffc\u200d\u2695\ufe0f\n\nNada disso seria poss\u00edvel sem o apoio dos nossos fornecedores, que caminharam com a gente nessa jornada.\n\nNosso muito obrigado a todos que fizeram parte dessa conquista!\n\nSejam bem-vindos \u00e0 Cl\u00ednica \u00c1udio Hear\ud83e\uddbb\u2728\n\n#aparelhoauditivo #sa\u00fadeauditiva #fonoaudiologia #oticonaparelhosauditivos #ouvidom\u00e9dio #cuidado #sa\u00fade\" aria-hidden=\"true\">\n\t\t<\/a>\n\t<\/div>\n<\/div><div class=\"sbi_item sbi_type_image sbi_new sbi_transition\" role=\"listitem\"\n\tid=\"sbi_18021496946680235\" data-date=\"1744400357\">\n\t<div class=\"sbi_photo_wrap\">\n\t\t<a class=\"sbi_photo\" href=\"https:\/\/www.instagram.com\/p\/DIUX4DCS6td\/\" target=\"_blank\" rel=\"noopener nofollow\"\n\t\t\tdata-full-res=\"https:\/\/scontent.cdninstagram.com\/v\/t51.29350-15\/490112469_690609510069751_4507098677355133358_n.heic?stp=dst-jpg_e35_tt6&#038;_nc_cat=110&#038;ccb=7-5&#038;_nc_sid=18de74&#038;_nc_ohc=iC_qw7MaX5QQ7kNvwG6LICm&#038;_nc_oc=Admadvtqbw_DHHYp4_QwuhlGSedgk6m_y7d--gbWq_pVXAOHvIUAK33ffWdLtgXki3hKlUNTqdgEBd_BvEsurOND&#038;_nc_zt=23&#038;_nc_ht=scontent.cdninstagram.com&#038;edm=ANo9K5cEAAAA&#038;_nc_gid=hZXmH5EPIH66T7pVPc91Ng&#038;oh=00_AfKwWIDgBOT1kwURYGYdWWtOvP28xmrxfYqvbo7aIuQXVQ&#038;oe=68284CC7\"\n\t\t\tdata-img-src-set=\"{&quot;d&quot;:&quot;https:\\\/\\\/scontent.cdninstagram.com\\\/v\\\/t51.29350-15\\\/490112469_690609510069751_4507098677355133358_n.heic?stp=dst-jpg_e35_tt6&amp;_nc_cat=110&amp;ccb=7-5&amp;_nc_sid=18de74&amp;_nc_ohc=iC_qw7MaX5QQ7kNvwG6LICm&amp;_nc_oc=Admadvtqbw_DHHYp4_QwuhlGSedgk6m_y7d--gbWq_pVXAOHvIUAK33ffWdLtgXki3hKlUNTqdgEBd_BvEsurOND&amp;_nc_zt=23&amp;_nc_ht=scontent.cdninstagram.com&amp;edm=ANo9K5cEAAAA&amp;_nc_gid=hZXmH5EPIH66T7pVPc91Ng&amp;oh=00_AfKwWIDgBOT1kwURYGYdWWtOvP28xmrxfYqvbo7aIuQXVQ&amp;oe=68284CC7&quot;,&quot;150&quot;:&quot;https:\\\/\\\/scontent.cdninstagram.com\\\/v\\\/t51.29350-15\\\/490112469_690609510069751_4507098677355133358_n.heic?stp=dst-jpg_e35_tt6&amp;_nc_cat=110&amp;ccb=7-5&amp;_nc_sid=18de74&amp;_nc_ohc=iC_qw7MaX5QQ7kNvwG6LICm&amp;_nc_oc=Admadvtqbw_DHHYp4_QwuhlGSedgk6m_y7d--gbWq_pVXAOHvIUAK33ffWdLtgXki3hKlUNTqdgEBd_BvEsurOND&amp;_nc_zt=23&amp;_nc_ht=scontent.cdninstagram.com&amp;edm=ANo9K5cEAAAA&amp;_nc_gid=hZXmH5EPIH66T7pVPc91Ng&amp;oh=00_AfKwWIDgBOT1kwURYGYdWWtOvP28xmrxfYqvbo7aIuQXVQ&amp;oe=68284CC7&quot;,&quot;320&quot;:&quot;https:\\\/\\\/scontent.cdninstagram.com\\\/v\\\/t51.29350-15\\\/490112469_690609510069751_4507098677355133358_n.heic?stp=dst-jpg_e35_tt6&amp;_nc_cat=110&amp;ccb=7-5&amp;_nc_sid=18de74&amp;_nc_ohc=iC_qw7MaX5QQ7kNvwG6LICm&amp;_nc_oc=Admadvtqbw_DHHYp4_QwuhlGSedgk6m_y7d--gbWq_pVXAOHvIUAK33ffWdLtgXki3hKlUNTqdgEBd_BvEsurOND&amp;_nc_zt=23&amp;_nc_ht=scontent.cdninstagram.com&amp;edm=ANo9K5cEAAAA&amp;_nc_gid=hZXmH5EPIH66T7pVPc91Ng&amp;oh=00_AfKwWIDgBOT1kwURYGYdWWtOvP28xmrxfYqvbo7aIuQXVQ&amp;oe=68284CC7&quot;,&quot;640&quot;:&quot;https:\\\/\\\/scontent.cdninstagram.com\\\/v\\\/t51.29350-15\\\/490112469_690609510069751_4507098677355133358_n.heic?stp=dst-jpg_e35_tt6&amp;_nc_cat=110&amp;ccb=7-5&amp;_nc_sid=18de74&amp;_nc_ohc=iC_qw7MaX5QQ7kNvwG6LICm&amp;_nc_oc=Admadvtqbw_DHHYp4_QwuhlGSedgk6m_y7d--gbWq_pVXAOHvIUAK33ffWdLtgXki3hKlUNTqdgEBd_BvEsurOND&amp;_nc_zt=23&amp;_nc_ht=scontent.cdninstagram.com&amp;edm=ANo9K5cEAAAA&amp;_nc_gid=hZXmH5EPIH66T7pVPc91Ng&amp;oh=00_AfKwWIDgBOT1kwURYGYdWWtOvP28xmrxfYqvbo7aIuQXVQ&amp;oe=68284CC7&quot;}\">\n\t\t\t<span class=\"sbi-screenreader\">A mais nova cl\u00ednica\/centro auditivo de Jaragu\u00e1 do<\/span>\n\t\t\t\t\t\t\t\t\t<img decoding=\"async\" src=\"https:\/\/audiohear.com.br\/wp-content\/plugins\/instagram-feed\/img\/placeholder.png\" alt=\"A mais nova cl\u00ednica\/centro auditivo de Jaragu\u00e1 do Sul, estamos de portas abertas para atend\u00ea-los. Venha nos conhecer!!!\" aria-hidden=\"true\">\n\t\t<\/a>\n\t<\/div>\n<\/div><div class=\"sbi_item sbi_type_image sbi_new sbi_transition\" role=\"listitem\"\n\tid=\"sbi_18068759956906607\" data-date=\"1744393872\">\n\t<div class=\"sbi_photo_wrap\">\n\t\t<a class=\"sbi_photo\" href=\"https:\/\/www.instagram.com\/p\/DIULgc2vRC3\/\" target=\"_blank\" rel=\"noopener nofollow\"\n\t\t\tdata-full-res=\"https:\/\/scontent.cdninstagram.com\/v\/t51.75761-15\/489021730_17843002659464066_6030279410902763004_n.jpg?stp=dst-jpg_e35_tt6&#038;_nc_cat=106&#038;ccb=7-5&#038;_nc_sid=18de74&#038;_nc_ohc=zFZAc_0mZEEQ7kNvwEJyRRX&#038;_nc_oc=Adn9s484tn4n3TlphuEL6BvM2NCwS3hiccJSrCnGgM0bx2E6Tn3mxqetevXGWE5WHYJ-zPgWtteWvHYAmZXSunQj&#038;_nc_zt=23&#038;_nc_ht=scontent.cdninstagram.com&#038;edm=ANo9K5cEAAAA&#038;_nc_gid=hZXmH5EPIH66T7pVPc91Ng&#038;oh=00_AfJpdhRv470LlsSqruvf_Euk4ufRtMO006N6hGAB1JLo_Q&#038;oe=68284BCF\"\n\t\t\tdata-img-src-set=\"{&quot;d&quot;:&quot;https:\\\/\\\/scontent.cdninstagram.com\\\/v\\\/t51.75761-15\\\/489021730_17843002659464066_6030279410902763004_n.jpg?stp=dst-jpg_e35_tt6&amp;_nc_cat=106&amp;ccb=7-5&amp;_nc_sid=18de74&amp;_nc_ohc=zFZAc_0mZEEQ7kNvwEJyRRX&amp;_nc_oc=Adn9s484tn4n3TlphuEL6BvM2NCwS3hiccJSrCnGgM0bx2E6Tn3mxqetevXGWE5WHYJ-zPgWtteWvHYAmZXSunQj&amp;_nc_zt=23&amp;_nc_ht=scontent.cdninstagram.com&amp;edm=ANo9K5cEAAAA&amp;_nc_gid=hZXmH5EPIH66T7pVPc91Ng&amp;oh=00_AfJpdhRv470LlsSqruvf_Euk4ufRtMO006N6hGAB1JLo_Q&amp;oe=68284BCF&quot;,&quot;150&quot;:&quot;https:\\\/\\\/scontent.cdninstagram.com\\\/v\\\/t51.75761-15\\\/489021730_17843002659464066_6030279410902763004_n.jpg?stp=dst-jpg_e35_tt6&amp;_nc_cat=106&amp;ccb=7-5&amp;_nc_sid=18de74&amp;_nc_ohc=zFZAc_0mZEEQ7kNvwEJyRRX&amp;_nc_oc=Adn9s484tn4n3TlphuEL6BvM2NCwS3hiccJSrCnGgM0bx2E6Tn3mxqetevXGWE5WHYJ-zPgWtteWvHYAmZXSunQj&amp;_nc_zt=23&amp;_nc_ht=scontent.cdninstagram.com&amp;edm=ANo9K5cEAAAA&amp;_nc_gid=hZXmH5EPIH66T7pVPc91Ng&amp;oh=00_AfJpdhRv470LlsSqruvf_Euk4ufRtMO006N6hGAB1JLo_Q&amp;oe=68284BCF&quot;,&quot;320&quot;:&quot;https:\\\/\\\/scontent.cdninstagram.com\\\/v\\\/t51.75761-15\\\/489021730_17843002659464066_6030279410902763004_n.jpg?stp=dst-jpg_e35_tt6&amp;_nc_cat=106&amp;ccb=7-5&amp;_nc_sid=18de74&amp;_nc_ohc=zFZAc_0mZEEQ7kNvwEJyRRX&amp;_nc_oc=Adn9s484tn4n3TlphuEL6BvM2NCwS3hiccJSrCnGgM0bx2E6Tn3mxqetevXGWE5WHYJ-zPgWtteWvHYAmZXSunQj&amp;_nc_zt=23&amp;_nc_ht=scontent.cdninstagram.com&amp;edm=ANo9K5cEAAAA&amp;_nc_gid=hZXmH5EPIH66T7pVPc91Ng&amp;oh=00_AfJpdhRv470LlsSqruvf_Euk4ufRtMO006N6hGAB1JLo_Q&amp;oe=68284BCF&quot;,&quot;640&quot;:&quot;https:\\\/\\\/scontent.cdninstagram.com\\\/v\\\/t51.75761-15\\\/489021730_17843002659464066_6030279410902763004_n.jpg?stp=dst-jpg_e35_tt6&amp;_nc_cat=106&amp;ccb=7-5&amp;_nc_sid=18de74&amp;_nc_ohc=zFZAc_0mZEEQ7kNvwEJyRRX&amp;_nc_oc=Adn9s484tn4n3TlphuEL6BvM2NCwS3hiccJSrCnGgM0bx2E6Tn3mxqetevXGWE5WHYJ-zPgWtteWvHYAmZXSunQj&amp;_nc_zt=23&amp;_nc_ht=scontent.cdninstagram.com&amp;edm=ANo9K5cEAAAA&amp;_nc_gid=hZXmH5EPIH66T7pVPc91Ng&amp;oh=00_AfJpdhRv470LlsSqruvf_Euk4ufRtMO006N6hGAB1JLo_Q&amp;oe=68284BCF&quot;}\">\n\t\t\t<span class=\"sbi-screenreader\">A CID-11 j\u00e1 est\u00e1 em vigor no Brasil e traz mudan\u00e7a<\/span>\n\t\t\t\t\t\t\t\t\t<img decoding=\"async\" src=\"https:\/\/audiohear.com.br\/wp-content\/plugins\/instagram-feed\/img\/placeholder.png\" alt=\"A CID-11 j\u00e1 est\u00e1 em vigor no Brasil e traz mudan\u00e7as importantes para quem trabalha tamb\u00e9m na \u00e1rea da audi\u00e7\u00e3o e do equil\u00edbrio!\n\nCom a atualiza\u00e7\u00e3o, ganhamos mais precis\u00e3o na defini\u00e7\u00e3o dos diagn\u00f3sticos e categoriza\u00e7\u00e3o de condi\u00e7\u00f5es auditivas e vestibulares. Um exemplo \u00e9 a perda auditiva, que agora \u00e9 descrita com mais detalhes. Enquanto na CID-10 t\u00ednhamos c\u00f3digos gen\u00e9ricos como o H90, na CID-11 podemos identificar se a perda \u00e9 bilateral por condu\u00e7\u00e3o (H90.0), relacionada ao envelhecimento (H91.1), ou at\u00e9 induzida por ru\u00eddo ocupacional (H91.3).\n\nAl\u00e9m disso, os dist\u00farbios vestibulares finalmente ganharam a aten\u00e7\u00e3o que merecem! Condi\u00e7\u00f5es como Doen\u00e7a de Meni\u00e8re (H82.0) e hipofun\u00e7\u00e3o vestibular unilateral (H82.1) agora possuem c\u00f3digos espec\u00edficos, permitindo diagn\u00f3sticos mais claros e tratamentos mais direcionados.\n\nOutro ponto positivo \u00e9 a integra\u00e7\u00e3o com sistemas digitais. A CID-11 foi criada para facilitar seu uso em prontu\u00e1rios eletr\u00f4nicos, tornando a gest\u00e3o cl\u00ednica mais \u00e1gil e eficiente.\n\nMas nem tudo s\u00e3o flores\ud83e\udd40 \u2013 a adapta\u00e7\u00e3o exige tempo, treinamento e atualiza\u00e7\u00e3o de sistemas. Ainda assim, essas mudan\u00e7as abrem portas para novas oportunidades: diagn\u00f3sticos mais confi\u00e1veis, alinhamento global da pr\u00e1tica cl\u00ednica e melhores dados para pesquisas e pol\u00edticas p\u00fablicas.\n\nA CID-11 \u00e9 um marco para nossa \u00e1rea. E voc\u00ea, j\u00e1 est\u00e1 implementando essas mudan\u00e7as? \ud83d\udcac Conte aqui nos coment\u00e1rios!\" aria-hidden=\"true\">\n\t\t<\/a>\n\t<\/div>\n<\/div>\t<\/div>\n\n\t<div id=\"sbi_load\" >\n\n\t<div class=\"sbi-screenreader\" aria-live=\"polite\" aria-atomic=\"true\" data-sbi-feed-status><\/div>\n\n\t\n\t\t\t<span class=\"sbi_follow_btn sbi_custom\" >\n\t\t\t<a target=\"_blank\"\n\t\t\t\trel=\"nofollow noopener\"  href=\"https:\/\/www.instagram.com\/clinica_audiohear\/\" style=\"background: rgb(64,139,209);\">\n\t\t\t\t<svg class=\"svg-inline--fa fa-instagram fa-w-14\" aria-hidden=\"true\" data-fa-processed=\"\" aria-label=\"Instagram\" data-prefix=\"fab\" data-icon=\"instagram\" role=\"img\" viewBox=\"0 0 448 512\">\n                    <path fill=\"currentColor\" d=\"M224.1 141c-63.6 0-114.9 51.3-114.9 114.9s51.3 114.9 114.9 114.9S339 319.5 339 255.9 287.7 141 224.1 141zm0 189.6c-41.1 0-74.7-33.5-74.7-74.7s33.5-74.7 74.7-74.7 74.7 33.5 74.7 74.7-33.6 74.7-74.7 74.7zm146.4-194.3c0 14.9-12 26.8-26.8 26.8-14.9 0-26.8-12-26.8-26.8s12-26.8 26.8-26.8 26.8 12 26.8 26.8zm76.1 27.2c-1.7-35.9-9.9-67.7-36.2-93.9-26.2-26.2-58-34.4-93.9-36.2-37-2.1-147.9-2.1-184.9 0-35.8 1.7-67.6 9.9-93.9 36.1s-34.4 58-36.2 93.9c-2.1 37-2.1 147.9 0 184.9 1.7 35.9 9.9 67.7 36.2 93.9s58 34.4 93.9 36.2c37 2.1 147.9 2.1 184.9 0 35.9-1.7 67.7-9.9 93.9-36.2 26.2-26.2 34.4-58 36.2-93.9 2.1-37 2.1-147.8 0-184.8zM398.8 388c-7.8 19.6-22.9 34.7-42.6 42.6-29.5 11.7-99.5 9-132.1 9s-102.7 2.6-132.1-9c-19.6-7.8-34.7-22.9-42.6-42.6-11.7-29.5-9-99.5-9-132.1s-2.6-102.7 9-132.1c7.8-19.6 22.9-34.7 42.6-42.6 29.5-11.7 99.5-9 132.1-9s102.7-2.6 132.1 9c19.6 7.8 34.7 22.9 42.6 42.6 11.7 29.5 9 99.5 9 132.1s2.7 102.7-9 132.1z\"><\/path>\n                <\/svg>\t\t\t\t<span>Seguir<\/span>\n\t\t\t<\/a>\n\t\t<\/span>\n\t\n<\/div>\n\t\t<span class=\"sbi_resized_image_data\" data-feed-id=\"*2\"\n\t\t  data-resized=\"{&quot;18040348817540937&quot;:{&quot;id&quot;:&quot;496660883_1367815687827775_7156105467538371497_n&quot;,&quot;ratio&quot;:&quot;0.56&quot;,&quot;sizes&quot;:{&quot;full&quot;:640,&quot;low&quot;:320,&quot;thumb&quot;:150},&quot;extension&quot;:&quot;.webp&quot;},&quot;18059270273139278&quot;:{&quot;id&quot;:&quot;495002585_652400687955079_5722396996433335118_n.png&quot;,&quot;ratio&quot;:&quot;0.80&quot;,&quot;sizes&quot;:{&quot;full&quot;:640,&quot;low&quot;:320,&quot;thumb&quot;:150},&quot;extension&quot;:&quot;.webp&quot;},&quot;17980106645827798&quot;:{&quot;id&quot;:&quot;495285852_17847055353464066_2289135493693718303_n&quot;,&quot;ratio&quot;:&quot;0.56&quot;,&quot;sizes&quot;:{&quot;full&quot;:640,&quot;low&quot;:320,&quot;thumb&quot;:150},&quot;extension&quot;:&quot;.webp&quot;},&quot;18087374422613122&quot;:{&quot;id&quot;:&quot;491898738_17846638242464066_1272483477343363225_n&quot;,&quot;ratio&quot;:&quot;0.56&quot;,&quot;sizes&quot;:{&quot;full&quot;:640,&quot;low&quot;:320,&quot;thumb&quot;:150},&quot;extension&quot;:&quot;.webp&quot;},&quot;17904546237149025&quot;:{&quot;id&quot;:&quot;491424578_17846421198464066_2427171797642485994_n&quot;,&quot;ratio&quot;:&quot;0.56&quot;,&quot;sizes&quot;:{&quot;full&quot;:640,&quot;low&quot;:320,&quot;thumb&quot;:150},&quot;extension&quot;:&quot;.webp&quot;},&quot;18175315462325136&quot;:{&quot;id&quot;:&quot;491426571_17846418609464066_8332097926141066592_n&quot;,&quot;ratio&quot;:&quot;0.56&quot;,&quot;sizes&quot;:{&quot;full&quot;:640,&quot;low&quot;:320,&quot;thumb&quot;:150},&quot;extension&quot;:&quot;.webp&quot;},&quot;18021496946680235&quot;:{&quot;id&quot;:&quot;490112469_690609510069751_4507098677355133358_n.heic&quot;,&quot;ratio&quot;:&quot;1.00&quot;,&quot;sizes&quot;:{&quot;full&quot;:640,&quot;low&quot;:320,&quot;thumb&quot;:150},&quot;extension&quot;:&quot;.webp&quot;},&quot;18068759956906607&quot;:{&quot;id&quot;:&quot;489021730_17843002659464066_6030279410902763004_n&quot;,&quot;ratio&quot;:&quot;1.00&quot;,&quot;sizes&quot;:{&quot;full&quot;:640,&quot;low&quot;:320,&quot;thumb&quot;:150},&quot;extension&quot;:&quot;.webp&quot;}}\">\n\t<\/span>\n\t<\/div>\n\n<\/div>\n\t\t\t\t\t\t<\/div>\n\t\t\t\t<\/div>\n\t\t\t\t\t<\/div>\n\t\t<\/div>\n\t\t\t\t\t<\/div>\n\t\t<\/section>\n\t\t\t\t<section class=\"elementor-section elementor-top-section elementor-element elementor-element-748d8c72 elementor-section-full_width elementor-section-height-min-height elementor-section-items-stretch elementor-section-content-middle elementor-reverse-mobile elementor-section-height-default\" data-id=\"748d8c72\" data-element_type=\"section\" data-e-type=\"section\" data-settings=\"{&quot;_ha_eqh_enable&quot;:false}\">\n\t\t\t\t\t\t<div class=\"elementor-container elementor-column-gap-no\">\n\t\t\t\t\t<div class=\"elementor-column elementor-col-66 elementor-top-column elementor-element elementor-element-16bc999e\" data-id=\"16bc999e\" data-element_type=\"column\" data-e-type=\"column\" data-settings=\"{&quot;background_background&quot;:&quot;classic&quot;}\">\n\t\t\t<div class=\"elementor-widget-wrap elementor-element-populated\">\n\t\t\t\t\t\t<div class=\"elementor-element elementor-element-d89f36b elementor-widget elementor-widget-html\" data-id=\"d89f36b\" data-element_type=\"widget\" data-e-type=\"widget\" data-widget_type=\"html.default\">\n\t\t\t\t<div class=\"elementor-widget-container\">\n\t\t\t\t\t<iframe src=\"https:\/\/www.google.com\/maps\/embed?pb=!1m18!1m12!1m3!1d3570.7208645103465!2d-49.0868722245748!3d-26.496930976897524!2m3!1f0!2f0!3f0!3m2!1i1024!2i768!4f13.1!3m3!1m2!1s0x94de95655813d5e1%3A0x921f8f0ed691919e!2sAudio%20Hear%20Cl%C3%ADnica%20de%20Exames%20Audiol%C3%B3gicos%20%7C%20Centro%20Auditivo%20em%20Jaragua%20do%20Sul!5e0!3m2!1spt-BR!2sbr!4v1747090081271!5m2!1spt-BR!2sbr\" width=\"600\" height=\"450\" style=\"border:0;\" allowfullscreen=\"\" loading=\"lazy\" referrerpolicy=\"no-referrer-when-downgrade\"><\/iframe>\t\t\t\t<\/div>\n\t\t\t\t<\/div>\n\t\t\t\t\t<\/div>\n\t\t<\/div>\n\t\t\t\t<div class=\"elementor-column elementor-col-33 elementor-top-column elementor-element elementor-element-edad9\" data-id=\"edad9\" data-element_type=\"column\" data-e-type=\"column\" data-settings=\"{&quot;background_background&quot;:&quot;classic&quot;}\">\n\t\t\t<div class=\"elementor-widget-wrap elementor-element-populated\">\n\t\t\t\t\t\t<div class=\"elementor-element elementor-element-6368747 elementor-widget__width-auto ha-has-bg-overlay elementor-widget elementor-widget-heading\" data-id=\"6368747\" data-element_type=\"widget\" data-e-type=\"widget\" data-settings=\"{&quot;motion_fx_motion_fx_scrolling&quot;:&quot;yes&quot;,&quot;motion_fx_translateX_effect&quot;:&quot;yes&quot;,&quot;motion_fx_translateX_direction&quot;:&quot;negative&quot;,&quot;motion_fx_translateX_affectedRange&quot;:{&quot;unit&quot;:&quot;%&quot;,&quot;size&quot;:&quot;&quot;,&quot;sizes&quot;:{&quot;start&quot;:&quot;0&quot;,&quot;end&quot;:&quot;50&quot;}},&quot;motion_fx_translateX_speed&quot;:{&quot;unit&quot;:&quot;px&quot;,&quot;size&quot;:&quot;1&quot;,&quot;sizes&quot;:[]},&quot;motion_fx_devices&quot;:[&quot;desktop&quot;,&quot;tablet&quot;,&quot;mobile&quot;]}\" data-widget_type=\"heading.default\">\n\t\t\t\t<div class=\"elementor-widget-container\">\n\t\t\t\t\t<span class=\"elementor-heading-title elementor-size-default\">Localiza\u00e7\u00e3o<\/span>\t\t\t\t<\/div>\n\t\t\t\t<\/div>\n\t\t\t\t\t<\/div>\n\t\t<\/div>\n\t\t\t\t\t<\/div>\n\t\t<\/section>\n\t\t\t\t<\/div>\n\t\t","protected":false},"excerpt":{"rendered":"<p>Terapia de Processamento Auditivo Central Terapia de Processamento Auditivo Central A terapia de Processamento Auditivo Central (PAC), tamb\u00e9m chamada de treinamento auditivo, \u00e9 um conjunto de atividades terap\u00eauticas personalizadas, realizadas por um fonoaudi\u00f3logo, com o objetivo de estimular e reabilitar as habilidades auditivas que foram identificadas como alteradas no exame de PAC. Objetivo da terapia: [&hellip;]<\/p>\n","protected":false},"author":2,"featured_media":3199,"parent":0,"menu_order":0,"comment_status":"closed","ping_status":"closed","template":"elementor_header_footer","meta":{"footnotes":""},"class_list":["post-3471","page","type-page","status-publish","has-post-thumbnail","hentry","entry","has-media"],"_links":{"self":[{"href":"https:\/\/audiohear.com.br\/index.php?rest_route=\/wp\/v2\/pages\/3471","targetHints":{"allow":["GET"]}}],"collection":[{"href":"https:\/\/audiohear.com.br\/index.php?rest_route=\/wp\/v2\/pages"}],"about":[{"href":"https:\/\/audiohear.com.br\/index.php?rest_route=\/wp\/v2\/types\/page"}],"author":[{"embeddable":true,"href":"https:\/\/audiohear.com.br\/index.php?rest_route=\/wp\/v2\/users\/2"}],"replies":[{"embeddable":true,"href":"https:\/\/audiohear.com.br\/index.php?rest_route=%2Fwp%2Fv2%2Fcomments&post=3471"}],"version-history":[{"count":7,"href":"https:\/\/audiohear.com.br\/index.php?rest_route=\/wp\/v2\/pages\/3471\/revisions"}],"predecessor-version":[{"id":3800,"href":"https:\/\/audiohear.com.br\/index.php?rest_route=\/wp\/v2\/pages\/3471\/revisions\/3800"}],"wp:featuredmedia":[{"embeddable":true,"href":"https:\/\/audiohear.com.br\/index.php?rest_route=\/wp\/v2\/media\/3199"}],"wp:attachment":[{"href":"https:\/\/audiohear.com.br\/index.php?rest_route=%2Fwp%2Fv2%2Fmedia&parent=3471"}],"curies":[{"name":"wp","href":"https:\/\/api.w.org\/{rel}","templated":true}]}}