{"id":3411,"date":"2025-05-13T14:34:30","date_gmt":"2025-05-13T17:34:30","guid":{"rendered":"https:\/\/audiohear.com.br\/?page_id=3411"},"modified":"2025-05-13T23:02:13","modified_gmt":"2025-05-14T02:02:13","slug":"servicos-de-audiologia-exames-auditivos","status":"publish","type":"page","link":"https:\/\/audiohear.com.br\/?page_id=3411","title":{"rendered":"Servi\u00e7os"},"content":{"rendered":"\t\t<div data-elementor-type=\"wp-page\" data-elementor-id=\"3411\" class=\"elementor elementor-3411\" data-elementor-settings=\"{&quot;ha_cmc_init_switcher&quot;:&quot;no&quot;}\" data-elementor-post-type=\"page\">\n\t\t\t\t\t\t<section class=\"elementor-section elementor-top-section elementor-element elementor-element-eda7213 elementor-section-full_width elementor-section-height-default elementor-section-height-default\" data-id=\"eda7213\" data-element_type=\"section\" data-e-type=\"section\" data-settings=\"{&quot;background_background&quot;:&quot;classic&quot;,&quot;_ha_eqh_enable&quot;:false}\">\n\t\t\t\t\t\t<div class=\"elementor-container elementor-column-gap-default\">\n\t\t\t\t\t<div class=\"elementor-column elementor-col-100 elementor-top-column elementor-element elementor-element-671c1a3\" data-id=\"671c1a3\" data-element_type=\"column\" data-e-type=\"column\">\n\t\t\t<div class=\"elementor-widget-wrap elementor-element-populated\">\n\t\t\t\t\t\t<div class=\"elementor-element elementor-element-2709835 elementor--h-position-center elementor-arrows-position-inside ha-has-bg-overlay elementor-widget elementor-widget-slides\" data-id=\"2709835\" data-element_type=\"widget\" data-e-type=\"widget\" data-settings=\"{&quot;navigation&quot;:&quot;arrows&quot;,&quot;autoplay&quot;:&quot;yes&quot;,&quot;pause_on_hover&quot;:&quot;yes&quot;,&quot;pause_on_interaction&quot;:&quot;yes&quot;,&quot;autoplay_speed&quot;:5000,&quot;infinite&quot;:&quot;yes&quot;,&quot;transition&quot;:&quot;slide&quot;,&quot;transition_speed&quot;:500}\" data-widget_type=\"slides.default\">\n\t\t\t\t<div class=\"elementor-widget-container\">\n\t\t\t\t\t\t\t\t\t<div class=\"elementor-swiper\">\n\t\t\t\t\t<div class=\"elementor-slides-wrapper elementor-main-swiper swiper\" role=\"region\" aria-roledescription=\"carousel\" aria-label=\"Slides\" dir=\"ltr\" data-animation=\"\">\n\t\t\t\t<div class=\"swiper-wrapper elementor-slides\">\n\t\t\t\t\t\t\t\t\t\t<div class=\"elementor-repeater-item-bfb2204 swiper-slide\" role=\"group\" aria-roledescription=\"slide\"><div class=\"swiper-slide-bg elementor-ken-burns elementor-ken-burns--in\" role=\"img\" aria-label=\"melhor-clinica-centro-auditivo-de-santa-catarina-e-de-todo-o-brasil-audio-hear-clinica-de-exames-auditivos-e fonoaudiologia\"><\/div><a class=\"swiper-slide-inner\" href=\"https:\/\/audiohear.com.br\/servicos\/\"><div class=\"swiper-slide-contents\"><div class=\"elementor-slide-heading\">C\u00ednica Especializada em<br> Exames Audiol\u00f3gicos<\/div><div  class=\"elementor-button elementor-slide-button elementor-size-sm\">Conhe\u00e7a nossos servi\u00e7os ><\/div><\/div><\/a><\/div>\t\t\t\t<\/div>\n\t\t\t\t\t\t\t<\/div>\n\t\t\t\t<\/div>\n\t\t\t\t\t\t\t\t<\/div>\n\t\t\t\t<\/div>\n\t\t\t\t\t<\/div>\n\t\t<\/div>\n\t\t\t\t\t<\/div>\n\t\t<\/section>\n\t\t\t\t<section class=\"elementor-section elementor-top-section elementor-element elementor-element-2222434 elementor-section-full_width elementor-section-height-default elementor-section-height-default\" data-id=\"2222434\" data-element_type=\"section\" data-e-type=\"section\" data-settings=\"{&quot;background_background&quot;:&quot;classic&quot;,&quot;_ha_eqh_enable&quot;:false}\">\n\t\t\t\t\t\t<div class=\"elementor-container elementor-column-gap-default\">\n\t\t\t\t\t<div class=\"elementor-column elementor-col-100 elementor-top-column elementor-element elementor-element-e7511ec\" data-id=\"e7511ec\" data-element_type=\"column\" data-e-type=\"column\">\n\t\t\t<div class=\"elementor-widget-wrap elementor-element-populated\">\n\t\t\t\t\t\t<div class=\"elementor-element elementor-element-2002c3c elementor-widget elementor-widget-heading\" data-id=\"2002c3c\" data-element_type=\"widget\" data-e-type=\"widget\" data-widget_type=\"heading.default\">\n\t\t\t\t<div class=\"elementor-widget-container\">\n\t\t\t\t\t<h2 class=\"elementor-heading-title elementor-size-default\">Experi\u00eancia que vai al\u00e9m de um centro auditivo!<\/h2>\t\t\t\t<\/div>\n\t\t\t\t<\/div>\n\t\t\t\t<div class=\"elementor-element elementor-element-59d1753 elementor-widget elementor-widget-text-editor\" data-id=\"59d1753\" data-element_type=\"widget\" data-e-type=\"widget\" data-widget_type=\"text-editor.default\">\n\t\t\t\t<div class=\"elementor-widget-container\">\n\t\t\t\t\t\t\t\t\t<p>Bem-vindo \u00e0 Audiohear, sua cl\u00ednica especializada em exames auditivos! <br \/>Contamos com equipamentos modernos e profissionais qualificados para oferecer diagn\u00f3sticos precisos e solu\u00e7\u00f5es personalizadas para a sua sa\u00fade auditiva.<\/p>\t\t\t\t\t\t\t\t<\/div>\n\t\t\t\t<\/div>\n\t\t\t\t\t<\/div>\n\t\t<\/div>\n\t\t\t\t\t<\/div>\n\t\t<\/section>\n\t\t\t\t<section class=\"elementor-section elementor-top-section elementor-element elementor-element-3467dfc elementor-section-full_width elementor-section-height-min-height elementor-section-items-stretch elementor-section-content-middle elementor-section-height-default\" data-id=\"3467dfc\" data-element_type=\"section\" data-e-type=\"section\" data-settings=\"{&quot;motion_fx_motion_fx_scrolling&quot;:&quot;yes&quot;,&quot;background_background&quot;:&quot;classic&quot;,&quot;_ha_eqh_enable&quot;:false,&quot;motion_fx_devices&quot;:[&quot;desktop&quot;,&quot;tablet&quot;,&quot;mobile&quot;]}\">\n\t\t\t\t\t\t<div class=\"elementor-container elementor-column-gap-no\">\n\t\t\t\t\t<div class=\"elementor-column elementor-col-50 elementor-top-column elementor-element elementor-element-c2f482f\" data-id=\"c2f482f\" data-element_type=\"column\" data-e-type=\"column\" data-settings=\"{&quot;background_background&quot;:&quot;classic&quot;}\">\n\t\t\t<div class=\"elementor-widget-wrap elementor-element-populated\">\n\t\t\t\t\t\t<div class=\"elementor-element elementor-element-8b5c24f animated-slow elementor-invisible elementor-widget elementor-widget-image\" data-id=\"8b5c24f\" data-element_type=\"widget\" data-e-type=\"widget\" data-settings=\"{&quot;_animation&quot;:&quot;fadeIn&quot;,&quot;motion_fx_motion_fx_scrolling&quot;:&quot;yes&quot;,&quot;motion_fx_scale_effect&quot;:&quot;yes&quot;,&quot;motion_fx_scale_direction&quot;:&quot;out-in&quot;,&quot;motion_fx_scale_speed&quot;:{&quot;unit&quot;:&quot;px&quot;,&quot;size&quot;:4,&quot;sizes&quot;:[]},&quot;motion_fx_scale_range&quot;:{&quot;unit&quot;:&quot;%&quot;,&quot;size&quot;:&quot;&quot;,&quot;sizes&quot;:{&quot;start&quot;:20,&quot;end&quot;:80}},&quot;motion_fx_devices&quot;:[&quot;desktop&quot;,&quot;tablet&quot;,&quot;mobile&quot;]}\" data-widget_type=\"image.default\">\n\t\t\t\t<div class=\"elementor-widget-container\">\n\t\t\t\t\t\t\t\t\t\t\t\t\t\t\t<img fetchpriority=\"high\" decoding=\"async\" width=\"6912\" height=\"3456\" src=\"https:\/\/audiohear.com.br\/wp-content\/uploads\/2025\/04\/melhor-aparelho-auditivo-para-criancas-idosos-adultos-clinica-de-exames-auditivos-em-jaragua-do-sul.png\" class=\"attachment-full size-full wp-image-3247\" alt=\"\" srcset=\"https:\/\/audiohear.com.br\/wp-content\/uploads\/2025\/04\/melhor-aparelho-auditivo-para-criancas-idosos-adultos-clinica-de-exames-auditivos-em-jaragua-do-sul.png 6912w, https:\/\/audiohear.com.br\/wp-content\/uploads\/2025\/04\/melhor-aparelho-auditivo-para-criancas-idosos-adultos-clinica-de-exames-auditivos-em-jaragua-do-sul-300x150.png 300w, https:\/\/audiohear.com.br\/wp-content\/uploads\/2025\/04\/melhor-aparelho-auditivo-para-criancas-idosos-adultos-clinica-de-exames-auditivos-em-jaragua-do-sul-1024x512.png 1024w, https:\/\/audiohear.com.br\/wp-content\/uploads\/2025\/04\/melhor-aparelho-auditivo-para-criancas-idosos-adultos-clinica-de-exames-auditivos-em-jaragua-do-sul-768x384.png 768w, https:\/\/audiohear.com.br\/wp-content\/uploads\/2025\/04\/melhor-aparelho-auditivo-para-criancas-idosos-adultos-clinica-de-exames-auditivos-em-jaragua-do-sul-1536x768.png 1536w, https:\/\/audiohear.com.br\/wp-content\/uploads\/2025\/04\/melhor-aparelho-auditivo-para-criancas-idosos-adultos-clinica-de-exames-auditivos-em-jaragua-do-sul-2048x1024.png 2048w\" sizes=\"(max-width: 6912px) 100vw, 6912px\" \/>\t\t\t\t\t\t\t\t\t\t\t\t\t\t\t<\/div>\n\t\t\t\t<\/div>\n\t\t\t\t\t<\/div>\n\t\t<\/div>\n\t\t\t\t<div class=\"elementor-column elementor-col-50 elementor-top-column elementor-element elementor-element-542f6a3\" data-id=\"542f6a3\" data-element_type=\"column\" data-e-type=\"column\">\n\t\t\t<div class=\"elementor-widget-wrap elementor-element-populated\">\n\t\t\t\t\t\t<section class=\"elementor-section elementor-inner-section elementor-element elementor-element-7759bd5 elementor-section-full_width elementor-section-height-default elementor-section-height-default\" data-id=\"7759bd5\" data-element_type=\"section\" data-e-type=\"section\" data-settings=\"{&quot;_ha_eqh_enable&quot;:false}\">\n\t\t\t\t\t\t<div class=\"elementor-container elementor-column-gap-no\">\n\t\t\t\t\t<div class=\"elementor-column elementor-col-100 elementor-inner-column elementor-element elementor-element-55e276e\" data-id=\"55e276e\" data-element_type=\"column\" data-e-type=\"column\">\n\t\t\t<div class=\"elementor-widget-wrap elementor-element-populated\">\n\t\t\t\t\t\t<div class=\"elementor-element elementor-element-85e6c54 elementor-widget__width-initial elementor-widget elementor-widget-heading\" data-id=\"85e6c54\" data-element_type=\"widget\" data-e-type=\"widget\" data-widget_type=\"heading.default\">\n\t\t\t\t<div class=\"elementor-widget-container\">\n\t\t\t\t\t<h2 class=\"elementor-heading-title elementor-size-default\">Vendas de Aparelhos<\/h2>\t\t\t\t<\/div>\n\t\t\t\t<\/div>\n\t\t\t\t<div class=\"elementor-element elementor-element-99838c9 elementor-invisible elementor-widget elementor-widget-heading\" data-id=\"99838c9\" data-element_type=\"widget\" data-e-type=\"widget\" data-settings=\"{&quot;_animation&quot;:&quot;fadeInDown&quot;}\" data-widget_type=\"heading.default\">\n\t\t\t\t<div class=\"elementor-widget-container\">\n\t\t\t\t\t<h5 class=\"elementor-heading-title elementor-size-default\">+ Acess\u00f3rios<\/h5>\t\t\t\t<\/div>\n\t\t\t\t<\/div>\n\t\t\t\t<div class=\"elementor-element elementor-element-4b718ca elementor-invisible elementor-widget elementor-widget-heading\" data-id=\"4b718ca\" data-element_type=\"widget\" data-e-type=\"widget\" data-settings=\"{&quot;_animation&quot;:&quot;fadeInDown&quot;}\" data-widget_type=\"heading.default\">\n\t\t\t\t<div class=\"elementor-widget-container\">\n\t\t\t\t\t<h5 class=\"elementor-heading-title elementor-size-default\">Aparelhos auditivos que transformam as vidas das pessoas com perda auditiva. Ultrapassamos os limites da tecnologia e se isso significa desafiar as conven\u00e7\u00f5es, \u00e9 isso que fazemos. \u00c9 o que nos torna l\u00edderes em tecnologia em nosso setor.<\/h5>\t\t\t\t<\/div>\n\t\t\t\t<\/div>\n\t\t\t\t\t<\/div>\n\t\t<\/div>\n\t\t\t\t\t<\/div>\n\t\t<\/section>\n\t\t\t\t\t<\/div>\n\t\t<\/div>\n\t\t\t\t\t<\/div>\n\t\t<\/section>\n\t\t\t\t<section class=\"elementor-section elementor-top-section elementor-element elementor-element-59c8248 elementor-section-full_width elementor-section-height-default elementor-section-height-default\" data-id=\"59c8248\" data-element_type=\"section\" data-e-type=\"section\" data-settings=\"{&quot;motion_fx_motion_fx_scrolling&quot;:&quot;yes&quot;,&quot;background_background&quot;:&quot;classic&quot;,&quot;_ha_eqh_enable&quot;:false,&quot;motion_fx_devices&quot;:[&quot;desktop&quot;,&quot;tablet&quot;,&quot;mobile&quot;]}\">\n\t\t\t\t\t\t<div class=\"elementor-container elementor-column-gap-no\">\n\t\t\t\t\t<div class=\"elementor-column elementor-col-50 elementor-top-column elementor-element elementor-element-e3ed39d\" data-id=\"e3ed39d\" data-element_type=\"column\" data-e-type=\"column\">\n\t\t\t<div class=\"elementor-widget-wrap elementor-element-populated\">\n\t\t\t\t\t\t<section class=\"elementor-section elementor-inner-section elementor-element elementor-element-6413c5b elementor-section-full_width elementor-section-height-default elementor-section-height-default\" data-id=\"6413c5b\" data-element_type=\"section\" data-e-type=\"section\" data-settings=\"{&quot;_ha_eqh_enable&quot;:false}\">\n\t\t\t\t\t\t<div class=\"elementor-container elementor-column-gap-no\">\n\t\t\t\t\t<div class=\"elementor-column elementor-col-50 elementor-inner-column elementor-element elementor-element-645fe9c\" data-id=\"645fe9c\" data-element_type=\"column\" data-e-type=\"column\">\n\t\t\t<div class=\"elementor-widget-wrap elementor-element-populated\">\n\t\t\t\t\t\t<div class=\"elementor-element elementor-element-fc1ad3f animated-slow elementor-invisible elementor-widget elementor-widget-image\" data-id=\"fc1ad3f\" data-element_type=\"widget\" data-e-type=\"widget\" data-settings=\"{&quot;_animation&quot;:&quot;fadeInUp&quot;}\" data-widget_type=\"image.default\">\n\t\t\t\t<div class=\"elementor-widget-container\">\n\t\t\t\t\t\t\t\t\t\t\t\t\t\t\t<img decoding=\"async\" width=\"2560\" height=\"1706\" src=\"https:\/\/audiohear.com.br\/wp-content\/uploads\/2025\/04\/melho-clinica-de-exames-auditivos-audiologicos-fono-exames-para-o-ouvido-jaraga-do-sul15-scaled.jpeg\" class=\"attachment-full size-full wp-image-3258\" alt=\"melho-clinica-de-exames-auditivos-audiologicos-fono-exames-para-o-ouvido-jaraga-do-sul15\" srcset=\"https:\/\/audiohear.com.br\/wp-content\/uploads\/2025\/04\/melho-clinica-de-exames-auditivos-audiologicos-fono-exames-para-o-ouvido-jaraga-do-sul15-scaled.jpeg 2560w, https:\/\/audiohear.com.br\/wp-content\/uploads\/2025\/04\/melho-clinica-de-exames-auditivos-audiologicos-fono-exames-para-o-ouvido-jaraga-do-sul15-300x200.jpeg 300w, https:\/\/audiohear.com.br\/wp-content\/uploads\/2025\/04\/melho-clinica-de-exames-auditivos-audiologicos-fono-exames-para-o-ouvido-jaraga-do-sul15-1024x683.jpeg 1024w, https:\/\/audiohear.com.br\/wp-content\/uploads\/2025\/04\/melho-clinica-de-exames-auditivos-audiologicos-fono-exames-para-o-ouvido-jaraga-do-sul15-768x512.jpeg 768w, https:\/\/audiohear.com.br\/wp-content\/uploads\/2025\/04\/melho-clinica-de-exames-auditivos-audiologicos-fono-exames-para-o-ouvido-jaraga-do-sul15-1536x1024.jpeg 1536w, https:\/\/audiohear.com.br\/wp-content\/uploads\/2025\/04\/melho-clinica-de-exames-auditivos-audiologicos-fono-exames-para-o-ouvido-jaraga-do-sul15-2048x1365.jpeg 2048w\" sizes=\"(max-width: 2560px) 100vw, 2560px\" \/>\t\t\t\t\t\t\t\t\t\t\t\t\t\t\t<\/div>\n\t\t\t\t<\/div>\n\t\t\t\t\t<\/div>\n\t\t<\/div>\n\t\t\t\t<div class=\"elementor-column elementor-col-50 elementor-inner-column elementor-element elementor-element-06844d3\" data-id=\"06844d3\" data-element_type=\"column\" data-e-type=\"column\">\n\t\t\t<div class=\"elementor-widget-wrap elementor-element-populated\">\n\t\t\t\t\t\t<div class=\"elementor-element elementor-element-c2fb0c7 elementor-widget elementor-widget-heading\" data-id=\"c2fb0c7\" data-element_type=\"widget\" data-e-type=\"widget\" data-widget_type=\"heading.default\">\n\t\t\t\t<div class=\"elementor-widget-container\">\n\t\t\t\t\t<h2 class=\"elementor-heading-title elementor-size-default\">Exames<\/h2>\t\t\t\t<\/div>\n\t\t\t\t<\/div>\n\t\t\t\t<div class=\"elementor-element elementor-element-9ceb86b elementor-invisible elementor-widget elementor-widget-text-editor\" data-id=\"9ceb86b\" data-element_type=\"widget\" data-e-type=\"widget\" data-settings=\"{&quot;_animation&quot;:&quot;fadeInDown&quot;}\" data-widget_type=\"text-editor.default\">\n\t\t\t\t<div class=\"elementor-widget-container\">\n\t\t\t\t\t\t\t\t\t<p>Exames audiol\u00f3gicos<br \/>Avalia\u00e7\u00e3o, adapta\u00e7\u00e3o e venda de aparelhos auditivos<br \/>Reabilita\u00e7\u00e3o vestibular e auditiva<br \/><strong>Atendimento humanizado e especializado<\/strong><\/p>\t\t\t\t\t\t\t\t<\/div>\n\t\t\t\t<\/div>\n\t\t\t\t<div class=\"elementor-element elementor-element-172aa49 elementor-widget__width-initial elementor-absolute ha-has-bg-overlay elementor-widget elementor-widget-spacer\" data-id=\"172aa49\" data-element_type=\"widget\" data-e-type=\"widget\" data-settings=\"{&quot;_position&quot;:&quot;absolute&quot;}\" data-widget_type=\"spacer.default\">\n\t\t\t\t<div class=\"elementor-widget-container\">\n\t\t\t\t\t\t\t<div class=\"elementor-spacer\">\n\t\t\t<div class=\"elementor-spacer-inner\"><\/div>\n\t\t<\/div>\n\t\t\t\t\t\t<\/div>\n\t\t\t\t<\/div>\n\t\t\t\t<div class=\"elementor-element elementor-element-a2ace65 elementor-widget__width-auto elementor-widget elementor-widget-image\" data-id=\"a2ace65\" data-element_type=\"widget\" data-e-type=\"widget\" data-widget_type=\"image.default\">\n\t\t\t\t<div class=\"elementor-widget-container\">\n\t\t\t\t\t\t\t\t\t\t\t\t\t\t\t<img decoding=\"async\" width=\"2560\" height=\"1706\" src=\"https:\/\/audiohear.com.br\/wp-content\/uploads\/2025\/04\/melho-clinica-de-exames-auditivos-audiologicos-fono-exames-para-o-ouvido-jaraga-do-sul13-scaled.jpeg\" class=\"attachment-full size-full wp-image-3259\" alt=\"\" srcset=\"https:\/\/audiohear.com.br\/wp-content\/uploads\/2025\/04\/melho-clinica-de-exames-auditivos-audiologicos-fono-exames-para-o-ouvido-jaraga-do-sul13-scaled.jpeg 2560w, https:\/\/audiohear.com.br\/wp-content\/uploads\/2025\/04\/melho-clinica-de-exames-auditivos-audiologicos-fono-exames-para-o-ouvido-jaraga-do-sul13-300x200.jpeg 300w, https:\/\/audiohear.com.br\/wp-content\/uploads\/2025\/04\/melho-clinica-de-exames-auditivos-audiologicos-fono-exames-para-o-ouvido-jaraga-do-sul13-1024x683.jpeg 1024w, https:\/\/audiohear.com.br\/wp-content\/uploads\/2025\/04\/melho-clinica-de-exames-auditivos-audiologicos-fono-exames-para-o-ouvido-jaraga-do-sul13-768x512.jpeg 768w, https:\/\/audiohear.com.br\/wp-content\/uploads\/2025\/04\/melho-clinica-de-exames-auditivos-audiologicos-fono-exames-para-o-ouvido-jaraga-do-sul13-1536x1024.jpeg 1536w, https:\/\/audiohear.com.br\/wp-content\/uploads\/2025\/04\/melho-clinica-de-exames-auditivos-audiologicos-fono-exames-para-o-ouvido-jaraga-do-sul13-2048x1365.jpeg 2048w\" sizes=\"(max-width: 2560px) 100vw, 2560px\" \/>\t\t\t\t\t\t\t\t\t\t\t\t\t\t\t<\/div>\n\t\t\t\t<\/div>\n\t\t\t\t\t<\/div>\n\t\t<\/div>\n\t\t\t\t\t<\/div>\n\t\t<\/section>\n\t\t\t\t\t<\/div>\n\t\t<\/div>\n\t\t\t\t<div class=\"elementor-column elementor-col-50 elementor-top-column elementor-element elementor-element-d02acec\" data-id=\"d02acec\" data-element_type=\"column\" data-e-type=\"column\">\n\t\t\t<div class=\"elementor-widget-wrap elementor-element-populated\">\n\t\t\t\t\t\t<div class=\"elementor-element elementor-element-0339e4e ha-has-bg-overlay elementor-widget elementor-widget-image\" data-id=\"0339e4e\" data-element_type=\"widget\" data-e-type=\"widget\" data-widget_type=\"image.default\">\n\t\t\t\t<div class=\"elementor-widget-container\">\n\t\t\t\t\t\t\t\t\t\t\t\t\t\t\t<img loading=\"lazy\" decoding=\"async\" width=\"344\" height=\"353\" src=\"https:\/\/audiohear.com.br\/wp-content\/uploads\/2025\/03\/audio-hear-melhor-clinica-auditiva-de-jaragua-do-sul-santa-catarina1.png\" class=\"attachment-full size-full wp-image-3344\" alt=\"\" srcset=\"https:\/\/audiohear.com.br\/wp-content\/uploads\/2025\/03\/audio-hear-melhor-clinica-auditiva-de-jaragua-do-sul-santa-catarina1.png 344w, https:\/\/audiohear.com.br\/wp-content\/uploads\/2025\/03\/audio-hear-melhor-clinica-auditiva-de-jaragua-do-sul-santa-catarina1-292x300.png 292w\" sizes=\"(max-width: 344px) 100vw, 344px\" \/>\t\t\t\t\t\t\t\t\t\t\t\t\t\t\t<\/div>\n\t\t\t\t<\/div>\n\t\t\t\t<div class=\"elementor-element elementor-element-926af48 elementor-widget elementor-widget-accordion\" data-id=\"926af48\" data-element_type=\"widget\" data-e-type=\"widget\" data-widget_type=\"accordion.default\">\n\t\t\t\t<div class=\"elementor-widget-container\">\n\t\t\t\t\t\t\t<div class=\"elementor-accordion\">\n\t\t\t\t\t\t\t<div class=\"elementor-accordion-item\">\n\t\t\t\t\t<div id=\"elementor-tab-title-1531\" class=\"elementor-tab-title\" data-tab=\"1\" role=\"button\" aria-controls=\"elementor-tab-content-1531\" aria-expanded=\"false\">\n\t\t\t\t\t\t\t\t\t\t\t\t\t<span class=\"elementor-accordion-icon elementor-accordion-icon-left\" aria-hidden=\"true\">\n\t\t\t\t\t\t\t\t\t\t\t\t\t\t\t<span class=\"elementor-accordion-icon-closed\"><i class=\"fas fa-plus\"><\/i><\/span>\n\t\t\t\t\t\t\t\t<span class=\"elementor-accordion-icon-opened\"><i class=\"fas fa-minus\"><\/i><\/span>\n\t\t\t\t\t\t\t\t\t\t\t\t\t\t<\/span>\n\t\t\t\t\t\t\t\t\t\t\t\t<a class=\"elementor-accordion-title\" tabindex=\"0\">Exames Audiol\u00f3gicos<\/a>\n\t\t\t\t\t<\/div>\n\t\t\t\t\t<div id=\"elementor-tab-content-1531\" class=\"elementor-tab-content elementor-clearfix\" data-tab=\"1\" role=\"region\" aria-labelledby=\"elementor-tab-title-1531\"><p>Audiometria tonal;<br \/>Audiometria vocal;<br \/>Audiometria condicionada; <br \/>Audiometria com refor\u00e7o visual;<br \/>Imitanciometria;<br \/>Emiss\u00f5es Otoac\u00fasticas; <br \/>Vectoeletronistagmografia; <br \/>Exame de processamento Auditivo Central; <br \/>Terapia de processamento Auditivo Central;<br \/>Pr\u00f3teses Auditivas.<\/p><\/div>\n\t\t\t\t<\/div>\n\t\t\t\t\t\t\t\t\t\t<script type=\"application\/ld+json\">{\"@context\":\"https:\\\/\\\/schema.org\",\"@type\":\"FAQPage\",\"mainEntity\":[{\"@type\":\"Question\",\"name\":\"Exames Audiol\\u00f3gicos\",\"acceptedAnswer\":{\"@type\":\"Answer\",\"text\":\"<p>Audiometria tonal;<br \\\/>Audiometria vocal;<br \\\/>Audiometria condicionada; <br \\\/>Audiometria com refor\\u00e7o visual;<br \\\/>Imitanciometria;<br \\\/>Emiss\\u00f5es Otoac\\u00fasticas; <br \\\/>Vectoeletronistagmografia; <br \\\/>Exame de processamento Auditivo Central; <br \\\/>Terapia de processamento Auditivo Central;<br \\\/>Pr\\u00f3teses Auditivas.<\\\/p>\"}}]}<\/script>\n\t\t\t\t\t<\/div>\n\t\t\t\t\t\t<\/div>\n\t\t\t\t<\/div>\n\t\t\t\t\t<\/div>\n\t\t<\/div>\n\t\t\t\t\t<\/div>\n\t\t<\/section>\n\t\t\t\t<section class=\"elementor-section elementor-top-section elementor-element elementor-element-e2ee091 elementor-section-full_width elementor-section-height-default elementor-section-height-default\" data-id=\"e2ee091\" data-element_type=\"section\" data-e-type=\"section\" data-settings=\"{&quot;background_background&quot;:&quot;classic&quot;,&quot;_ha_eqh_enable&quot;:false}\">\n\t\t\t\t\t\t<div class=\"elementor-container elementor-column-gap-default\">\n\t\t\t\t\t<div class=\"elementor-column elementor-col-50 elementor-top-column elementor-element elementor-element-fb40eef\" data-id=\"fb40eef\" data-element_type=\"column\" data-e-type=\"column\">\n\t\t\t<div class=\"elementor-widget-wrap elementor-element-populated\">\n\t\t\t\t\t\t<div class=\"elementor-element elementor-element-f42b3dd elementor-widget elementor-widget-heading\" data-id=\"f42b3dd\" data-element_type=\"widget\" data-e-type=\"widget\" data-widget_type=\"heading.default\">\n\t\t\t\t<div class=\"elementor-widget-container\">\n\t\t\t\t\t<h2 class=\"elementor-heading-title elementor-size-default\">1<\/h2>\t\t\t\t<\/div>\n\t\t\t\t<\/div>\n\t\t\t\t<div class=\"elementor-element elementor-element-eb7a77c elementor-widget elementor-widget-heading\" data-id=\"eb7a77c\" data-element_type=\"widget\" data-e-type=\"widget\" data-widget_type=\"heading.default\">\n\t\t\t\t<div class=\"elementor-widget-container\">\n\t\t\t\t\t<h2 class=\"elementor-heading-title elementor-size-default\">Audiometria  Tonal<\/h2>\t\t\t\t<\/div>\n\t\t\t\t<\/div>\n\t\t\t\t<div class=\"elementor-element elementor-element-57aa1e9 elementor-widget elementor-widget-text-editor\" data-id=\"57aa1e9\" data-element_type=\"widget\" data-e-type=\"widget\" data-widget_type=\"text-editor.default\">\n\t\t\t\t<div class=\"elementor-widget-container\">\n\t\t\t\t\t\t\t\t\t<p class=\"\" data-start=\"0\" data-end=\"264\"><strong data-start=\"0\" data-end=\"21\">Audiometria tonal<\/strong> \u00e9 um exame realizado para avaliar a <strong data-start=\"58\" data-end=\"81\">capacidade auditiva<\/strong> de uma pessoa, ou seja, o qu\u00e3o bem ela consegue ouvir sons em diferentes <strong data-start=\"155\" data-end=\"177\">frequ\u00eancias (tons)<\/strong> e <strong data-start=\"180\" data-end=\"205\">intensidades (volume)<\/strong>. \u00c9 o teste mais comum para identificar <strong data-start=\"245\" data-end=\"263\">perda auditiva<\/strong>.<\/p><h3 class=\"\" data-start=\"266\" data-end=\"283\">Como \u00e9 feito:<\/h3><ul data-start=\"284\" data-end=\"701\"><li class=\"\" data-start=\"284\" data-end=\"350\"><p class=\"\" data-start=\"286\" data-end=\"350\">O paciente entra em uma <strong data-start=\"310\" data-end=\"329\">cabine ac\u00fastica<\/strong> (isolada de ru\u00eddos).<\/p><\/li><li class=\"\" data-start=\"351\" data-end=\"551\"><p class=\"\" data-start=\"353\" data-end=\"551\">Usa-se um <strong data-start=\"363\" data-end=\"381\">fone de ouvido<\/strong>, por onde s\u00e3o emitidos sons puros (tons) em diferentes <strong data-start=\"437\" data-end=\"452\">frequ\u00eancias<\/strong> (geralmente entre 250 Hz e 8000 Hz) e <strong data-start=\"491\" data-end=\"507\">intensidades<\/strong> (volume que varia de muito baixo at\u00e9 alto).<\/p><\/li><li class=\"\" data-start=\"552\" data-end=\"651\"><p class=\"\" data-start=\"554\" data-end=\"651\">A cada som ouvido, o paciente deve sinalizar (geralmente levantando a m\u00e3o ou apertando um bot\u00e3o).<\/p><\/li><li class=\"\" data-start=\"652\" data-end=\"701\"><p class=\"\" data-start=\"654\" data-end=\"701\">O exame \u00e9 feito separadamente para cada ouvido.<\/p><\/li><\/ul><h3 class=\"\" data-start=\"703\" data-end=\"728\">O que o exame avalia:<\/h3><ul data-start=\"729\" data-end=\"978\"><li class=\"\" data-start=\"729\" data-end=\"775\"><p class=\"\" data-start=\"731\" data-end=\"775\">Quais sons o paciente consegue ou n\u00e3o ouvir.<\/p><\/li><li class=\"\" data-start=\"776\" data-end=\"880\"><p class=\"\" data-start=\"778\" data-end=\"880\">O <strong data-start=\"780\" data-end=\"799\">limiar auditivo<\/strong>, que \u00e9 o volume m\u00ednimo necess\u00e1rio para a pessoa ouvir um som em cada frequ\u00eancia.<\/p><\/li><li class=\"\" data-start=\"881\" data-end=\"978\"><p class=\"\" data-start=\"883\" data-end=\"978\">Os resultados s\u00e3o representados em um <strong data-start=\"921\" data-end=\"935\">audiograma<\/strong>, um gr\u00e1fico que mostra o n\u00edvel de audi\u00e7\u00e3o.<\/p><\/li><\/ul><h3 class=\"\" data-start=\"980\" data-end=\"999\">Para que serve:<\/h3><ul data-start=\"1000\" data-end=\"1241\"><li class=\"\" data-start=\"1000\" data-end=\"1086\"><p class=\"\" data-start=\"1002\" data-end=\"1086\">Diagnosticar <strong data-start=\"1015\" data-end=\"1050\">tipos e graus de perda auditiva<\/strong> (leve, moderada, severa, profunda).<\/p><\/li><li class=\"\" data-start=\"1087\" data-end=\"1135\"><p class=\"\" data-start=\"1089\" data-end=\"1135\">Ajudar a indicar o uso de aparelhos auditivos.<\/p><\/li><li class=\"\" data-start=\"1136\" data-end=\"1241\"><p class=\"\" data-start=\"1138\" data-end=\"1241\">Avaliar a audi\u00e7\u00e3o de forma preventiva ou ocupacional (por exemplo, em trabalhadores expostos a ru\u00eddos).<\/p><\/li><\/ul>\t\t\t\t\t\t\t\t<\/div>\n\t\t\t\t<\/div>\n\t\t\t\t\t<\/div>\n\t\t<\/div>\n\t\t\t\t<div class=\"elementor-column elementor-col-50 elementor-top-column elementor-element elementor-element-79a5458\" data-id=\"79a5458\" data-element_type=\"column\" data-e-type=\"column\">\n\t\t\t<div class=\"elementor-widget-wrap elementor-element-populated\">\n\t\t\t\t\t\t<div class=\"elementor-element elementor-element-f29e0db elementor-widget elementor-widget-heading\" data-id=\"f29e0db\" data-element_type=\"widget\" data-e-type=\"widget\" data-widget_type=\"heading.default\">\n\t\t\t\t<div class=\"elementor-widget-container\">\n\t\t\t\t\t<h2 class=\"elementor-heading-title elementor-size-default\">2<\/h2>\t\t\t\t<\/div>\n\t\t\t\t<\/div>\n\t\t\t\t<div class=\"elementor-element elementor-element-4e67db8 elementor-widget elementor-widget-heading\" data-id=\"4e67db8\" data-element_type=\"widget\" data-e-type=\"widget\" data-widget_type=\"heading.default\">\n\t\t\t\t<div class=\"elementor-widget-container\">\n\t\t\t\t\t<h2 class=\"elementor-heading-title elementor-size-default\">Audiometria Vocal<\/h2>\t\t\t\t<\/div>\n\t\t\t\t<\/div>\n\t\t\t\t<div class=\"elementor-element elementor-element-633f33b elementor-widget elementor-widget-text-editor\" data-id=\"633f33b\" data-element_type=\"widget\" data-e-type=\"widget\" data-widget_type=\"text-editor.default\">\n\t\t\t\t<div class=\"elementor-widget-container\">\n\t\t\t\t\t\t\t\t\t<p class=\"\" data-start=\"0\" data-end=\"259\"><strong data-start=\"0\" data-end=\"21\">Audiometria vocal<\/strong> \u00e9 um exame complementar \u00e0 <strong data-start=\"48\" data-end=\"69\">audiometria tonal<\/strong>, usado para avaliar a <strong data-start=\"92\" data-end=\"139\">capacidade de uma pessoa de entender a fala<\/strong>. Enquanto a tonal mede a detec\u00e7\u00e3o de sons puros (tons), a vocal verifica se a pessoa <strong data-start=\"225\" data-end=\"258\">consegue compreender palavras<\/strong>.<\/p><hr class=\"\" data-start=\"261\" data-end=\"264\" \/><h3 class=\"\" data-start=\"266\" data-end=\"307\"><strong data-start=\"270\" data-end=\"307\">Como \u00e9 feita a audiometria vocal:<\/strong><\/h3><ul data-start=\"308\" data-end=\"535\"><li class=\"\" data-start=\"308\" data-end=\"384\"><p class=\"\" data-start=\"310\" data-end=\"384\">O paciente tamb\u00e9m fica em uma <strong data-start=\"340\" data-end=\"359\">cabine ac\u00fastica<\/strong>, com <strong data-start=\"365\" data-end=\"383\">fone de ouvido<\/strong>.<\/p><\/li><li class=\"\" data-start=\"385\" data-end=\"487\"><p class=\"\" data-start=\"387\" data-end=\"487\">O examinador fala ou reproduz grava\u00e7\u00f5es de <strong data-start=\"430\" data-end=\"442\">palavras<\/strong> ou <strong data-start=\"446\" data-end=\"467\">listas de fonemas<\/strong> por meio dos fones.<\/p><\/li><li class=\"\" data-start=\"488\" data-end=\"532\"><p class=\"\" data-start=\"490\" data-end=\"532\">O paciente deve <strong data-start=\"506\" data-end=\"517\">repetir<\/strong> o que escutou.<\/p><\/li><\/ul><hr class=\"\" data-start=\"536\" data-end=\"539\" \/><h3 class=\"\" data-start=\"541\" data-end=\"576\"><strong data-start=\"545\" data-end=\"576\">Etapas principais do exame:<\/strong><\/h3><ol data-start=\"578\" data-end=\"1123\"><li class=\"\" data-start=\"578\" data-end=\"829\"><p class=\"\" data-start=\"581\" data-end=\"625\"><strong data-start=\"581\" data-end=\"624\">Limiar de detec\u00e7\u00e3o da fala (LDV ou SRT)<\/strong>:<\/p><ul data-start=\"629\" data-end=\"829\"><li class=\"\" data-start=\"629\" data-end=\"756\"><p class=\"\" data-start=\"631\" data-end=\"756\">Mede o volume m\u00ednimo necess\u00e1rio para que a pessoa <strong data-start=\"681\" data-end=\"723\">consiga detectar e reconhecer palavras<\/strong> simples (geralmente diss\u00edlabas).<\/p><\/li><li class=\"\" data-start=\"760\" data-end=\"829\"><p class=\"\" data-start=\"762\" data-end=\"829\">Serve para comparar com o limiar tonal e verificar se h\u00e1 coer\u00eancia.<\/p><\/li><\/ul><\/li><li class=\"\" data-start=\"831\" data-end=\"1123\"><p class=\"\" data-start=\"834\" data-end=\"884\"><strong data-start=\"834\" data-end=\"883\">\u00cdndice de reconhecimento de fala (IRF ou SDT)<\/strong>:<\/p><ul data-start=\"888\" data-end=\"1123\"><li class=\"\" data-start=\"888\" data-end=\"1008\"><p class=\"\" data-start=\"890\" data-end=\"1008\">Mede a porcentagem de palavras que a pessoa consegue <strong data-start=\"943\" data-end=\"968\">entender corretamente<\/strong> quando faladas a um volume confort\u00e1vel.<\/p><\/li><li class=\"\" data-start=\"1012\" data-end=\"1068\"><p class=\"\" data-start=\"1014\" data-end=\"1068\">Usa-se uma lista de palavras monossil\u00e1bicas ou comuns.<\/p><\/li><li class=\"\" data-start=\"1072\" data-end=\"1123\"><p class=\"\" data-start=\"1074\" data-end=\"1123\">O resultado \u00e9 dado em <strong data-start=\"1096\" data-end=\"1122\">porcentagem de acertos<\/strong>.<\/p><\/li><\/ul><\/li><\/ol><hr class=\"\" data-start=\"1125\" data-end=\"1128\" \/><h3 class=\"\" data-start=\"1130\" data-end=\"1153\"><strong data-start=\"1134\" data-end=\"1153\">Para que serve:<\/strong><\/h3><ul data-start=\"1154\" data-end=\"1405\"><li class=\"\" data-start=\"1154\" data-end=\"1230\"><p class=\"\" data-start=\"1156\" data-end=\"1230\">Avaliar <strong data-start=\"1164\" data-end=\"1195\">a capacidade de comunica\u00e7\u00e3o<\/strong>, al\u00e9m da simples detec\u00e7\u00e3o de sons.<\/p><\/li><li class=\"\" data-start=\"1231\" data-end=\"1320\"><p class=\"\" data-start=\"1233\" data-end=\"1320\">Identificar se a perda auditiva afeta mais a <strong data-start=\"1278\" data-end=\"1301\">compreens\u00e3o da fala<\/strong> do que o esperado.<\/p><\/li><li class=\"\" data-start=\"1321\" data-end=\"1405\"><p class=\"\" data-start=\"1323\" data-end=\"1405\">Ajudar na indica\u00e7\u00e3o e regulagem de <strong data-start=\"1358\" data-end=\"1404\">aparelhos auditivos ou implantes cocleares<\/strong>.<\/p><\/li><\/ul>\t\t\t\t\t\t\t\t<\/div>\n\t\t\t\t<\/div>\n\t\t\t\t\t<\/div>\n\t\t<\/div>\n\t\t\t\t\t<\/div>\n\t\t<\/section>\n\t\t\t\t<section class=\"elementor-section elementor-top-section elementor-element elementor-element-c195d67 elementor-section-full_width elementor-section-height-default elementor-section-height-default\" data-id=\"c195d67\" data-element_type=\"section\" data-e-type=\"section\" data-settings=\"{&quot;_ha_eqh_enable&quot;:false}\">\n\t\t\t\t\t\t<div class=\"elementor-container elementor-column-gap-default\">\n\t\t\t\t\t<div class=\"elementor-column elementor-col-50 elementor-top-column elementor-element elementor-element-4fd1662\" data-id=\"4fd1662\" data-element_type=\"column\" data-e-type=\"column\">\n\t\t\t<div class=\"elementor-widget-wrap elementor-element-populated\">\n\t\t\t\t\t\t<div class=\"elementor-element elementor-element-39a1c56 elementor-widget elementor-widget-heading\" data-id=\"39a1c56\" data-element_type=\"widget\" data-e-type=\"widget\" data-widget_type=\"heading.default\">\n\t\t\t\t<div class=\"elementor-widget-container\">\n\t\t\t\t\t<h2 class=\"elementor-heading-title elementor-size-default\">3<\/h2>\t\t\t\t<\/div>\n\t\t\t\t<\/div>\n\t\t\t\t<div class=\"elementor-element elementor-element-51eb064 elementor-widget elementor-widget-heading\" data-id=\"51eb064\" data-element_type=\"widget\" data-e-type=\"widget\" data-widget_type=\"heading.default\">\n\t\t\t\t<div class=\"elementor-widget-container\">\n\t\t\t\t\t<h2 class=\"elementor-heading-title elementor-size-default\">Audiometria  Condicionada<\/h2>\t\t\t\t<\/div>\n\t\t\t\t<\/div>\n\t\t\t\t<div class=\"elementor-element elementor-element-a6443f9 elementor-widget elementor-widget-text-editor\" data-id=\"a6443f9\" data-element_type=\"widget\" data-e-type=\"widget\" data-widget_type=\"text-editor.default\">\n\t\t\t\t<div class=\"elementor-widget-container\">\n\t\t\t\t\t\t\t\t\t<p class=\"\" data-start=\"0\" data-end=\"309\"><strong data-start=\"0\" data-end=\"28\">Audiometria condicionada<\/strong> (ou <strong data-start=\"33\" data-end=\"77\">audiometria com refor\u00e7o visual ou l\u00fadico<\/strong>) \u00e9 um tipo de exame auditivo usado principalmente em <strong data-start=\"131\" data-end=\"152\">crian\u00e7as pequenas<\/strong> (geralmente entre 6 meses e 3 anos de idade), ou em pessoas que <strong data-start=\"217\" data-end=\"262\">n\u00e3o conseguem seguir instru\u00e7\u00f5es complexas<\/strong>, como alguns casos de defici\u00eancia intelectual.<\/p><hr class=\"\" data-start=\"311\" data-end=\"314\" \/><h3 class=\"\" data-start=\"316\" data-end=\"335\">Objetivo:<\/h3><p class=\"\" data-start=\"336\" data-end=\"472\">Avaliar a <strong data-start=\"346\" data-end=\"376\">audi\u00e7\u00e3o de forma confi\u00e1vel<\/strong>, mesmo quando o paciente <strong data-start=\"402\" data-end=\"440\">n\u00e3o consegue responder verbalmente<\/strong> ou com precis\u00e3o como um adulto.<\/p><hr class=\"\" data-start=\"474\" data-end=\"477\" \/><h3 class=\"\" data-start=\"479\" data-end=\"504\"><strong data-start=\"486\" data-end=\"504\">Como funciona:<\/strong><\/h3><ul data-start=\"505\" data-end=\"1018\"><li class=\"\" data-start=\"505\" data-end=\"616\"><p class=\"\" data-start=\"507\" data-end=\"616\">A crian\u00e7a \u00e9 <strong data-start=\"519\" data-end=\"535\">condicionada<\/strong> a associar um <strong data-start=\"550\" data-end=\"569\">est\u00edmulo sonoro<\/strong> a uma <strong data-start=\"576\" data-end=\"597\">recompensa visual<\/strong> ou a\u00e7\u00e3o divertida.<\/p><\/li><li class=\"\" data-start=\"617\" data-end=\"698\"><p class=\"\" data-start=\"619\" data-end=\"698\">Sons (tons puros) s\u00e3o apresentados por <strong data-start=\"658\" data-end=\"675\">alto-falantes<\/strong> ou <strong data-start=\"679\" data-end=\"697\">fone de ouvido<\/strong>.<\/p><\/li><li class=\"\" data-start=\"699\" data-end=\"899\"><p class=\"\" data-start=\"701\" data-end=\"899\">Quando a crian\u00e7a ouve o som e <strong data-start=\"731\" data-end=\"756\">responde corretamente<\/strong> (ex: vira a cabe\u00e7a, toca um brinquedo), ela recebe um <strong data-start=\"811\" data-end=\"831\">refor\u00e7o positivo<\/strong>, como luzes piscando, um boneco se mexendo ou elogio do examinador.<\/p><\/li><li class=\"\" data-start=\"900\" data-end=\"1018\"><p class=\"\" data-start=\"902\" data-end=\"1018\">Aos poucos, a crian\u00e7a entende que, ao <strong data-start=\"940\" data-end=\"960\">responder ao som<\/strong>, algo <strong data-start=\"967\" data-end=\"988\">positivo acontece<\/strong>, e colabora mais com o exame.<\/p><\/li><\/ul><hr class=\"\" data-start=\"1020\" data-end=\"1023\" \/><h3 class=\"\" data-start=\"1025\" data-end=\"1051\">Tipos relacionados:<\/h3><ul data-start=\"1052\" data-end=\"1382\"><li class=\"\" data-start=\"1052\" data-end=\"1208\"><p class=\"\" data-start=\"1054\" data-end=\"1208\"><strong data-start=\"1054\" data-end=\"1128\">Audiometria com refor\u00e7o visual (VRA \u2013 Visual Reinforcement Audiometry)<\/strong>: usada em beb\u00eas a partir de 6 meses. Recompensa com luzes ou brinquedos m\u00f3veis.<\/p><\/li><li class=\"\" data-start=\"1209\" data-end=\"1382\"><p class=\"\" data-start=\"1211\" data-end=\"1382\"><strong data-start=\"1211\" data-end=\"1251\">Audiometria l\u00fadica (Play Audiometry)<\/strong>: usada em crian\u00e7as a partir de 2 a 3 anos. A crian\u00e7a realiza uma a\u00e7\u00e3o (ex: colocar um bloco em um balde) toda vez que ouve um som.<\/p><\/li><\/ul><hr class=\"\" data-start=\"1384\" data-end=\"1387\" \/><h3 class=\"\" data-start=\"1389\" data-end=\"1411\">Para que serve:<\/h3><ul data-start=\"1412\" data-end=\"1619\"><li class=\"\" data-start=\"1412\" data-end=\"1463\"><p class=\"\" data-start=\"1414\" data-end=\"1463\">Detectar <strong data-start=\"1423\" data-end=\"1462\">perda auditiva em crian\u00e7as pequenas<\/strong>.<\/p><\/li><li class=\"\" data-start=\"1464\" data-end=\"1523\"><p class=\"\" data-start=\"1466\" data-end=\"1523\">Acompanhar o <strong data-start=\"1479\" data-end=\"1522\">desenvolvimento auditivo e de linguagem<\/strong>.<\/p><\/li><li class=\"\" data-start=\"1524\" data-end=\"1619\"><p class=\"\" data-start=\"1526\" data-end=\"1619\">Ajudar na <strong data-start=\"1536\" data-end=\"1559\">interven\u00e7\u00e3o precoce<\/strong> com aparelhos auditivos, fonoaudiologia ou outras terapias.<\/p><\/li><\/ul>\t\t\t\t\t\t\t\t<\/div>\n\t\t\t\t<\/div>\n\t\t\t\t\t<\/div>\n\t\t<\/div>\n\t\t\t\t<div class=\"elementor-column elementor-col-50 elementor-top-column elementor-element elementor-element-e308d82\" data-id=\"e308d82\" data-element_type=\"column\" data-e-type=\"column\">\n\t\t\t<div class=\"elementor-widget-wrap elementor-element-populated\">\n\t\t\t\t\t\t<div class=\"elementor-element elementor-element-68bbc65 elementor-widget elementor-widget-heading\" data-id=\"68bbc65\" data-element_type=\"widget\" data-e-type=\"widget\" data-widget_type=\"heading.default\">\n\t\t\t\t<div class=\"elementor-widget-container\">\n\t\t\t\t\t<h2 class=\"elementor-heading-title elementor-size-default\">4<\/h2>\t\t\t\t<\/div>\n\t\t\t\t<\/div>\n\t\t\t\t<div class=\"elementor-element elementor-element-a8fb164 elementor-widget elementor-widget-heading\" data-id=\"a8fb164\" data-element_type=\"widget\" data-e-type=\"widget\" data-widget_type=\"heading.default\">\n\t\t\t\t<div class=\"elementor-widget-container\">\n\t\t\t\t\t<h2 class=\"elementor-heading-title elementor-size-default\">Audiometria com Refor\u00e7o Visual (ARV)<\/h2>\t\t\t\t<\/div>\n\t\t\t\t<\/div>\n\t\t\t\t<div class=\"elementor-element elementor-element-b4efb45 elementor-widget elementor-widget-text-editor\" data-id=\"b4efb45\" data-element_type=\"widget\" data-e-type=\"widget\" data-widget_type=\"text-editor.default\">\n\t\t\t\t<div class=\"elementor-widget-container\">\n\t\t\t\t\t\t\t\t\t<p class=\"\" data-start=\"0\" data-end=\"265\"><strong data-start=\"0\" data-end=\"40\">Audiometria com Refor\u00e7o Visual (ARV)<\/strong> \u2014 em ingl\u00eas, <strong data-start=\"54\" data-end=\"95\">Visual Reinforcement Audiometry (VRA)<\/strong> \u2014 \u00e9 um tipo de <strong data-start=\"111\" data-end=\"139\">audiometria condicionada<\/strong> usada principalmente para <strong data-start=\"166\" data-end=\"216\">avaliar a audi\u00e7\u00e3o de beb\u00eas e crian\u00e7as pequenas<\/strong>, geralmente entre <strong data-start=\"235\" data-end=\"264\">6 meses e 2 anos de idade<\/strong>.<\/p><hr class=\"\" data-start=\"267\" data-end=\"270\" \/><h3 class=\"\" data-start=\"272\" data-end=\"304\"><strong data-start=\"279\" data-end=\"304\">Para quem \u00e9 indicada:<\/strong><\/h3><ul data-start=\"305\" data-end=\"467\"><li class=\"\" data-start=\"305\" data-end=\"395\"><p class=\"\" data-start=\"307\" data-end=\"395\">Beb\u00eas e crian\u00e7as que <strong data-start=\"328\" data-end=\"347\">ainda n\u00e3o falam<\/strong> ou n\u00e3o conseguem <strong data-start=\"365\" data-end=\"394\">seguir instru\u00e7\u00f5es verbais<\/strong>.<\/p><\/li><li class=\"\" data-start=\"396\" data-end=\"467\"><p class=\"\" data-start=\"398\" data-end=\"467\">Tamb\u00e9m pode ser usada em crian\u00e7as com <strong data-start=\"436\" data-end=\"466\">atrasos no desenvolvimento<\/strong>.<\/p><\/li><\/ul><hr class=\"\" data-start=\"469\" data-end=\"472\" \/><h3 class=\"\" data-start=\"474\" data-end=\"498\"><strong data-start=\"481\" data-end=\"498\">Como \u00e9 feita:<\/strong><\/h3><ol data-start=\"500\" data-end=\"1019\"><li class=\"\" data-start=\"500\" data-end=\"584\"><p class=\"\" data-start=\"503\" data-end=\"584\">A crian\u00e7a fica sentada no colo do respons\u00e1vel, dentro de uma <strong data-start=\"564\" data-end=\"583\">cabine ac\u00fastica<\/strong>.<\/p><\/li><li class=\"\" data-start=\"585\" data-end=\"702\"><p class=\"\" data-start=\"588\" data-end=\"702\">Sons s\u00e3o emitidos por <strong data-start=\"610\" data-end=\"627\">alto-falantes<\/strong> localizados \u00e0 direita e \u00e0 esquerda (ou, se poss\u00edvel, por fones de ouvido).<\/p><\/li><li class=\"\" data-start=\"703\" data-end=\"924\"><p class=\"\" data-start=\"706\" data-end=\"812\">Quando a crian\u00e7a <strong data-start=\"723\" data-end=\"737\">ouve o som<\/strong> e <strong data-start=\"740\" data-end=\"775\">vira a cabe\u00e7a na dire\u00e7\u00e3o do som<\/strong>, ela \u00e9 <strong data-start=\"783\" data-end=\"811\">recompensada visualmente<\/strong>:<\/p><ul data-start=\"816\" data-end=\"924\"><li class=\"\" data-start=\"816\" data-end=\"840\"><p class=\"\" data-start=\"818\" data-end=\"840\">Uma <strong data-start=\"822\" data-end=\"839\">luz se acende<\/strong>.<\/p><\/li><li class=\"\" data-start=\"844\" data-end=\"871\"><p class=\"\" data-start=\"846\" data-end=\"871\">Um <strong data-start=\"849\" data-end=\"870\">brinquedo se move<\/strong>.<\/p><\/li><li class=\"\" data-start=\"875\" data-end=\"924\"><p class=\"\" data-start=\"877\" data-end=\"924\">Uma <strong data-start=\"881\" data-end=\"923\">tela mostra um v\u00eddeo curto ou anima\u00e7\u00e3o<\/strong>.<\/p><\/li><\/ul><\/li><li class=\"\" data-start=\"925\" data-end=\"1019\"><p class=\"\" data-start=\"928\" data-end=\"1019\">Com o tempo, a crian\u00e7a \u00e9 <strong data-start=\"953\" data-end=\"969\">condicionada<\/strong> a responder ao som esperando a recompensa visual.<\/p><\/li><\/ol><hr class=\"\" data-start=\"1021\" data-end=\"1024\" \/><h3 class=\"\" data-start=\"1026\" data-end=\"1046\"><strong data-start=\"1033\" data-end=\"1046\">Objetivo:<\/strong><\/h3><ul data-start=\"1047\" data-end=\"1295\"><li class=\"\" data-start=\"1047\" data-end=\"1148\"><p class=\"\" data-start=\"1049\" data-end=\"1148\">Medir os <strong data-start=\"1058\" data-end=\"1080\">limiares auditivos<\/strong> (menor volume que a crian\u00e7a percebe) em diferentes <strong data-start=\"1132\" data-end=\"1147\">frequ\u00eancias<\/strong>.<\/p><\/li><li class=\"\" data-start=\"1149\" data-end=\"1211\"><p class=\"\" data-start=\"1151\" data-end=\"1211\">Verificar se a crian\u00e7a <strong data-start=\"1174\" data-end=\"1190\">reage a sons<\/strong> em ambos os ouvidos.<\/p><\/li><li class=\"\" data-start=\"1212\" data-end=\"1295\"><p class=\"\" data-start=\"1214\" data-end=\"1295\">Identificar <strong data-start=\"1226\" data-end=\"1252\">perda auditiva precoce<\/strong> e determinar a necessidade de interven\u00e7\u00e3o.<\/p><\/li><\/ul><hr class=\"\" data-start=\"1297\" data-end=\"1300\" \/><h3 class=\"\" data-start=\"1302\" data-end=\"1324\"><strong data-start=\"1309\" data-end=\"1324\">Resultados:<\/strong><\/h3><ul data-start=\"1325\" data-end=\"1528\"><li class=\"\" data-start=\"1325\" data-end=\"1405\"><p class=\"\" data-start=\"1327\" data-end=\"1405\">Os dados s\u00e3o registrados em um <strong data-start=\"1358\" data-end=\"1372\">audiograma<\/strong>, semelhante ao usado em adultos.<\/p><\/li><li class=\"\" data-start=\"1406\" data-end=\"1528\"><p class=\"\" data-start=\"1408\" data-end=\"1528\">Se a crian\u00e7a n\u00e3o reage em determinadas frequ\u00eancias ou volumes, pode indicar <strong data-start=\"1484\" data-end=\"1527\">perda auditiva leve, moderada ou severa<\/strong>.<\/p><\/li><\/ul><hr class=\"\" data-start=\"1530\" data-end=\"1533\" \/><h3 class=\"\" data-start=\"1535\" data-end=\"1554\">Import\u00e2ncia:<\/h3><ul data-start=\"1555\" data-end=\"1770\"><li class=\"\" data-start=\"1555\" data-end=\"1667\"><p class=\"\" data-start=\"1557\" data-end=\"1667\">A detec\u00e7\u00e3o precoce de perda auditiva \u00e9 <strong data-start=\"1596\" data-end=\"1609\">essencial<\/strong> para o desenvolvimento da <strong data-start=\"1636\" data-end=\"1666\">fala, linguagem e cogni\u00e7\u00e3o<\/strong>.<\/p><\/li><li class=\"\" data-start=\"1668\" data-end=\"1770\"><p class=\"\" data-start=\"1670\" data-end=\"1770\">A ARV \u00e9 uma ferramenta <strong data-start=\"1693\" data-end=\"1726\">segura, n\u00e3o invasiva e eficaz<\/strong> para avalia\u00e7\u00e3o auditiva nessa faixa et\u00e1ria.<\/p><\/li><\/ul>\t\t\t\t\t\t\t\t<\/div>\n\t\t\t\t<\/div>\n\t\t\t\t\t<\/div>\n\t\t<\/div>\n\t\t\t\t\t<\/div>\n\t\t<\/section>\n\t\t\t\t<section class=\"elementor-section elementor-top-section elementor-element elementor-element-a3c76ed elementor-section-full_width elementor-section-height-default elementor-section-height-default\" data-id=\"a3c76ed\" data-element_type=\"section\" data-e-type=\"section\" data-settings=\"{&quot;background_background&quot;:&quot;classic&quot;,&quot;_ha_eqh_enable&quot;:false}\">\n\t\t\t\t\t\t<div class=\"elementor-container elementor-column-gap-default\">\n\t\t\t\t\t<div class=\"elementor-column elementor-col-50 elementor-top-column elementor-element elementor-element-8b8300a\" data-id=\"8b8300a\" data-element_type=\"column\" data-e-type=\"column\">\n\t\t\t<div class=\"elementor-widget-wrap elementor-element-populated\">\n\t\t\t\t\t\t<div class=\"elementor-element elementor-element-77b27ab elementor-widget elementor-widget-heading\" data-id=\"77b27ab\" data-element_type=\"widget\" data-e-type=\"widget\" data-widget_type=\"heading.default\">\n\t\t\t\t<div class=\"elementor-widget-container\">\n\t\t\t\t\t<h2 class=\"elementor-heading-title elementor-size-default\">5<\/h2>\t\t\t\t<\/div>\n\t\t\t\t<\/div>\n\t\t\t\t<div class=\"elementor-element elementor-element-4fe7416 elementor-widget elementor-widget-heading\" data-id=\"4fe7416\" data-element_type=\"widget\" data-e-type=\"widget\" data-widget_type=\"heading.default\">\n\t\t\t\t<div class=\"elementor-widget-container\">\n\t\t\t\t\t<h2 class=\"elementor-heading-title elementor-size-default\">Imitanciometria<\/h2>\t\t\t\t<\/div>\n\t\t\t\t<\/div>\n\t\t\t\t<div class=\"elementor-element elementor-element-2096723 elementor-widget elementor-widget-text-editor\" data-id=\"2096723\" data-element_type=\"widget\" data-e-type=\"widget\" data-widget_type=\"text-editor.default\">\n\t\t\t\t<div class=\"elementor-widget-container\">\n\t\t\t\t\t\t\t\t\t<p class=\"\" data-start=\"0\" data-end=\"254\"><strong data-start=\"0\" data-end=\"19\">Imitanciometria<\/strong>, tamb\u00e9m chamada de <strong data-start=\"39\" data-end=\"70\">exame de imit\u00e2ncia ac\u00fastica<\/strong> ou <strong data-start=\"74\" data-end=\"94\">impedanciometria<\/strong>, \u00e9 um teste auditivo que avalia o <strong data-start=\"129\" data-end=\"162\">funcionamento do ouvido m\u00e9dio<\/strong>, ou seja, a parte do ouvido que transmite os sons do t\u00edmpano at\u00e9 o ouvido interno (c\u00f3clea).<\/p><hr class=\"\" data-start=\"256\" data-end=\"259\" \/><h3 class=\"\" data-start=\"261\" data-end=\"287\"><strong data-start=\"268\" data-end=\"287\">Para que serve:<\/strong><\/h3><ul data-start=\"288\" data-end=\"700\"><li class=\"\" data-start=\"288\" data-end=\"387\"><p class=\"\" data-start=\"290\" data-end=\"387\">Avaliar a <strong data-start=\"300\" data-end=\"325\">mobilidade do t\u00edmpano<\/strong> e dos <strong data-start=\"332\" data-end=\"357\">ossos do ouvido m\u00e9dio<\/strong> (martelo, bigorna e estribo).<\/p><\/li><li class=\"\" data-start=\"388\" data-end=\"606\"><p class=\"\" data-start=\"390\" data-end=\"414\">Verificar a presen\u00e7a de:<\/p><ul data-start=\"417\" data-end=\"606\"><li class=\"\" data-start=\"417\" data-end=\"461\"><p class=\"\" data-start=\"419\" data-end=\"461\"><strong data-start=\"419\" data-end=\"446\">L\u00edquido no ouvido m\u00e9dio<\/strong> (otite serosa)<\/p><\/li><li class=\"\" data-start=\"464\" data-end=\"491\"><p class=\"\" data-start=\"466\" data-end=\"491\"><strong data-start=\"466\" data-end=\"491\">Perfura\u00e7\u00e3o do t\u00edmpano<\/strong><\/p><\/li><li class=\"\" data-start=\"494\" data-end=\"526\"><p class=\"\" data-start=\"496\" data-end=\"526\"><strong data-start=\"496\" data-end=\"526\">Disfun\u00e7\u00e3o da tuba auditiva<\/strong><\/p><\/li><li class=\"\" data-start=\"529\" data-end=\"546\"><p class=\"\" data-start=\"531\" data-end=\"546\"><strong data-start=\"531\" data-end=\"546\">Otite m\u00e9dia<\/strong><\/p><\/li><li class=\"\" data-start=\"549\" data-end=\"566\"><p class=\"\" data-start=\"551\" data-end=\"566\"><strong data-start=\"551\" data-end=\"566\">Otosclerose<\/strong><\/p><\/li><li class=\"\" data-start=\"569\" data-end=\"606\"><p class=\"\" data-start=\"571\" data-end=\"606\"><strong data-start=\"571\" data-end=\"606\">Interrup\u00e7\u00e3o da cadeia ossicular<\/strong><\/p><\/li><\/ul><\/li><li class=\"\" data-start=\"607\" data-end=\"700\"><p class=\"\" data-start=\"609\" data-end=\"700\">Avaliar <strong data-start=\"617\" data-end=\"639\">reflexos ac\u00fasticos<\/strong>, que envolvem o nervo auditivo e o sistema auditivo central.<\/p><\/li><\/ul><hr class=\"\" data-start=\"702\" data-end=\"705\" \/><h3 class=\"\" data-start=\"707\" data-end=\"739\"><strong data-start=\"714\" data-end=\"739\">Como \u00e9 feito o exame:<\/strong><\/h3><ol data-start=\"741\" data-end=\"1107\"><li class=\"\" data-start=\"741\" data-end=\"836\"><p class=\"\" data-start=\"744\" data-end=\"836\">\u00c9 colocado um <strong data-start=\"758\" data-end=\"796\">plug de borracha no canal auditivo<\/strong>, que est\u00e1 ligado a um pequeno aparelho.<\/p><\/li><li class=\"\" data-start=\"837\" data-end=\"920\"><p class=\"\" data-start=\"840\" data-end=\"920\">O aparelho <strong data-start=\"851\" data-end=\"865\">emite sons<\/strong> e <strong data-start=\"868\" data-end=\"894\">altera a press\u00e3o do ar<\/strong> dentro do canal auditivo.<\/p><\/li><li class=\"\" data-start=\"921\" data-end=\"1005\"><p class=\"\" data-start=\"924\" data-end=\"1005\">O equipamento mede como o <strong data-start=\"950\" data-end=\"974\">t\u00edmpano se movimenta<\/strong> em resposta a essas varia\u00e7\u00f5es.<\/p><\/li><li class=\"\" data-start=\"1006\" data-end=\"1107\"><p class=\"\" data-start=\"1009\" data-end=\"1107\">Tamb\u00e9m pode testar os <strong data-start=\"1031\" data-end=\"1065\">reflexos do m\u00fasculo do estribo<\/strong>, que se contrai em resposta a sons altos.<\/p><\/li><\/ol><hr class=\"\" data-start=\"1109\" data-end=\"1112\" \/><h3 class=\"\" data-start=\"1114\" data-end=\"1167\"><strong data-start=\"1121\" data-end=\"1167\">Componentes principais da Imitanciometria:<\/strong><\/h3><ol data-start=\"1169\" data-end=\"1771\"><li class=\"\" data-start=\"1169\" data-end=\"1528\"><p class=\"\" data-start=\"1172\" data-end=\"1190\"><strong data-start=\"1172\" data-end=\"1190\">Timpanometria:<\/strong><\/p><ul data-start=\"1194\" data-end=\"1528\"><li class=\"\" data-start=\"1194\" data-end=\"1246\"><p class=\"\" data-start=\"1196\" data-end=\"1246\">Avalia a <strong data-start=\"1205\" data-end=\"1234\">complac\u00eancia (mobilidade)<\/strong> do t\u00edmpano.<\/p><\/li><li class=\"\" data-start=\"1250\" data-end=\"1332\"><p class=\"\" data-start=\"1252\" data-end=\"1332\">Gera um gr\u00e1fico chamado <strong data-start=\"1276\" data-end=\"1292\">timpanograma<\/strong>, que mostra o comportamento do t\u00edmpano.<\/p><\/li><li class=\"\" data-start=\"1336\" data-end=\"1528\"><p class=\"\" data-start=\"1338\" data-end=\"1359\">Os tipos mais comuns:<\/p><ul data-start=\"1365\" data-end=\"1528\"><li class=\"\" data-start=\"1365\" data-end=\"1385\"><p class=\"\" data-start=\"1367\" data-end=\"1385\"><strong data-start=\"1367\" data-end=\"1377\">Tipo A<\/strong>: normal<\/p><\/li><li class=\"\" data-start=\"1391\" data-end=\"1450\"><p class=\"\" data-start=\"1393\" data-end=\"1450\"><strong data-start=\"1393\" data-end=\"1403\">Tipo B<\/strong>: achatado \u2013 pode indicar l\u00edquido ou perfura\u00e7\u00e3o<\/p><\/li><li class=\"\" data-start=\"1456\" data-end=\"1528\"><p class=\"\" data-start=\"1458\" data-end=\"1528\"><strong data-start=\"1458\" data-end=\"1468\">Tipo C<\/strong>: press\u00e3o negativa \u2013 pode indicar disfun\u00e7\u00e3o da tuba auditiva<\/p><\/li><\/ul><\/li><\/ul><\/li><li class=\"\" data-start=\"1530\" data-end=\"1771\"><p class=\"\" data-start=\"1533\" data-end=\"1564\"><strong data-start=\"1533\" data-end=\"1564\">Medida do reflexo ac\u00fastico:<\/strong><\/p><ul data-start=\"1568\" data-end=\"1771\"><li class=\"\" data-start=\"1568\" data-end=\"1624\"><p class=\"\" data-start=\"1570\" data-end=\"1624\">Testa a <strong data-start=\"1578\" data-end=\"1623\">resposta autom\u00e1tica do ouvido ao som alto<\/strong>.<\/p><\/li><li class=\"\" data-start=\"1628\" data-end=\"1700\"><p class=\"\" data-start=\"1630\" data-end=\"1700\">Pode ser feito ipsilateral (mesmo lado) e contralateral (lado oposto).<\/p><\/li><li class=\"\" data-start=\"1704\" data-end=\"1771\"><p class=\"\" data-start=\"1706\" data-end=\"1771\">Pode indicar les\u00f5es no nervo auditivo ou na via auditiva central.<\/p><\/li><\/ul><\/li><\/ol><hr class=\"\" data-start=\"1773\" data-end=\"1776\" \/><h3 class=\"\" data-start=\"1778\" data-end=\"1798\"><strong data-start=\"1784\" data-end=\"1798\">Vantagens:<\/strong><\/h3><ul data-start=\"1799\" data-end=\"1994\"><li class=\"\" data-start=\"1799\" data-end=\"1835\"><p class=\"\" data-start=\"1801\" data-end=\"1835\"><strong data-start=\"1801\" data-end=\"1835\">R\u00e1pido, indolor e n\u00e3o invasivo<\/strong><\/p><\/li><li class=\"\" data-start=\"1836\" data-end=\"1885\"><p class=\"\" data-start=\"1838\" data-end=\"1885\">Pode ser feito em <strong data-start=\"1856\" data-end=\"1885\">beb\u00eas, crian\u00e7as e adultos<\/strong><\/p><\/li><li class=\"\" data-start=\"1886\" data-end=\"1994\"><p class=\"\" data-start=\"1888\" data-end=\"1994\">Importante para complementar a <strong data-start=\"1919\" data-end=\"1940\">audiometria tonal<\/strong> e <strong data-start=\"1943\" data-end=\"1994\">diagnosticar causas de perda auditiva condutiva<\/strong><\/p><\/li><\/ul>\t\t\t\t\t\t\t\t<\/div>\n\t\t\t\t<\/div>\n\t\t\t\t\t<\/div>\n\t\t<\/div>\n\t\t\t\t<div class=\"elementor-column elementor-col-50 elementor-top-column elementor-element elementor-element-bd4da3a\" data-id=\"bd4da3a\" data-element_type=\"column\" data-e-type=\"column\">\n\t\t\t<div class=\"elementor-widget-wrap elementor-element-populated\">\n\t\t\t\t\t\t<div class=\"elementor-element elementor-element-a9650c6 elementor-widget elementor-widget-heading\" data-id=\"a9650c6\" data-element_type=\"widget\" data-e-type=\"widget\" data-widget_type=\"heading.default\">\n\t\t\t\t<div class=\"elementor-widget-container\">\n\t\t\t\t\t<h2 class=\"elementor-heading-title elementor-size-default\">6<\/h2>\t\t\t\t<\/div>\n\t\t\t\t<\/div>\n\t\t\t\t<div class=\"elementor-element elementor-element-74b78cc elementor-widget elementor-widget-heading\" data-id=\"74b78cc\" data-element_type=\"widget\" data-e-type=\"widget\" data-widget_type=\"heading.default\">\n\t\t\t\t<div class=\"elementor-widget-container\">\n\t\t\t\t\t<h2 class=\"elementor-heading-title elementor-size-default\">Emiss\u00f5es Otoac\u00fasticas (EOAs)<\/h2>\t\t\t\t<\/div>\n\t\t\t\t<\/div>\n\t\t\t\t<div class=\"elementor-element elementor-element-baed32c elementor-widget elementor-widget-text-editor\" data-id=\"baed32c\" data-element_type=\"widget\" data-e-type=\"widget\" data-widget_type=\"text-editor.default\">\n\t\t\t\t<div class=\"elementor-widget-container\">\n\t\t\t\t\t\t\t\t\t<p class=\"\" data-start=\"0\" data-end=\"225\"><strong data-start=\"0\" data-end=\"32\">Emiss\u00f5es Otoac\u00fasticas (EOAs)<\/strong> s\u00e3o sons de baixa intensidade que o pr\u00f3prio ouvido interno (<strong data-start=\"93\" data-end=\"103\">c\u00f3clea<\/strong>) produz em resposta a um est\u00edmulo sonoro. Elas s\u00e3o captadas por um equipamento especial colocado no ouvido do paciente.<\/p><hr class=\"\" data-start=\"227\" data-end=\"230\" \/><h3 class=\"\" data-start=\"232\" data-end=\"284\"><strong data-start=\"239\" data-end=\"284\">Para que servem as Emiss\u00f5es Otoac\u00fasticas:<\/strong><\/h3><ul data-start=\"285\" data-end=\"781\"><li class=\"\" data-start=\"285\" data-end=\"405\"><p class=\"\" data-start=\"287\" data-end=\"405\">Avaliar a <strong data-start=\"297\" data-end=\"347\">fun\u00e7\u00e3o das c\u00e9lulas ciliadas externas da c\u00f3clea<\/strong> (parte do ouvido respons\u00e1vel pela amplifica\u00e7\u00e3o dos sons).<\/p><\/li><li class=\"\" data-start=\"406\" data-end=\"499\"><p class=\"\" data-start=\"408\" data-end=\"499\">Detectar <strong data-start=\"417\" data-end=\"443\">perda auditiva coclear<\/strong> (sensorioneural) de forma <strong data-start=\"470\" data-end=\"498\">r\u00e1pida, segura e indolor<\/strong>.<\/p><\/li><li class=\"\" data-start=\"500\" data-end=\"781\"><p class=\"\" data-start=\"502\" data-end=\"528\">Usado principalmente para:<\/p><ul data-start=\"531\" data-end=\"781\"><li class=\"\" data-start=\"531\" data-end=\"583\"><p class=\"\" data-start=\"533\" data-end=\"583\"><strong data-start=\"533\" data-end=\"562\">Triagem auditiva neonatal<\/strong> (teste da orelhinha)<\/p><\/li><li class=\"\" data-start=\"586\" data-end=\"641\"><p class=\"\" data-start=\"588\" data-end=\"641\">Avalia\u00e7\u00e3o de <strong data-start=\"601\" data-end=\"641\">perda auditiva em crian\u00e7as e adultos<\/strong><\/p><\/li><li class=\"\" data-start=\"644\" data-end=\"708\"><p class=\"\" data-start=\"646\" data-end=\"708\">Monitoramento da <strong data-start=\"663\" data-end=\"708\">audi\u00e7\u00e3o em trabalhadores expostos a ru\u00eddo<\/strong><\/p><\/li><li class=\"\" data-start=\"711\" data-end=\"781\"><p class=\"\" data-start=\"713\" data-end=\"781\">Detec\u00e7\u00e3o precoce de altera\u00e7\u00f5es auditivas por medicamentos otot\u00f3xicos<\/p><\/li><\/ul><\/li><\/ul><hr class=\"\" data-start=\"783\" data-end=\"786\" \/><h3 class=\"\" data-start=\"788\" data-end=\"837\"><strong data-start=\"795\" data-end=\"837\">Teste da orelhinha (triagem neonatal):<\/strong><\/h3><ul data-start=\"838\" data-end=\"1052\"><li class=\"\" data-start=\"838\" data-end=\"905\"><p class=\"\" data-start=\"840\" data-end=\"905\">Exame obrigat\u00f3rio em muitos pa\u00edses, feito logo ap\u00f3s o nascimento.<\/p><\/li><li class=\"\" data-start=\"906\" data-end=\"984\"><p class=\"\" data-start=\"908\" data-end=\"984\">Detecta problemas auditivos antes do beb\u00ea come\u00e7ar a desenvolver a linguagem.<\/p><\/li><li class=\"\" data-start=\"985\" data-end=\"1052\"><p class=\"\" data-start=\"987\" data-end=\"1052\">R\u00e1pido (menos de 5 minutos), feito com o beb\u00ea dormindo ou quieto.<\/p><\/li><\/ul><hr class=\"\" data-start=\"1054\" data-end=\"1057\" \/><h3 class=\"\" data-start=\"1059\" data-end=\"1092\"><strong data-start=\"1066\" data-end=\"1092\">Como funciona o exame:<\/strong><\/h3><ol data-start=\"1093\" data-end=\"1449\"><li class=\"\" data-start=\"1093\" data-end=\"1168\"><p class=\"\" data-start=\"1096\" data-end=\"1168\">Uma <strong data-start=\"1100\" data-end=\"1138\">sonda com microfone e alto-falante<\/strong> \u00e9 colocada no canal auditivo.<\/p><\/li><li class=\"\" data-start=\"1169\" data-end=\"1229\"><p class=\"\" data-start=\"1172\" data-end=\"1229\">O aparelho emite <strong data-start=\"1189\" data-end=\"1228\">sons fracos (cliques ou tons puros)<\/strong>.<\/p><\/li><li class=\"\" data-start=\"1230\" data-end=\"1355\"><p class=\"\" data-start=\"1233\" data-end=\"1355\">Se a c\u00f3clea estiver funcionando normalmente, ela <strong data-start=\"1282\" data-end=\"1312\">produz uma resposta sonora<\/strong> (a emiss\u00e3o), que \u00e9 captada pelo microfone.<\/p><\/li><li class=\"\" data-start=\"1356\" data-end=\"1449\"><p class=\"\" data-start=\"1359\" data-end=\"1449\">Se <strong data-start=\"1362\" data-end=\"1384\">n\u00e3o houver emiss\u00e3o<\/strong>, pode indicar uma <strong data-start=\"1403\" data-end=\"1421\">perda auditiva<\/strong> (tempor\u00e1ria ou permanente).<\/p><\/li><\/ol><hr class=\"\" data-start=\"1451\" data-end=\"1454\" \/><h3 class=\"\" data-start=\"1456\" data-end=\"1477\">Tipos de EOAs:<\/h3><ol data-start=\"1478\" data-end=\"1744\"><li class=\"\" data-start=\"1478\" data-end=\"1598\"><p class=\"\" data-start=\"1481\" data-end=\"1521\"><strong data-start=\"1481\" data-end=\"1519\">EOA Evocada por Transiente (EOAT):<\/strong><\/p><ul data-start=\"1525\" data-end=\"1598\"><li class=\"\" data-start=\"1525\" data-end=\"1560\"><p class=\"\" data-start=\"1527\" data-end=\"1560\">Usa est\u00edmulos breves (cliques).<\/p><\/li><li class=\"\" data-start=\"1564\" data-end=\"1598\"><p class=\"\" data-start=\"1566\" data-end=\"1598\">Muito usada na triagem neonatal.<\/p><\/li><\/ul><\/li><li class=\"\" data-start=\"1600\" data-end=\"1744\"><p class=\"\" data-start=\"1603\" data-end=\"1646\"><strong data-start=\"1603\" data-end=\"1644\">EOA por Produto de Distor\u00e7\u00e3o (EOAPD):<\/strong><\/p><ul data-start=\"1650\" data-end=\"1744\"><li class=\"\" data-start=\"1650\" data-end=\"1686\"><p class=\"\" data-start=\"1652\" data-end=\"1686\">Usa dois tons puros simult\u00e2neos.<\/p><\/li><li class=\"\" data-start=\"1690\" data-end=\"1744\"><p class=\"\" data-start=\"1692\" data-end=\"1744\">Permite avaliar a c\u00f3clea em frequ\u00eancias espec\u00edficas.<\/p><\/li><\/ul><\/li><\/ol><hr class=\"\" data-start=\"1746\" data-end=\"1749\" \/><h3 class=\"\" data-start=\"1751\" data-end=\"1771\"><strong data-start=\"1757\" data-end=\"1771\">Vantagens:<\/strong><\/h3><ul data-start=\"1772\" data-end=\"1932\"><li class=\"\" data-start=\"1772\" data-end=\"1807\"><p class=\"\" data-start=\"1774\" data-end=\"1807\"><strong data-start=\"1774\" data-end=\"1807\">R\u00e1pido, indolor, n\u00e3o invasivo<\/strong><\/p><\/li><li class=\"\" data-start=\"1808\" data-end=\"1842\"><p class=\"\" data-start=\"1810\" data-end=\"1842\">Pode ser feito em qualquer idade<\/p><\/li><li class=\"\" data-start=\"1843\" data-end=\"1932\"><p class=\"\" data-start=\"1845\" data-end=\"1932\">N\u00e3o exige resposta ativa do paciente (excelente para beb\u00eas e pessoas n\u00e3o colaborativas)<\/p><\/li><\/ul>\t\t\t\t\t\t\t\t<\/div>\n\t\t\t\t<\/div>\n\t\t\t\t\t<\/div>\n\t\t<\/div>\n\t\t\t\t\t<\/div>\n\t\t<\/section>\n\t\t\t\t<section class=\"elementor-section elementor-top-section elementor-element elementor-element-34fedb5 elementor-section-full_width elementor-section-height-default elementor-section-height-default\" data-id=\"34fedb5\" data-element_type=\"section\" data-e-type=\"section\" data-settings=\"{&quot;_ha_eqh_enable&quot;:false}\">\n\t\t\t\t\t\t<div class=\"elementor-container elementor-column-gap-default\">\n\t\t\t\t\t<div class=\"elementor-column elementor-col-50 elementor-top-column elementor-element elementor-element-ec7041f\" data-id=\"ec7041f\" data-element_type=\"column\" data-e-type=\"column\">\n\t\t\t<div class=\"elementor-widget-wrap elementor-element-populated\">\n\t\t\t\t\t\t<div class=\"elementor-element elementor-element-9b4f7e8 elementor-widget elementor-widget-heading\" data-id=\"9b4f7e8\" data-element_type=\"widget\" data-e-type=\"widget\" data-widget_type=\"heading.default\">\n\t\t\t\t<div class=\"elementor-widget-container\">\n\t\t\t\t\t<h2 class=\"elementor-heading-title elementor-size-default\">7<\/h2>\t\t\t\t<\/div>\n\t\t\t\t<\/div>\n\t\t\t\t<div class=\"elementor-element elementor-element-abd249b elementor-widget elementor-widget-heading\" data-id=\"abd249b\" data-element_type=\"widget\" data-e-type=\"widget\" data-widget_type=\"heading.default\">\n\t\t\t\t<div class=\"elementor-widget-container\">\n\t\t\t\t\t<h2 class=\"elementor-heading-title elementor-size-default\">Vectoeletronistagmografia<\/h2>\t\t\t\t<\/div>\n\t\t\t\t<\/div>\n\t\t\t\t<div class=\"elementor-element elementor-element-d73735c elementor-widget elementor-widget-text-editor\" data-id=\"d73735c\" data-element_type=\"widget\" data-e-type=\"widget\" data-widget_type=\"text-editor.default\">\n\t\t\t\t<div class=\"elementor-widget-container\">\n\t\t\t\t\t\t\t\t\t<p class=\"\" data-start=\"0\" data-end=\"295\"><strong data-start=\"0\" data-end=\"36\">Vectoeletronistagmografia (VENG)<\/strong> \u00e9 um exame que avalia o <strong data-start=\"61\" data-end=\"84\">equil\u00edbrio corporal<\/strong> e o <strong data-start=\"89\" data-end=\"111\">sistema vestibular<\/strong>, respons\u00e1vel por manter nossa estabilidade e orienta\u00e7\u00e3o espacial. Ela registra os <strong data-start=\"194\" data-end=\"232\">movimentos involunt\u00e1rios dos olhos<\/strong> (chamados <strong data-start=\"243\" data-end=\"256\">nistagmos<\/strong>) em resposta a est\u00edmulos vestibulares.<\/p><hr class=\"\" data-start=\"297\" data-end=\"300\" \/><h3 class=\"\" data-start=\"302\" data-end=\"335\"><strong data-start=\"309\" data-end=\"335\">Para que serve a VENG:<\/strong><\/h3><ul data-start=\"336\" data-end=\"631\"><li class=\"\" data-start=\"336\" data-end=\"521\"><p class=\"\" data-start=\"338\" data-end=\"386\">Diagnosticar <strong data-start=\"351\" data-end=\"379\">dist\u00farbios do equil\u00edbrio<\/strong>, como:<\/p><ul data-start=\"389\" data-end=\"521\"><li class=\"\" data-start=\"389\" data-end=\"403\"><p class=\"\" data-start=\"391\" data-end=\"403\"><strong data-start=\"391\" data-end=\"403\">Vertigem<\/strong><\/p><\/li><li class=\"\" data-start=\"406\" data-end=\"420\"><p class=\"\" data-start=\"408\" data-end=\"420\"><strong data-start=\"408\" data-end=\"420\">Tonturas<\/strong><\/p><\/li><li class=\"\" data-start=\"423\" data-end=\"440\"><p class=\"\" data-start=\"425\" data-end=\"440\"><strong data-start=\"425\" data-end=\"440\">Labirintite<\/strong><\/p><\/li><li class=\"\" data-start=\"443\" data-end=\"466\"><p class=\"\" data-start=\"445\" data-end=\"466\"><strong data-start=\"445\" data-end=\"466\">Doen\u00e7a de M\u00e9ni\u00e8re<\/strong><\/p><\/li><li class=\"\" data-start=\"469\" data-end=\"521\"><p class=\"\" data-start=\"471\" data-end=\"521\"><strong data-start=\"471\" data-end=\"521\">VPPB (Vertigem Posicional Parox\u00edstica Benigna)<\/strong><\/p><\/li><\/ul><\/li><li class=\"\" data-start=\"522\" data-end=\"631\"><p class=\"\" data-start=\"524\" data-end=\"631\">Diferenciar se a causa da tontura \u00e9 de <strong data-start=\"563\" data-end=\"584\">origem perif\u00e9rica<\/strong> (labirinto) ou <strong data-start=\"600\" data-end=\"611\">central<\/strong> (c\u00e9rebro\/cerebelo).<\/p><\/li><\/ul><hr class=\"\" data-start=\"633\" data-end=\"636\" \/><h3 class=\"\" data-start=\"638\" data-end=\"670\"><strong data-start=\"645\" data-end=\"670\">Como o exame \u00e9 feito:<\/strong><\/h3><ol data-start=\"672\" data-end=\"1106\"><li class=\"\" data-start=\"672\" data-end=\"782\"><p class=\"\" data-start=\"675\" data-end=\"782\"><strong data-start=\"675\" data-end=\"688\">Eletrodos<\/strong> s\u00e3o colocados ao redor dos olhos ou uma c\u00e2mera \u00e9 usada para registrar os movimentos oculares.<\/p><\/li><li class=\"\" data-start=\"783\" data-end=\"1106\"><p class=\"\" data-start=\"786\" data-end=\"837\">O paciente \u00e9 submetido a uma s\u00e9rie de testes, como:<\/p><ul data-start=\"841\" data-end=\"1106\"><li class=\"\" data-start=\"841\" data-end=\"894\"><p class=\"\" data-start=\"843\" data-end=\"894\"><strong data-start=\"843\" data-end=\"866\">Rastreamento visual<\/strong>: seguir luzes com os olhos.<\/p><\/li><li class=\"\" data-start=\"898\" data-end=\"997\"><p class=\"\" data-start=\"900\" data-end=\"997\"><strong data-start=\"900\" data-end=\"918\">Teste cal\u00f3rico<\/strong>: aplica\u00e7\u00e3o de <strong data-start=\"933\" data-end=\"959\">\u00e1gua ou ar quente\/frio<\/strong> no ouvido para estimular o labirinto.<\/p><\/li><li class=\"\" data-start=\"1001\" data-end=\"1061\"><p class=\"\" data-start=\"1003\" data-end=\"1061\"><strong data-start=\"1003\" data-end=\"1023\">Teste posicional<\/strong>: mudan\u00e7a de posi\u00e7\u00f5es da cabe\u00e7a\/corpo.<\/p><\/li><li class=\"\" data-start=\"1065\" data-end=\"1106\"><p class=\"\" data-start=\"1067\" data-end=\"1106\"><strong data-start=\"1067\" data-end=\"1105\">Provas rotat\u00f3rias ou optocin\u00e9ticas<\/strong>.<\/p><\/li><\/ul><\/li><\/ol><p class=\"\" data-start=\"1108\" data-end=\"1285\">Esses est\u00edmulos provocam <strong data-start=\"1133\" data-end=\"1164\">respostas oculares reflexas<\/strong>, que s\u00e3o registradas eletronicamente. Altera\u00e7\u00f5es nessas respostas ajudam a identificar disfun\u00e7\u00f5es no sistema vestibular.<\/p><hr class=\"\" data-start=\"1287\" data-end=\"1290\" \/><h3 class=\"\" data-start=\"1292\" data-end=\"1314\"><strong data-start=\"1299\" data-end=\"1314\">Resultados:<\/strong><\/h3><ul data-start=\"1315\" data-end=\"1599\"><li class=\"\" data-start=\"1315\" data-end=\"1465\"><p class=\"\" data-start=\"1317\" data-end=\"1333\">O exame analisa:<\/p><ul data-start=\"1336\" data-end=\"1465\"><li class=\"\" data-start=\"1336\" data-end=\"1376\"><p class=\"\" data-start=\"1338\" data-end=\"1376\">Se o nistagmo est\u00e1 presente ou ausente<\/p><\/li><li class=\"\" data-start=\"1379\" data-end=\"1441\"><p class=\"\" data-start=\"1381\" data-end=\"1441\">A <strong data-start=\"1383\" data-end=\"1398\">intensidade<\/strong>, <strong data-start=\"1400\" data-end=\"1411\">dire\u00e7\u00e3o<\/strong> e <strong data-start=\"1414\" data-end=\"1426\">simetria<\/strong> dos movimentos<\/p><\/li><li class=\"\" data-start=\"1444\" data-end=\"1465\"><p class=\"\" data-start=\"1446\" data-end=\"1465\">O tempo de resposta<\/p><\/li><\/ul><\/li><li class=\"\" data-start=\"1466\" data-end=\"1599\"><p class=\"\" data-start=\"1468\" data-end=\"1599\">Os dados ajudam o m\u00e9dico a determinar se a tontura tem origem <strong data-start=\"1530\" data-end=\"1551\">no ouvido interno<\/strong> (vestibular) ou <strong data-start=\"1568\" data-end=\"1598\">no sistema nervoso central<\/strong>.<\/p><\/li><\/ul><hr class=\"\" data-start=\"1601\" data-end=\"1604\" \/><h3 class=\"\" data-start=\"1606\" data-end=\"1634\"><strong data-start=\"1612\" data-end=\"1634\">Vantagens da VENG:<\/strong><\/h3><ul data-start=\"1635\" data-end=\"1788\"><li class=\"\" data-start=\"1635\" data-end=\"1659\"><p class=\"\" data-start=\"1637\" data-end=\"1659\">Exame <strong data-start=\"1643\" data-end=\"1659\">n\u00e3o invasivo<\/strong><\/p><\/li><li class=\"\" data-start=\"1660\" data-end=\"1721\"><p class=\"\" data-start=\"1662\" data-end=\"1721\"><strong data-start=\"1662\" data-end=\"1679\">Alta precis\u00e3o<\/strong> no diagn\u00f3stico de dist\u00farbios vestibulares<\/p><\/li><li class=\"\" data-start=\"1722\" data-end=\"1788\"><p class=\"\" data-start=\"1724\" data-end=\"1788\">Pode ser realizado em pacientes de v\u00e1rias idades, com adapta\u00e7\u00f5es<\/p><\/li><\/ul><hr class=\"\" data-start=\"1790\" data-end=\"1793\" \/><h3 class=\"\" data-start=\"1795\" data-end=\"1812\">Importante:<\/h3><p class=\"\" data-start=\"1813\" data-end=\"1961\">O exame pode causar <strong data-start=\"1833\" data-end=\"1870\">leve tontura ou n\u00e1usea tempor\u00e1ria<\/strong>, especialmente durante a estimula\u00e7\u00e3o cal\u00f3rica, mas esses efeitos passam logo ap\u00f3s o teste.<\/p>\t\t\t\t\t\t\t\t<\/div>\n\t\t\t\t<\/div>\n\t\t\t\t\t<\/div>\n\t\t<\/div>\n\t\t\t\t<div class=\"elementor-column elementor-col-50 elementor-top-column elementor-element elementor-element-f30a7f1\" data-id=\"f30a7f1\" data-element_type=\"column\" data-e-type=\"column\">\n\t\t\t<div class=\"elementor-widget-wrap elementor-element-populated\">\n\t\t\t\t\t\t<div class=\"elementor-element elementor-element-2d8e8c1 elementor-widget elementor-widget-heading\" data-id=\"2d8e8c1\" data-element_type=\"widget\" data-e-type=\"widget\" data-widget_type=\"heading.default\">\n\t\t\t\t<div class=\"elementor-widget-container\">\n\t\t\t\t\t<h2 class=\"elementor-heading-title elementor-size-default\">8<\/h2>\t\t\t\t<\/div>\n\t\t\t\t<\/div>\n\t\t\t\t<div class=\"elementor-element elementor-element-682d356 elementor-widget elementor-widget-heading\" data-id=\"682d356\" data-element_type=\"widget\" data-e-type=\"widget\" data-widget_type=\"heading.default\">\n\t\t\t\t<div class=\"elementor-widget-container\">\n\t\t\t\t\t<h2 class=\"elementor-heading-title elementor-size-default\">Exame de processamento Auditivo Central<\/h2>\t\t\t\t<\/div>\n\t\t\t\t<\/div>\n\t\t\t\t<div class=\"elementor-element elementor-element-93602da elementor-widget elementor-widget-text-editor\" data-id=\"93602da\" data-element_type=\"widget\" data-e-type=\"widget\" data-widget_type=\"text-editor.default\">\n\t\t\t\t<div class=\"elementor-widget-container\">\n\t\t\t\t\t\t\t\t\t<p class=\"\" data-start=\"0\" data-end=\"350\">O <strong data-start=\"2\" data-end=\"51\">exame de Processamento Auditivo Central (PAC)<\/strong> avalia <strong data-start=\"59\" data-end=\"115\">como o c\u00e9rebro interpreta os sons que o ouvido capta<\/strong>. Ou seja, n\u00e3o se trata apenas de &#8220;ouvir&#8221;, mas de <strong data-start=\"165\" data-end=\"217\">entender, localizar, separar e organizar os sons<\/strong>. O ouvido pode estar funcionando bem, mas o c\u00e9rebro pode ter dificuldades em <strong data-start=\"295\" data-end=\"308\">processar<\/strong> essas informa\u00e7\u00f5es auditivas corretamente.<\/p><hr class=\"\" data-start=\"352\" data-end=\"355\" \/><h3 class=\"\" data-start=\"357\" data-end=\"391\"><strong data-start=\"364\" data-end=\"391\">Para que serve o exame:<\/strong><\/h3><ul data-start=\"392\" data-end=\"779\"><li class=\"\" data-start=\"392\" data-end=\"641\"><p class=\"\" data-start=\"394\" data-end=\"464\">Identificar <strong data-start=\"406\" data-end=\"446\">altera\u00e7\u00f5es no processamento auditivo<\/strong> que podem afetar:<\/p><ul data-start=\"467\" data-end=\"641\"><li class=\"\" data-start=\"467\" data-end=\"491\"><p class=\"\" data-start=\"469\" data-end=\"491\">Aten\u00e7\u00e3o e concentra\u00e7\u00e3o<\/p><\/li><li class=\"\" data-start=\"494\" data-end=\"529\"><p class=\"\" data-start=\"496\" data-end=\"529\">Compreens\u00e3o em ambientes ruidosos<\/p><\/li><li class=\"\" data-start=\"532\" data-end=\"568\"><p class=\"\" data-start=\"534\" data-end=\"568\">Interpreta\u00e7\u00e3o de mensagens verbais<\/p><\/li><li class=\"\" data-start=\"571\" data-end=\"618\"><p class=\"\" data-start=\"573\" data-end=\"618\">Aprendizado (especialmente leitura e escrita)<\/p><\/li><li class=\"\" data-start=\"621\" data-end=\"641\"><p class=\"\" data-start=\"623\" data-end=\"641\">Localiza\u00e7\u00e3o sonora<\/p><\/li><\/ul><\/li><li class=\"\" data-start=\"642\" data-end=\"779\"><p class=\"\" data-start=\"644\" data-end=\"779\">\u00c9 muito utilizado em <strong data-start=\"665\" data-end=\"704\">crian\u00e7as com dificuldades escolares<\/strong>, mas tamb\u00e9m em adultos com queixas auditivas mesmo com audiometria normal.<\/p><\/li><\/ul><hr class=\"\" data-start=\"781\" data-end=\"784\" \/><h3 class=\"\" data-start=\"786\" data-end=\"825\"><strong data-start=\"793\" data-end=\"825\">Como \u00e9 feito o exame de PAC:<\/strong><\/h3><ul data-start=\"827\" data-end=\"1242\"><li class=\"\" data-start=\"827\" data-end=\"878\"><p class=\"\" data-start=\"829\" data-end=\"878\">Realizado por um <strong data-start=\"846\" data-end=\"877\">fonoaudi\u00f3logo especializado<\/strong>.<\/p><\/li><li class=\"\" data-start=\"879\" data-end=\"958\"><p class=\"\" data-start=\"881\" data-end=\"958\">Dura de 1 a 2 horas, dependendo da faixa et\u00e1ria e da colabora\u00e7\u00e3o do paciente.<\/p><\/li><li class=\"\" data-start=\"959\" data-end=\"1242\"><p class=\"\" data-start=\"961\" data-end=\"1028\">O paciente usa fones de ouvido e realiza tarefas espec\u00edficas, como:<\/p><ul data-start=\"1031\" data-end=\"1242\"><li class=\"\" data-start=\"1031\" data-end=\"1078\"><p class=\"\" data-start=\"1033\" data-end=\"1078\">Repetir palavras ou frases com ru\u00eddo de fundo<\/p><\/li><li class=\"\" data-start=\"1081\" data-end=\"1110\"><p class=\"\" data-start=\"1083\" data-end=\"1110\">Identificar a ordem de sons<\/p><\/li><li class=\"\" data-start=\"1113\" data-end=\"1158\"><p class=\"\" data-start=\"1115\" data-end=\"1158\">Distinguir sons parecidos (ex: \u201cpa\u201d x \u201cba\u201d)<\/p><\/li><li class=\"\" data-start=\"1161\" data-end=\"1191\"><p class=\"\" data-start=\"1163\" data-end=\"1191\">Dizer de que lado veio o som<\/p><\/li><li class=\"\" data-start=\"1194\" data-end=\"1242\"><p class=\"\" data-start=\"1196\" data-end=\"1242\">Compreender informa\u00e7\u00f5es ditadas com distor\u00e7\u00f5es<\/p><\/li><\/ul><\/li><\/ul><p class=\"\" data-start=\"1244\" data-end=\"1378\"><strong data-start=\"1244\" data-end=\"1259\">Importante:<\/strong> a audi\u00e7\u00e3o perif\u00e9rica (ou seja, o exame de audiometria tonal) deve estar normal para que o exame de PAC seja confi\u00e1vel.<\/p><hr class=\"\" data-start=\"1380\" data-end=\"1383\" \/><h3 class=\"\" data-start=\"1385\" data-end=\"1414\"><strong data-start=\"1392\" data-end=\"1414\">Fun\u00e7\u00f5es avaliadas:<\/strong><\/h3><ul data-start=\"1415\" data-end=\"1710\"><li class=\"\" data-start=\"1415\" data-end=\"1439\"><p class=\"\" data-start=\"1417\" data-end=\"1439\"><strong data-start=\"1417\" data-end=\"1437\">Aten\u00e7\u00e3o auditiva<\/strong><\/p><\/li><li class=\"\" data-start=\"1440\" data-end=\"1515\"><p class=\"\" data-start=\"1442\" data-end=\"1515\"><strong data-start=\"1442\" data-end=\"1467\">Figura-fundo auditiva<\/strong> (compreender sons importantes no meio do ru\u00eddo)<\/p><\/li><li class=\"\" data-start=\"1516\" data-end=\"1577\"><p class=\"\" data-start=\"1518\" data-end=\"1577\"><strong data-start=\"1518\" data-end=\"1541\">Fechamento auditivo<\/strong> (compreender mensagens incompletas)<\/p><\/li><li class=\"\" data-start=\"1578\" data-end=\"1609\"><p class=\"\" data-start=\"1580\" data-end=\"1609\"><strong data-start=\"1580\" data-end=\"1607\">Mem\u00f3ria auditiva verbal<\/strong><\/p><\/li><li class=\"\" data-start=\"1610\" data-end=\"1650\"><p class=\"\" data-start=\"1612\" data-end=\"1650\"><strong data-start=\"1612\" data-end=\"1650\">Localiza\u00e7\u00e3o e lateraliza\u00e7\u00e3o sonora<\/strong><\/p><\/li><li class=\"\" data-start=\"1651\" data-end=\"1710\"><p class=\"\" data-start=\"1653\" data-end=\"1710\"><strong data-start=\"1653\" data-end=\"1676\">Integra\u00e7\u00e3o binaural<\/strong> (uso coordenado dos dois ouvidos)<\/p><\/li><\/ul><hr class=\"\" data-start=\"1712\" data-end=\"1715\" \/><h3 class=\"\" data-start=\"1717\" data-end=\"1746\"><strong data-start=\"1724\" data-end=\"1746\">Indica\u00e7\u00f5es comuns:<\/strong><\/h3><ul data-start=\"1747\" data-end=\"2012\"><li class=\"\" data-start=\"1747\" data-end=\"1805\"><p class=\"\" data-start=\"1749\" data-end=\"1805\">Dificuldades escolares (leitura, escrita, interpreta\u00e7\u00e3o)<\/p><\/li><li class=\"\" data-start=\"1806\" data-end=\"1860\"><p class=\"\" data-start=\"1808\" data-end=\"1860\">TDAH, dislexia ou outros transtornos de aprendizagem<\/p><\/li><li class=\"\" data-start=\"1861\" data-end=\"1905\"><p class=\"\" data-start=\"1863\" data-end=\"1905\">Hist\u00f3rico de otites frequentes na inf\u00e2ncia<\/p><\/li><li class=\"\" data-start=\"1906\" data-end=\"1964\"><p class=\"\" data-start=\"1908\" data-end=\"1964\">Queixas de dificuldade de ouvir mesmo com audi\u00e7\u00e3o normal<\/p><\/li><li class=\"\" data-start=\"1965\" data-end=\"2012\"><p class=\"\" data-start=\"1967\" data-end=\"2012\">Dificuldade em entender em ambientes ruidosos<\/p><\/li><\/ul><hr class=\"\" data-start=\"2014\" data-end=\"2017\" \/><h3 class=\"\" data-start=\"2019\" data-end=\"2049\"><strong data-start=\"2026\" data-end=\"2049\">Resultados e laudo:<\/strong><\/h3><ul data-start=\"2050\" data-end=\"2266\"><li class=\"\" data-start=\"2050\" data-end=\"2143\"><p class=\"\" data-start=\"2052\" data-end=\"2143\">O fonoaudi\u00f3logo elabora um relat\u00f3rio indicando quais habilidades auditivas est\u00e3o alteradas.<\/p><\/li><li class=\"\" data-start=\"2144\" data-end=\"2266\"><p class=\"\" data-start=\"2146\" data-end=\"2266\">Pode indicar <strong data-start=\"2159\" data-end=\"2183\">treinamento auditivo<\/strong> (interven\u00e7\u00e3o fonoaudiol\u00f3gica) e\/ou estrat\u00e9gias pedag\u00f3gicas, terapias e adapta\u00e7\u00f5es.<\/p><\/li><\/ul>\t\t\t\t\t\t\t\t<\/div>\n\t\t\t\t<\/div>\n\t\t\t\t\t<\/div>\n\t\t<\/div>\n\t\t\t\t\t<\/div>\n\t\t<\/section>\n\t\t\t\t<section class=\"elementor-section elementor-top-section elementor-element elementor-element-83895cb elementor-section-full_width elementor-section-height-default elementor-section-height-default\" data-id=\"83895cb\" data-element_type=\"section\" data-e-type=\"section\" data-settings=\"{&quot;background_background&quot;:&quot;classic&quot;,&quot;_ha_eqh_enable&quot;:false}\">\n\t\t\t\t\t\t<div class=\"elementor-container elementor-column-gap-default\">\n\t\t\t\t\t<div class=\"elementor-column elementor-col-50 elementor-top-column elementor-element elementor-element-9f67a0a\" data-id=\"9f67a0a\" data-element_type=\"column\" data-e-type=\"column\">\n\t\t\t<div class=\"elementor-widget-wrap elementor-element-populated\">\n\t\t\t\t\t\t<div class=\"elementor-element elementor-element-819f913 elementor-widget elementor-widget-heading\" data-id=\"819f913\" data-element_type=\"widget\" data-e-type=\"widget\" data-widget_type=\"heading.default\">\n\t\t\t\t<div class=\"elementor-widget-container\">\n\t\t\t\t\t<h2 class=\"elementor-heading-title elementor-size-default\">9<\/h2>\t\t\t\t<\/div>\n\t\t\t\t<\/div>\n\t\t\t\t<div class=\"elementor-element elementor-element-7648aad elementor-widget elementor-widget-heading\" data-id=\"7648aad\" data-element_type=\"widget\" data-e-type=\"widget\" data-widget_type=\"heading.default\">\n\t\t\t\t<div class=\"elementor-widget-container\">\n\t\t\t\t\t<h2 class=\"elementor-heading-title elementor-size-default\">Terapia de Processamento Auditivo Central<\/h2>\t\t\t\t<\/div>\n\t\t\t\t<\/div>\n\t\t\t\t<div class=\"elementor-element elementor-element-5354a54 elementor-widget elementor-widget-text-editor\" data-id=\"5354a54\" data-element_type=\"widget\" data-e-type=\"widget\" data-widget_type=\"text-editor.default\">\n\t\t\t\t<div class=\"elementor-widget-container\">\n\t\t\t\t\t\t\t\t\t<p class=\"\" data-start=\"0\" data-end=\"322\">A <strong data-start=\"2\" data-end=\"53\">terapia de Processamento Auditivo Central (PAC)<\/strong>, tamb\u00e9m chamada de <strong data-start=\"73\" data-end=\"97\">treinamento auditivo<\/strong>, \u00e9 um conjunto de <strong data-start=\"116\" data-end=\"158\">atividades terap\u00eauticas personalizadas<\/strong>, realizadas por um <strong data-start=\"178\" data-end=\"195\">fonoaudi\u00f3logo<\/strong>, com o objetivo de <strong data-start=\"215\" data-end=\"266\">estimular e reabilitar as habilidades auditivas<\/strong> que foram identificadas como alteradas no exame de PAC.<\/p><hr class=\"\" data-start=\"324\" data-end=\"327\" \/><h3 class=\"\" data-start=\"329\" data-end=\"360\"><strong data-start=\"336\" data-end=\"360\">Objetivo da terapia:<\/strong><\/h3><p class=\"\" data-start=\"361\" data-end=\"461\">Melhorar a forma como o c\u00e9rebro interpreta e processa os sons que chegam pelos ouvidos, favorecendo:<\/p><ul data-start=\"462\" data-end=\"642\"><li class=\"\" data-start=\"462\" data-end=\"486\"><p class=\"\" data-start=\"464\" data-end=\"486\">A <strong data-start=\"466\" data-end=\"486\">aten\u00e7\u00e3o auditiva<\/strong><\/p><\/li><li class=\"\" data-start=\"487\" data-end=\"532\"><p class=\"\" data-start=\"489\" data-end=\"532\">A <strong data-start=\"491\" data-end=\"514\">compreens\u00e3o da fala<\/strong> (mesmo com ru\u00eddo)<\/p><\/li><li class=\"\" data-start=\"533\" data-end=\"573\"><p class=\"\" data-start=\"535\" data-end=\"573\">A <strong data-start=\"537\" data-end=\"573\">mem\u00f3ria e discrimina\u00e7\u00e3o auditiva<\/strong><\/p><\/li><li class=\"\" data-start=\"574\" data-end=\"600\"><p class=\"\" data-start=\"576\" data-end=\"600\">O <strong data-start=\"578\" data-end=\"600\">desempenho escolar<\/strong><\/p><\/li><li class=\"\" data-start=\"601\" data-end=\"642\"><p class=\"\" data-start=\"603\" data-end=\"642\">A <strong data-start=\"605\" data-end=\"642\">comunica\u00e7\u00e3o em ambientes dif\u00edceis<\/strong><\/p><\/li><\/ul><hr class=\"\" data-start=\"644\" data-end=\"647\" \/><h3 class=\"\" data-start=\"649\" data-end=\"694\"><strong data-start=\"656\" data-end=\"694\">Habilidades auditivas trabalhadas:<\/strong><\/h3><p class=\"\" data-start=\"695\" data-end=\"752\">A terapia \u00e9 <strong data-start=\"707\" data-end=\"726\">individualizada<\/strong>, mas geralmente trabalha:<\/p><ul data-start=\"753\" data-end=\"1222\"><li class=\"\" data-start=\"753\" data-end=\"835\"><p class=\"\" data-start=\"755\" data-end=\"835\"><strong data-start=\"755\" data-end=\"781\">Figura-fundo auditiva:<\/strong> entender o que algu\u00e9m fala mesmo com barulho ao redor<\/p><\/li><li class=\"\" data-start=\"836\" data-end=\"933\"><p class=\"\" data-start=\"838\" data-end=\"933\"><strong data-start=\"838\" data-end=\"862\">Fechamento auditivo:<\/strong> completar palavras\/frases mesmo que parte esteja ausente ou distorcida<\/p><\/li><li class=\"\" data-start=\"934\" data-end=\"1008\"><p class=\"\" data-start=\"936\" data-end=\"1008\"><strong data-start=\"936\" data-end=\"963\">Discrimina\u00e7\u00e3o auditiva:<\/strong> diferenciar sons semelhantes (ex: &#8220;t&#8221; e &#8220;d&#8221;)<\/p><\/li><li class=\"\" data-start=\"1009\" data-end=\"1092\"><p class=\"\" data-start=\"1011\" data-end=\"1092\"><strong data-start=\"1011\" data-end=\"1040\">Sequencialidade auditiva:<\/strong> lembrar e repetir sons ou palavras na ordem correta<\/p><\/li><li class=\"\" data-start=\"1093\" data-end=\"1155\"><p class=\"\" data-start=\"1095\" data-end=\"1155\"><strong data-start=\"1095\" data-end=\"1118\">Localiza\u00e7\u00e3o sonora:<\/strong> identificar de onde o som est\u00e1 vindo<\/p><\/li><li class=\"\" data-start=\"1156\" data-end=\"1222\"><p class=\"\" data-start=\"1158\" data-end=\"1222\"><strong data-start=\"1158\" data-end=\"1182\">Integra\u00e7\u00e3o binaural:<\/strong> usar bem os dois ouvidos ao mesmo tempo<\/p><\/li><\/ul><hr class=\"\" data-start=\"1224\" data-end=\"1227\" \/><h3 class=\"\" data-start=\"1229\" data-end=\"1261\"><strong data-start=\"1236\" data-end=\"1261\">Para quem \u00e9 indicada:<\/strong><\/h3><ul data-start=\"1262\" data-end=\"1542\"><li class=\"\" data-start=\"1262\" data-end=\"1352\"><p class=\"\" data-start=\"1264\" data-end=\"1352\">Crian\u00e7as com <strong data-start=\"1277\" data-end=\"1303\">dificuldades escolares<\/strong>, principalmente leitura, escrita e interpreta\u00e7\u00e3o<\/p><\/li><li class=\"\" data-start=\"1353\" data-end=\"1414\"><p class=\"\" data-start=\"1355\" data-end=\"1414\">Pessoas com <strong data-start=\"1367\" data-end=\"1390\">TDAH, dislexia, TEA<\/strong>, ou atraso na linguagem<\/p><\/li><li class=\"\" data-start=\"1415\" data-end=\"1495\"><p class=\"\" data-start=\"1417\" data-end=\"1495\">Adultos que t\u00eam dificuldade de <strong data-start=\"1448\" data-end=\"1495\">compreender conversas em ambientes ruidosos<\/strong><\/p><\/li><li class=\"\" data-start=\"1496\" data-end=\"1542\"><p class=\"\" data-start=\"1498\" data-end=\"1542\">Idosos com queixa de &#8220;ou\u00e7o, mas n\u00e3o entendo&#8221;<\/p><\/li><\/ul><hr class=\"\" data-start=\"1544\" data-end=\"1547\" \/><h3 class=\"\" data-start=\"1549\" data-end=\"1583\"><strong data-start=\"1556\" data-end=\"1583\">Como \u00e9 feita a terapia:<\/strong><\/h3><ul data-start=\"1584\" data-end=\"1992\"><li class=\"\" data-start=\"1584\" data-end=\"1653\"><p class=\"\" data-start=\"1586\" data-end=\"1653\">Sess\u00f5es geralmente <strong data-start=\"1605\" data-end=\"1617\">semanais<\/strong>, com dura\u00e7\u00e3o de <strong data-start=\"1634\" data-end=\"1653\">30 a 50 minutos<\/strong><\/p><\/li><li class=\"\" data-start=\"1654\" data-end=\"1745\"><p class=\"\" data-start=\"1656\" data-end=\"1745\">Atividades <strong data-start=\"1667\" data-end=\"1697\">orais, auditivas e l\u00fadicas<\/strong> (com fones de ouvido, jogos, \u00e1udios e comandos)<\/p><\/li><li class=\"\" data-start=\"1746\" data-end=\"1861\"><p class=\"\" data-start=\"1748\" data-end=\"1861\">Pode envolver <strong data-start=\"1762\" data-end=\"1793\">exerc\u00edcios computadorizados<\/strong>, sons com ru\u00eddo de fundo, tarefas com m\u00fasicas ou est\u00edmulos gravados<\/p><\/li><li class=\"\" data-start=\"1862\" data-end=\"1992\"><p class=\"\" data-start=\"1864\" data-end=\"1992\">Algumas cl\u00ednicas usam <strong data-start=\"1886\" data-end=\"1917\">sistemas de som direcionado<\/strong> (como fones com microfone espec\u00edfico ou software de reabilita\u00e7\u00e3o auditiva)<\/p><\/li><\/ul><hr class=\"\" data-start=\"1994\" data-end=\"1997\" \/><h3 class=\"\" data-start=\"1999\" data-end=\"2032\"><strong data-start=\"2006\" data-end=\"2032\">Dura\u00e7\u00e3o do tratamento:<\/strong><\/h3><ul data-start=\"2033\" data-end=\"2182\"><li class=\"\" data-start=\"2033\" data-end=\"2127\"><p class=\"\" data-start=\"2035\" data-end=\"2127\">Varia conforme o caso, mas geralmente de <strong data-start=\"2076\" data-end=\"2091\">3 a 6 meses<\/strong>, podendo ser renovado se necess\u00e1rio<\/p><\/li><li class=\"\" data-start=\"2128\" data-end=\"2182\"><p class=\"\" data-start=\"2130\" data-end=\"2182\">H\u00e1 <strong data-start=\"2133\" data-end=\"2160\">reavalia\u00e7\u00f5es peri\u00f3dicas<\/strong> para medir a evolu\u00e7\u00e3o<\/p><\/li><\/ul><hr class=\"\" data-start=\"2184\" data-end=\"2187\" \/><h3 class=\"\" data-start=\"2189\" data-end=\"2220\"><strong data-start=\"2195\" data-end=\"2220\">Benef\u00edcios esperados:<\/strong><\/h3><ul data-start=\"2221\" data-end=\"2473\"><li class=\"\" data-start=\"2221\" data-end=\"2260\"><p class=\"\" data-start=\"2223\" data-end=\"2260\">Melhora da <strong data-start=\"2234\" data-end=\"2260\">aten\u00e7\u00e3o e concentra\u00e7\u00e3o<\/strong><\/p><\/li><li class=\"\" data-start=\"2261\" data-end=\"2318\"><p class=\"\" data-start=\"2263\" data-end=\"2318\">Maior facilidade de <strong data-start=\"2283\" data-end=\"2318\">aprender e compreender comandos<\/strong><\/p><\/li><li class=\"\" data-start=\"2319\" data-end=\"2370\"><p class=\"\" data-start=\"2321\" data-end=\"2370\">Melhora no <strong data-start=\"2332\" data-end=\"2370\">rendimento escolar ou profissional<\/strong><\/p><\/li><li class=\"\" data-start=\"2371\" data-end=\"2425\"><p class=\"\" data-start=\"2373\" data-end=\"2425\">Redu\u00e7\u00e3o de <strong data-start=\"2384\" data-end=\"2425\">dificuldades em ambientes barulhentos<\/strong><\/p><\/li><li class=\"\" data-start=\"2426\" data-end=\"2473\"><p class=\"\" data-start=\"2428\" data-end=\"2473\"><strong data-start=\"2428\" data-end=\"2473\">Aprimoramento da linguagem oral e escrita<\/strong><\/p><\/li><\/ul>\t\t\t\t\t\t\t\t<\/div>\n\t\t\t\t<\/div>\n\t\t\t\t\t<\/div>\n\t\t<\/div>\n\t\t\t\t<div class=\"elementor-column elementor-col-50 elementor-top-column elementor-element elementor-element-0572784\" data-id=\"0572784\" data-element_type=\"column\" data-e-type=\"column\">\n\t\t\t<div class=\"elementor-widget-wrap elementor-element-populated\">\n\t\t\t\t\t\t<div class=\"elementor-element elementor-element-ab2cfff elementor-widget elementor-widget-heading\" data-id=\"ab2cfff\" data-element_type=\"widget\" data-e-type=\"widget\" data-widget_type=\"heading.default\">\n\t\t\t\t<div class=\"elementor-widget-container\">\n\t\t\t\t\t<h2 class=\"elementor-heading-title elementor-size-default\">10<\/h2>\t\t\t\t<\/div>\n\t\t\t\t<\/div>\n\t\t\t\t<div class=\"elementor-element elementor-element-b2f9cc3 elementor-widget elementor-widget-heading\" data-id=\"b2f9cc3\" data-element_type=\"widget\" data-e-type=\"widget\" data-widget_type=\"heading.default\">\n\t\t\t\t<div class=\"elementor-widget-container\">\n\t\t\t\t\t<h2 class=\"elementor-heading-title elementor-size-default\">Pr\u00f3teses Auditivas<\/h2>\t\t\t\t<\/div>\n\t\t\t\t<\/div>\n\t\t\t\t<div class=\"elementor-element elementor-element-4461d2b elementor-widget elementor-widget-text-editor\" data-id=\"4461d2b\" data-element_type=\"widget\" data-e-type=\"widget\" data-widget_type=\"text-editor.default\">\n\t\t\t\t<div class=\"elementor-widget-container\">\n\t\t\t\t\t\t\t\t\t<p class=\"\" data-start=\"0\" data-end=\"309\">As <strong data-start=\"3\" data-end=\"25\">pr\u00f3teses auditivas<\/strong>, tamb\u00e9m chamadas de <strong data-start=\"46\" data-end=\"69\">aparelhos auditivos<\/strong>, s\u00e3o dispositivos eletr\u00f4nicos que <strong data-start=\"104\" data-end=\"126\">amplificam os sons<\/strong> para pessoas com <strong data-start=\"144\" data-end=\"162\">perda auditiva<\/strong>. Elas n\u00e3o curam a surdez, mas <strong data-start=\"193\" data-end=\"250\">melhoram significativamente a audi\u00e7\u00e3o e a comunica\u00e7\u00e3o<\/strong>, ajudando o c\u00e9rebro a interpretar melhor os sons ao redor.<\/p><hr class=\"\" data-start=\"311\" data-end=\"314\" \/><h3 class=\"\" data-start=\"316\" data-end=\"343\"><strong data-start=\"323\" data-end=\"343\">Para que servem:<\/strong><\/h3><ul data-start=\"344\" data-end=\"576\"><li class=\"\" data-start=\"344\" data-end=\"384\"><p class=\"\" data-start=\"346\" data-end=\"384\">Ampliar sons <strong data-start=\"359\" data-end=\"372\">ambientes<\/strong> e <strong data-start=\"375\" data-end=\"383\">fala<\/strong>.<\/p><\/li><li class=\"\" data-start=\"385\" data-end=\"415\"><p class=\"\" data-start=\"387\" data-end=\"415\">Facilitar a <strong data-start=\"399\" data-end=\"414\">comunica\u00e7\u00e3o<\/strong>.<\/p><\/li><li class=\"\" data-start=\"416\" data-end=\"485\"><p class=\"\" data-start=\"418\" data-end=\"485\">Reduzir o <strong data-start=\"428\" data-end=\"449\">isolamento social<\/strong> e melhorar a <strong data-start=\"463\" data-end=\"484\">qualidade de vida<\/strong>.<\/p><\/li><li class=\"\" data-start=\"486\" data-end=\"576\"><p class=\"\" data-start=\"488\" data-end=\"576\">Estimular o <strong data-start=\"500\" data-end=\"520\">c\u00e9rebro auditivo<\/strong>, prevenindo perda cognitiva associada \u00e0 perda auditiva.<\/p><\/li><\/ul><hr class=\"\" data-start=\"578\" data-end=\"581\" \/><h3 class=\"\" data-start=\"583\" data-end=\"609\"><strong data-start=\"590\" data-end=\"609\">Como funcionam:<\/strong><\/h3><ol data-start=\"610\" data-end=\"924\"><li class=\"\" data-start=\"610\" data-end=\"651\"><p class=\"\" data-start=\"613\" data-end=\"651\"><strong data-start=\"613\" data-end=\"626\">Microfone<\/strong> capta o som do ambiente.<\/p><\/li><li class=\"\" data-start=\"652\" data-end=\"735\"><p class=\"\" data-start=\"655\" data-end=\"735\"><strong data-start=\"655\" data-end=\"670\">Processador<\/strong> amplifica e ajusta os sons conforme a perda auditiva do usu\u00e1rio.<\/p><\/li><li class=\"\" data-start=\"736\" data-end=\"805\"><p class=\"\" data-start=\"739\" data-end=\"805\"><strong data-start=\"739\" data-end=\"766\">Receptor (alto-falante)<\/strong> envia o som amplificado para o ouvido.<\/p><\/li><li class=\"\" data-start=\"806\" data-end=\"924\"><p class=\"\" data-start=\"809\" data-end=\"924\">Alguns modelos incluem <strong data-start=\"832\" data-end=\"857\">cancelamento de ru\u00eddo<\/strong>, conex\u00e3o com <strong data-start=\"871\" data-end=\"882\">celular<\/strong>, e ajuste autom\u00e1tico conforme o ambiente.<\/p><\/li><\/ol><hr class=\"\" data-start=\"926\" data-end=\"929\" \/><h3 class=\"\" data-start=\"931\" data-end=\"953\"><strong data-start=\"938\" data-end=\"953\">Indica\u00e7\u00f5es:<\/strong><\/h3><ul data-start=\"954\" data-end=\"1126\"><li class=\"\" data-start=\"954\" data-end=\"1049\"><p class=\"\" data-start=\"956\" data-end=\"1049\">Perda auditiva <strong data-start=\"971\" data-end=\"990\">leve a profunda<\/strong>, de origem <strong data-start=\"1002\" data-end=\"1020\">sensorioneural<\/strong>, <strong data-start=\"1022\" data-end=\"1035\">condutiva<\/strong> ou <strong data-start=\"1039\" data-end=\"1048\">mista<\/strong>.<\/p><\/li><li class=\"\" data-start=\"1050\" data-end=\"1126\"><p class=\"\" data-start=\"1052\" data-end=\"1126\">Crian\u00e7as, adultos e idosos com diagn\u00f3stico confirmado por <strong data-start=\"1110\" data-end=\"1125\">audiometria<\/strong>.<\/p><\/li><\/ul><hr class=\"\" data-start=\"1128\" data-end=\"1131\" \/><h3 class=\"\" data-start=\"1133\" data-end=\"1172\"><strong data-start=\"1140\" data-end=\"1172\">Tipos de pr\u00f3teses auditivas:<\/strong><\/h3><div class=\"_tableContainer_16hzy_1\"><div class=\"_tableWrapper_16hzy_14 group flex w-fit flex-col-reverse\" tabindex=\"-1\"><table class=\"w-fit min-w-(--thread-content-width)\" data-start=\"1174\" data-end=\"1733\"><thead data-start=\"1174\" data-end=\"1210\"><tr data-start=\"1174\" data-end=\"1210\"><th data-start=\"1174\" data-end=\"1181\" data-col-size=\"sm\">Tipo<\/th><th data-start=\"1181\" data-end=\"1193\" data-col-size=\"md\">Descri\u00e7\u00e3o<\/th><th data-start=\"1193\" data-end=\"1210\" data-col-size=\"md\">Indicado para<\/th><\/tr><\/thead><tbody data-start=\"1248\" data-end=\"1733\"><tr data-start=\"1248\" data-end=\"1369\"><td data-start=\"1248\" data-end=\"1275\" data-col-size=\"sm\"><strong data-start=\"1250\" data-end=\"1274\">Retroauricular (BTE)<\/strong><\/td><td data-col-size=\"md\" data-start=\"1275\" data-end=\"1341\">Fica atr\u00e1s da orelha, com tubo que leva o som ao canal auditivo<\/td><td data-col-size=\"md\" data-start=\"1341\" data-end=\"1369\">Perdas leves a profundas<\/td><\/tr><tr data-start=\"1370\" data-end=\"1475\"><td data-start=\"1370\" data-end=\"1401\" data-col-size=\"sm\"><strong data-start=\"1372\" data-end=\"1400\">Intracanal (CIC\/ITC\/ITE)<\/strong><\/td><td data-col-size=\"md\" data-start=\"1401\" data-end=\"1447\">Fica <strong data-start=\"1408\" data-end=\"1436\">dentro do canal auditivo<\/strong>, discreto<\/td><td data-col-size=\"md\" data-start=\"1447\" data-end=\"1475\">Perdas leves a moderadas<\/td><\/tr><tr data-start=\"1476\" data-end=\"1609\"><td data-start=\"1476\" data-end=\"1506\" data-col-size=\"sm\"><strong data-start=\"1478\" data-end=\"1505\">RIC (Receptor no canal)<\/strong><\/td><td data-col-size=\"md\" data-start=\"1506\" data-end=\"1578\">Semelhante ao BTE, mas com parte do receptor dentro do canal auditivo<\/td><td data-col-size=\"md\" data-start=\"1578\" data-end=\"1609\">Muito discreto, confort\u00e1vel<\/td><\/tr><tr data-start=\"1610\" data-end=\"1733\"><td data-start=\"1610\" data-end=\"1638\" data-col-size=\"sm\"><strong data-start=\"1612\" data-end=\"1637\">Pr\u00f3teses implant\u00e1veis<\/strong><\/td><td data-col-size=\"md\" data-start=\"1638\" data-end=\"1681\">Implantes de condu\u00e7\u00e3o \u00f3ssea ou cocleares<\/td><td data-col-size=\"md\" data-start=\"1681\" data-end=\"1733\">Perdas severas\/profundas ou problemas anat\u00f4micos<\/td><\/tr><\/tbody><\/table><div class=\"sticky end-(--thread-content-margin) h-0 self-end select-none\"><div class=\"absolute end-0 flex items-end\">\u00a0<\/div><\/div><\/div><\/div><hr class=\"\" data-start=\"1735\" data-end=\"1738\" \/><h3 class=\"\" data-start=\"1740\" data-end=\"1766\"><strong data-start=\"1747\" data-end=\"1766\">Como conseguir:<\/strong><\/h3><ul data-start=\"1767\" data-end=\"1999\"><li class=\"\" data-start=\"1767\" data-end=\"1885\"><p class=\"\" data-start=\"1769\" data-end=\"1885\">Atrav\u00e9s de cl\u00ednicas particulares ou pelo <strong data-start=\"1810\" data-end=\"1817\">SUS<\/strong> (Sistema \u00danico de Sa\u00fade), com indica\u00e7\u00e3o m\u00e9dica e laudo audiol\u00f3gico.<\/p><\/li><li class=\"\" data-start=\"1886\" data-end=\"1999\"><p class=\"\" data-start=\"1888\" data-end=\"1999\">O <strong data-start=\"1890\" data-end=\"1897\">SUS<\/strong> fornece gratuitamente o aparelho e o acompanhamento, incluindo manuten\u00e7\u00e3o e troca, quando necess\u00e1rio.<\/p><\/li><\/ul><hr class=\"\" data-start=\"2001\" data-end=\"2004\" \/><h3 class=\"\" data-start=\"2006\" data-end=\"2045\"><strong data-start=\"2014\" data-end=\"2045\">Adapta\u00e7\u00e3o e acompanhamento:<\/strong><\/h3><ul data-start=\"2046\" data-end=\"2268\"><li class=\"\" data-start=\"2046\" data-end=\"2119\"><p class=\"\" data-start=\"2048\" data-end=\"2119\">Envolve <strong data-start=\"2056\" data-end=\"2089\">per\u00edodo de adapta\u00e7\u00e3o auditiva<\/strong> (geralmente algumas semanas).<\/p><\/li><li class=\"\" data-start=\"2120\" data-end=\"2188\"><p class=\"\" data-start=\"2122\" data-end=\"2188\">Requer <strong data-start=\"2129\" data-end=\"2151\">ajustes frequentes<\/strong> feitos por fonoaudi\u00f3logo habilitado.<\/p><\/li><li class=\"\" data-start=\"2189\" data-end=\"2268\"><p class=\"\" data-start=\"2191\" data-end=\"2268\">Acompanhamento peri\u00f3dico \u00e9 essencial para garantir o <strong data-start=\"2244\" data-end=\"2267\">bom uso e benef\u00edcio<\/strong>.<\/p><\/li><\/ul><hr class=\"\" data-start=\"2270\" data-end=\"2273\" \/><h3 class=\"\" data-start=\"2275\" data-end=\"2312\"><strong data-start=\"2281\" data-end=\"2312\">Benef\u00edcios do uso adequado:<\/strong><\/h3><ul data-start=\"2313\" data-end=\"2485\"><li class=\"\" data-start=\"2313\" data-end=\"2364\"><p class=\"\" data-start=\"2315\" data-end=\"2364\">Melhora da <strong data-start=\"2326\" data-end=\"2341\">comunica\u00e7\u00e3o<\/strong> e <strong data-start=\"2344\" data-end=\"2364\">intera\u00e7\u00e3o social<\/strong><\/p><\/li><li class=\"\" data-start=\"2365\" data-end=\"2398\"><p class=\"\" data-start=\"2367\" data-end=\"2398\">Redu\u00e7\u00e3o de <strong data-start=\"2378\" data-end=\"2398\">esfor\u00e7o auditivo<\/strong><\/p><\/li><li class=\"\" data-start=\"2399\" data-end=\"2443\"><p class=\"\" data-start=\"2401\" data-end=\"2443\">Melhora da <strong data-start=\"2412\" data-end=\"2443\">aten\u00e7\u00e3o, mem\u00f3ria e cogni\u00e7\u00e3o<\/strong><\/p><\/li><li class=\"\" data-start=\"2444\" data-end=\"2485\"><p class=\"\" data-start=\"2446\" data-end=\"2485\">Preven\u00e7\u00e3o de <strong data-start=\"2459\" data-end=\"2485\">isolamento e depress\u00e3o<\/strong><\/p><\/li><\/ul>\t\t\t\t\t\t\t\t<\/div>\n\t\t\t\t<\/div>\n\t\t\t\t\t<\/div>\n\t\t<\/div>\n\t\t\t\t\t<\/div>\n\t\t<\/section>\n\t\t\t\t<section class=\"elementor-section elementor-top-section elementor-element elementor-element-87c0551 elementor-section-full_width elementor-section-height-default elementor-section-height-default\" data-id=\"87c0551\" data-element_type=\"section\" data-e-type=\"section\" data-settings=\"{&quot;background_background&quot;:&quot;classic&quot;,&quot;_ha_eqh_enable&quot;:false}\">\n\t\t\t\t\t\t<div class=\"elementor-container elementor-column-gap-default\">\n\t\t\t\t\t<div class=\"elementor-column elementor-col-50 elementor-top-column elementor-element elementor-element-d9668c2\" data-id=\"d9668c2\" data-element_type=\"column\" data-e-type=\"column\">\n\t\t\t<div class=\"elementor-widget-wrap elementor-element-populated\">\n\t\t\t\t\t\t<div class=\"elementor-element elementor-element-ebf54f6 ha-has-bg-overlay elementor-widget elementor-widget-image\" data-id=\"ebf54f6\" data-element_type=\"widget\" data-e-type=\"widget\" data-widget_type=\"image.default\">\n\t\t\t\t<div class=\"elementor-widget-container\">\n\t\t\t\t\t\t\t\t\t\t\t\t\t\t\t<img loading=\"lazy\" decoding=\"async\" width=\"960\" height=\"800\" src=\"https:\/\/audiohear.com.br\/wp-content\/uploads\/2025\/04\/aparalho-auditiv-com-tecnologia-e-aplicativo-no-celular.gif\" class=\"attachment-full size-full wp-image-3264\" alt=\"\" \/>\t\t\t\t\t\t\t\t\t\t\t\t\t\t\t<\/div>\n\t\t\t\t<\/div>\n\t\t\t\t\t<\/div>\n\t\t<\/div>\n\t\t\t\t<div class=\"elementor-column elementor-col-50 elementor-top-column elementor-element elementor-element-18a2a05\" data-id=\"18a2a05\" data-element_type=\"column\" data-e-type=\"column\">\n\t\t\t<div class=\"elementor-widget-wrap elementor-element-populated\">\n\t\t\t\t\t\t<div class=\"elementor-element elementor-element-76db650 elementor-widget elementor-widget-heading\" data-id=\"76db650\" data-element_type=\"widget\" data-e-type=\"widget\" data-widget_type=\"heading.default\">\n\t\t\t\t<div class=\"elementor-widget-container\">\n\t\t\t\t\t<h2 class=\"elementor-heading-title elementor-size-default\">Tecnologia<\/h2>\t\t\t\t<\/div>\n\t\t\t\t<\/div>\n\t\t\t\t<div class=\"elementor-element elementor-element-3c0388a elementor-invisible elementor-widget elementor-widget-text-editor\" data-id=\"3c0388a\" data-element_type=\"widget\" data-e-type=\"widget\" data-settings=\"{&quot;_animation&quot;:&quot;fadeInDown&quot;}\" data-widget_type=\"text-editor.default\">\n\t\t\t\t<div class=\"elementor-widget-container\">\n\t\t\t\t\t\t\t\t\t<h3><strong>Controle seus aparelhos auditivos discretamente.<\/strong><\/h3>\nBasta deslizar ou tocar em seu telefone para ajustar o volume, mudar de programa, conectar-se a acess\u00f3rios e muito mais, de forma f\u00e1cil e discreta, sem tocar em seus aparelhos auditivos. E sinta a gratifica\u00e7\u00e3o instant\u00e2nea de uma experi\u00eancia aprimorada na plama da sua m\u00e3o para mais discri\u00e7\u00e3o.\n<strong><a href=\"https:\/\/www.oticon.com.br\/hearing-aid-users\/hearing-aids\/accessories\/companion\"style=\"color:#CB2493\">Acesse o site da Oticon para mais informa\u00e7\u00f5es!<\/a><\/strong>\t\t\t\t\t\t\t\t<\/div>\n\t\t\t\t<\/div>\n\t\t\t\t<section class=\"elementor-section elementor-inner-section elementor-element elementor-element-969e43b elementor-section-boxed elementor-section-height-default elementor-section-height-default\" data-id=\"969e43b\" data-element_type=\"section\" data-e-type=\"section\" data-settings=\"{&quot;_ha_eqh_enable&quot;:false}\">\n\t\t\t\t\t\t<div class=\"elementor-container elementor-column-gap-default\">\n\t\t\t\t\t<div class=\"elementor-column elementor-col-33 elementor-inner-column elementor-element elementor-element-9fd6ba6\" data-id=\"9fd6ba6\" data-element_type=\"column\" data-e-type=\"column\">\n\t\t\t<div class=\"elementor-widget-wrap elementor-element-populated\">\n\t\t\t\t\t\t<div class=\"elementor-element elementor-element-81e3511 elementor-view-default elementor-widget elementor-widget-icon\" data-id=\"81e3511\" data-element_type=\"widget\" data-e-type=\"widget\" data-widget_type=\"icon.default\">\n\t\t\t\t<div class=\"elementor-widget-container\">\n\t\t\t\t\t\t\t<div class=\"elementor-icon-wrapper\">\n\t\t\t<a class=\"elementor-icon\" href=\"https:\/\/apps.apple.com\/app\/id1597064213\">\n\t\t\t<i aria-hidden=\"true\" class=\"fab fa-app-store-ios\"><\/i>\t\t\t<\/a>\n\t\t<\/div>\n\t\t\t\t\t\t<\/div>\n\t\t\t\t<\/div>\n\t\t\t\t<div class=\"elementor-element elementor-element-2859d66 elementor-widget elementor-widget-text-editor\" data-id=\"2859d66\" data-element_type=\"widget\" data-e-type=\"widget\" data-widget_type=\"text-editor.default\">\n\t\t\t\t<div class=\"elementor-widget-container\">\n\t\t\t\t\t\t\t\t\t<p>App Store da Apple<\/p>\t\t\t\t\t\t\t\t<\/div>\n\t\t\t\t<\/div>\n\t\t\t\t\t<\/div>\n\t\t<\/div>\n\t\t\t\t<div class=\"elementor-column elementor-col-33 elementor-inner-column elementor-element elementor-element-72b6ddb\" data-id=\"72b6ddb\" data-element_type=\"column\" data-e-type=\"column\">\n\t\t\t<div class=\"elementor-widget-wrap elementor-element-populated\">\n\t\t\t\t\t\t<div class=\"elementor-element elementor-element-fe1ead4 elementor-view-default elementor-widget elementor-widget-icon\" data-id=\"fe1ead4\" data-element_type=\"widget\" data-e-type=\"widget\" data-widget_type=\"icon.default\">\n\t\t\t\t<div class=\"elementor-widget-container\">\n\t\t\t\t\t\t\t<div class=\"elementor-icon-wrapper\">\n\t\t\t<a class=\"elementor-icon\" href=\"https:\/\/play.google.com\/store\/apps\/details?id=com.oticon.app\">\n\t\t\t<i aria-hidden=\"true\" class=\"fab fa-google-play\"><\/i>\t\t\t<\/a>\n\t\t<\/div>\n\t\t\t\t\t\t<\/div>\n\t\t\t\t<\/div>\n\t\t\t\t<div class=\"elementor-element elementor-element-6c8203c elementor-widget elementor-widget-text-editor\" data-id=\"6c8203c\" data-element_type=\"widget\" data-e-type=\"widget\" data-widget_type=\"text-editor.default\">\n\t\t\t\t<div class=\"elementor-widget-container\">\n\t\t\t\t\t\t\t\t\t<p>Google Play<\/p>\t\t\t\t\t\t\t\t<\/div>\n\t\t\t\t<\/div>\n\t\t\t\t\t<\/div>\n\t\t<\/div>\n\t\t\t\t<div class=\"elementor-column elementor-col-33 elementor-inner-column elementor-element elementor-element-8a7eee3\" data-id=\"8a7eee3\" data-element_type=\"column\" data-e-type=\"column\">\n\t\t\t<div class=\"elementor-widget-wrap elementor-element-populated\">\n\t\t\t\t\t\t<div class=\"elementor-element elementor-element-a7dbd48 elementor-view-default elementor-widget elementor-widget-icon\" data-id=\"a7dbd48\" data-element_type=\"widget\" data-e-type=\"widget\" data-widget_type=\"icon.default\">\n\t\t\t\t<div class=\"elementor-widget-container\">\n\t\t\t\t\t\t\t<div class=\"elementor-icon-wrapper\">\n\t\t\t<a class=\"elementor-icon\" href=\"https:\/\/www.oticon.com.br\/hearing-aid-users\/support\/apps\/companion\">\n\t\t\t<i aria-hidden=\"true\" class=\"hm hm-offcanvas-menu\"><\/i>\t\t\t<\/a>\n\t\t<\/div>\n\t\t\t\t\t\t<\/div>\n\t\t\t\t<\/div>\n\t\t\t\t<div class=\"elementor-element elementor-element-bda9072 elementor-widget elementor-widget-text-editor\" data-id=\"bda9072\" data-element_type=\"widget\" data-e-type=\"widget\" data-widget_type=\"text-editor.default\">\n\t\t\t\t<div class=\"elementor-widget-container\">\n\t\t\t\t\t\t\t\t\t<p>Manual de instru\u00e7\u00f5es<\/p>\t\t\t\t\t\t\t\t<\/div>\n\t\t\t\t<\/div>\n\t\t\t\t\t<\/div>\n\t\t<\/div>\n\t\t\t\t\t<\/div>\n\t\t<\/section>\n\t\t\t\t<div class=\"elementor-element elementor-element-1bdfb20 elementor-align-justify elementor-widget elementor-widget-button\" data-id=\"1bdfb20\" data-element_type=\"widget\" data-e-type=\"widget\" data-widget_type=\"button.default\">\n\t\t\t\t<div class=\"elementor-widget-container\">\n\t\t\t\t\t\t\t\t\t<div class=\"elementor-button-wrapper\">\n\t\t\t\t\t<a class=\"elementor-button elementor-button-link elementor-size-sm\" href=\"https:\/\/api.whatsapp.com\/send?phone=5547988912222\">\n\t\t\t\t\t\t<span class=\"elementor-button-content-wrapper\">\n\t\t\t\t\t\t\t\t\t<span class=\"elementor-button-text\">Falar com equipe<\/span>\n\t\t\t\t\t<\/span>\n\t\t\t\t\t<\/a>\n\t\t\t\t<\/div>\n\t\t\t\t\t\t\t\t<\/div>\n\t\t\t\t<\/div>\n\t\t\t\t\t<\/div>\n\t\t<\/div>\n\t\t\t\t\t<\/div>\n\t\t<\/section>\n\t\t\t\t<section class=\"elementor-section elementor-top-section elementor-element elementor-element-bbd42b0 elementor-section-boxed elementor-section-height-default elementor-section-height-default\" data-id=\"bbd42b0\" data-element_type=\"section\" data-e-type=\"section\" data-settings=\"{&quot;background_background&quot;:&quot;classic&quot;,&quot;_ha_eqh_enable&quot;:false}\">\n\t\t\t\t\t\t<div class=\"elementor-container elementor-column-gap-default\">\n\t\t\t\t\t<div class=\"elementor-column elementor-col-100 elementor-top-column elementor-element elementor-element-caf3978\" data-id=\"caf3978\" data-element_type=\"column\" data-e-type=\"column\">\n\t\t\t<div class=\"elementor-widget-wrap elementor-element-populated\">\n\t\t\t\t\t\t<div class=\"elementor-element elementor-element-6259322 elementor-widget elementor-widget-shortcode\" data-id=\"6259322\" data-element_type=\"widget\" data-e-type=\"widget\" data-widget_type=\"shortcode.default\">\n\t\t\t\t<div class=\"elementor-widget-container\">\n\t\t\t\t\t\t\t<div class=\"elementor-shortcode\">\n<div id=\"sb_instagram\" role=\"region\" aria-label=\"Instagram feed\"  class=\"sbi sbi_mob_col_1 sbi_tab_col_2 sbi_col_4 sbi_width_resp\" style=\"padding-bottom: 10px;\"\t data-feedid=\"*2\"  data-res=\"auto\" data-cols=\"4\" data-colsmobile=\"1\" data-colstablet=\"2\" data-num=\"20\" data-nummobile=\"20\" data-item-padding=\"5\"\t data-shortcode-atts=\"{&quot;feed&quot;:&quot;2&quot;}\"  data-postid=\"3411\" data-locatornonce=\"a9527d6055\" data-imageaspectratio=\"1:1\" data-sbi-flags=\"favorLocal,gdpr\">\n\t\n\t<div id=\"sbi_images\" role=\"list\"  style=\"gap: 10px;\">\n\t\t<div class=\"sbi_item sbi_type_video sbi_new sbi_transition\" role=\"listitem\"\n\tid=\"sbi_18040348817540937\" data-date=\"1746876673\">\n\t<div class=\"sbi_photo_wrap\">\n\t\t<a class=\"sbi_photo\" href=\"https:\/\/www.instagram.com\/p\/DJeLC-atJqW\/\" target=\"_blank\" rel=\"noopener nofollow\"\n\t\t\tdata-full-res=\"https:\/\/scontent.cdninstagram.com\/v\/t51.29350-15\/496660883_1367815687827775_7156105467538371497_n.jpg?stp=dst-jpg_e35_tt6&#038;_nc_cat=110&#038;ccb=7-5&#038;_nc_sid=18de74&#038;_nc_ohc=0hvHO-R6540Q7kNvwGDs7OV&#038;_nc_oc=AdmZAcBUHzQwxbexEbuiY0EADzSSHAsAv9AoSiFGQo7c4ydQViUrNLMHw3lWQvBSJ-lZeg6fUopIxBtLBlpDD4JM&#038;_nc_zt=23&#038;_nc_ht=scontent.cdninstagram.com&#038;edm=ANo9K5cEAAAA&#038;_nc_gid=hZXmH5EPIH66T7pVPc91Ng&#038;oh=00_AfJ_Ytb4RDCgiUwz-swcoDN6srxMyj5-2yMUpNKMFiy5ww&#038;oe=68282341\"\n\t\t\tdata-img-src-set=\"{&quot;d&quot;:&quot;https:\\\/\\\/scontent.cdninstagram.com\\\/v\\\/t51.29350-15\\\/496660883_1367815687827775_7156105467538371497_n.jpg?stp=dst-jpg_e35_tt6&amp;_nc_cat=110&amp;ccb=7-5&amp;_nc_sid=18de74&amp;_nc_ohc=0hvHO-R6540Q7kNvwGDs7OV&amp;_nc_oc=AdmZAcBUHzQwxbexEbuiY0EADzSSHAsAv9AoSiFGQo7c4ydQViUrNLMHw3lWQvBSJ-lZeg6fUopIxBtLBlpDD4JM&amp;_nc_zt=23&amp;_nc_ht=scontent.cdninstagram.com&amp;edm=ANo9K5cEAAAA&amp;_nc_gid=hZXmH5EPIH66T7pVPc91Ng&amp;oh=00_AfJ_Ytb4RDCgiUwz-swcoDN6srxMyj5-2yMUpNKMFiy5ww&amp;oe=68282341&quot;,&quot;150&quot;:&quot;https:\\\/\\\/scontent.cdninstagram.com\\\/v\\\/t51.29350-15\\\/496660883_1367815687827775_7156105467538371497_n.jpg?stp=dst-jpg_e35_tt6&amp;_nc_cat=110&amp;ccb=7-5&amp;_nc_sid=18de74&amp;_nc_ohc=0hvHO-R6540Q7kNvwGDs7OV&amp;_nc_oc=AdmZAcBUHzQwxbexEbuiY0EADzSSHAsAv9AoSiFGQo7c4ydQViUrNLMHw3lWQvBSJ-lZeg6fUopIxBtLBlpDD4JM&amp;_nc_zt=23&amp;_nc_ht=scontent.cdninstagram.com&amp;edm=ANo9K5cEAAAA&amp;_nc_gid=hZXmH5EPIH66T7pVPc91Ng&amp;oh=00_AfJ_Ytb4RDCgiUwz-swcoDN6srxMyj5-2yMUpNKMFiy5ww&amp;oe=68282341&quot;,&quot;320&quot;:&quot;https:\\\/\\\/scontent.cdninstagram.com\\\/v\\\/t51.29350-15\\\/496660883_1367815687827775_7156105467538371497_n.jpg?stp=dst-jpg_e35_tt6&amp;_nc_cat=110&amp;ccb=7-5&amp;_nc_sid=18de74&amp;_nc_ohc=0hvHO-R6540Q7kNvwGDs7OV&amp;_nc_oc=AdmZAcBUHzQwxbexEbuiY0EADzSSHAsAv9AoSiFGQo7c4ydQViUrNLMHw3lWQvBSJ-lZeg6fUopIxBtLBlpDD4JM&amp;_nc_zt=23&amp;_nc_ht=scontent.cdninstagram.com&amp;edm=ANo9K5cEAAAA&amp;_nc_gid=hZXmH5EPIH66T7pVPc91Ng&amp;oh=00_AfJ_Ytb4RDCgiUwz-swcoDN6srxMyj5-2yMUpNKMFiy5ww&amp;oe=68282341&quot;,&quot;640&quot;:&quot;https:\\\/\\\/scontent.cdninstagram.com\\\/v\\\/t51.29350-15\\\/496660883_1367815687827775_7156105467538371497_n.jpg?stp=dst-jpg_e35_tt6&amp;_nc_cat=110&amp;ccb=7-5&amp;_nc_sid=18de74&amp;_nc_ohc=0hvHO-R6540Q7kNvwGDs7OV&amp;_nc_oc=AdmZAcBUHzQwxbexEbuiY0EADzSSHAsAv9AoSiFGQo7c4ydQViUrNLMHw3lWQvBSJ-lZeg6fUopIxBtLBlpDD4JM&amp;_nc_zt=23&amp;_nc_ht=scontent.cdninstagram.com&amp;edm=ANo9K5cEAAAA&amp;_nc_gid=hZXmH5EPIH66T7pVPc91Ng&amp;oh=00_AfJ_Ytb4RDCgiUwz-swcoDN6srxMyj5-2yMUpNKMFiy5ww&amp;oe=68282341&quot;}\">\n\t\t\t<span class=\"sbi-screenreader\">Esse m\u00eas \u00e9 momento de celebrar quem sempre escutou<\/span>\n\t\t\t\t\t\t<svg style=\"color: rgba(255,255,255,1)\" class=\"svg-inline--fa fa-play fa-w-14 sbi_playbtn\" aria-label=\"Play\" aria-hidden=\"true\" data-fa-processed=\"\" data-prefix=\"fa\" data-icon=\"play\" role=\"presentation\" xmlns=\"http:\/\/www.w3.org\/2000\/svg\" viewBox=\"0 0 448 512\"><path fill=\"currentColor\" d=\"M424.4 214.7L72.4 6.6C43.8-10.3 0 6.1 0 47.9V464c0 37.5 40.7 60.1 72.4 41.3l352-208c31.4-18.5 31.5-64.1 0-82.6z\"><\/path><\/svg>\t\t\t<img decoding=\"async\" src=\"https:\/\/audiohear.com.br\/wp-content\/plugins\/instagram-feed\/img\/placeholder.png\" alt=\"Esse m\u00eas \u00e9 momento de celebrar quem sempre escutou com o cora\u00e7\u00e3o \ud83d\udc9a\u2728\n\nA \u00c1udio Hear deseja um Feliz Dia das M\u00e3es para todas aquelas que s\u00e3o som, cuidado e amor em cada palavra. \n\nQue nunca falte carinho e que cada \u201ceu te amo\u201d seja ouvido com clareza e emo\u00e7\u00e3o\ud83e\uddd1\u200d\ud83e\uddd2\ud83e\uddd1\u200d\ud83e\uddd2\u200d\ud83e\uddd2\" aria-hidden=\"true\">\n\t\t<\/a>\n\t<\/div>\n<\/div><div class=\"sbi_item sbi_type_image sbi_new sbi_transition\" role=\"listitem\"\n\tid=\"sbi_18059270273139278\" data-date=\"1746532817\">\n\t<div class=\"sbi_photo_wrap\">\n\t\t<a class=\"sbi_photo\" href=\"https:\/\/www.instagram.com\/p\/DJT7OAeoJXO\/\" target=\"_blank\" rel=\"noopener nofollow\"\n\t\t\tdata-full-res=\"https:\/\/scontent.cdninstagram.com\/v\/t39.30808-6\/495002585_652400687955079_5722396996433335118_n.png?stp=dst-jpg_e35_tt6&#038;_nc_cat=100&#038;ccb=7-5&#038;_nc_sid=18de74&#038;_nc_ohc=-Q3UpV3tU6sQ7kNvwGV59x8&#038;_nc_oc=Adk0ppdFmm6ZBwmOK2JmlGb9Jn75iYDPEHvq0Mh24NCVVocV5nMTCsd68D1QstKni2W8YqAD8TyVvilMTqT-QUL-&#038;_nc_zt=23&#038;_nc_ht=scontent.cdninstagram.com&#038;edm=ANo9K5cEAAAA&#038;_nc_gid=hZXmH5EPIH66T7pVPc91Ng&#038;oh=00_AfJbXP-xIZjOAwNLfncZsv2aP85GiJVJMzRPm48Rmr52Xg&#038;oe=68283B45\"\n\t\t\tdata-img-src-set=\"{&quot;d&quot;:&quot;https:\\\/\\\/scontent.cdninstagram.com\\\/v\\\/t39.30808-6\\\/495002585_652400687955079_5722396996433335118_n.png?stp=dst-jpg_e35_tt6&amp;_nc_cat=100&amp;ccb=7-5&amp;_nc_sid=18de74&amp;_nc_ohc=-Q3UpV3tU6sQ7kNvwGV59x8&amp;_nc_oc=Adk0ppdFmm6ZBwmOK2JmlGb9Jn75iYDPEHvq0Mh24NCVVocV5nMTCsd68D1QstKni2W8YqAD8TyVvilMTqT-QUL-&amp;_nc_zt=23&amp;_nc_ht=scontent.cdninstagram.com&amp;edm=ANo9K5cEAAAA&amp;_nc_gid=hZXmH5EPIH66T7pVPc91Ng&amp;oh=00_AfJbXP-xIZjOAwNLfncZsv2aP85GiJVJMzRPm48Rmr52Xg&amp;oe=68283B45&quot;,&quot;150&quot;:&quot;https:\\\/\\\/scontent.cdninstagram.com\\\/v\\\/t39.30808-6\\\/495002585_652400687955079_5722396996433335118_n.png?stp=dst-jpg_e35_tt6&amp;_nc_cat=100&amp;ccb=7-5&amp;_nc_sid=18de74&amp;_nc_ohc=-Q3UpV3tU6sQ7kNvwGV59x8&amp;_nc_oc=Adk0ppdFmm6ZBwmOK2JmlGb9Jn75iYDPEHvq0Mh24NCVVocV5nMTCsd68D1QstKni2W8YqAD8TyVvilMTqT-QUL-&amp;_nc_zt=23&amp;_nc_ht=scontent.cdninstagram.com&amp;edm=ANo9K5cEAAAA&amp;_nc_gid=hZXmH5EPIH66T7pVPc91Ng&amp;oh=00_AfJbXP-xIZjOAwNLfncZsv2aP85GiJVJMzRPm48Rmr52Xg&amp;oe=68283B45&quot;,&quot;320&quot;:&quot;https:\\\/\\\/scontent.cdninstagram.com\\\/v\\\/t39.30808-6\\\/495002585_652400687955079_5722396996433335118_n.png?stp=dst-jpg_e35_tt6&amp;_nc_cat=100&amp;ccb=7-5&amp;_nc_sid=18de74&amp;_nc_ohc=-Q3UpV3tU6sQ7kNvwGV59x8&amp;_nc_oc=Adk0ppdFmm6ZBwmOK2JmlGb9Jn75iYDPEHvq0Mh24NCVVocV5nMTCsd68D1QstKni2W8YqAD8TyVvilMTqT-QUL-&amp;_nc_zt=23&amp;_nc_ht=scontent.cdninstagram.com&amp;edm=ANo9K5cEAAAA&amp;_nc_gid=hZXmH5EPIH66T7pVPc91Ng&amp;oh=00_AfJbXP-xIZjOAwNLfncZsv2aP85GiJVJMzRPm48Rmr52Xg&amp;oe=68283B45&quot;,&quot;640&quot;:&quot;https:\\\/\\\/scontent.cdninstagram.com\\\/v\\\/t39.30808-6\\\/495002585_652400687955079_5722396996433335118_n.png?stp=dst-jpg_e35_tt6&amp;_nc_cat=100&amp;ccb=7-5&amp;_nc_sid=18de74&amp;_nc_ohc=-Q3UpV3tU6sQ7kNvwGV59x8&amp;_nc_oc=Adk0ppdFmm6ZBwmOK2JmlGb9Jn75iYDPEHvq0Mh24NCVVocV5nMTCsd68D1QstKni2W8YqAD8TyVvilMTqT-QUL-&amp;_nc_zt=23&amp;_nc_ht=scontent.cdninstagram.com&amp;edm=ANo9K5cEAAAA&amp;_nc_gid=hZXmH5EPIH66T7pVPc91Ng&amp;oh=00_AfJbXP-xIZjOAwNLfncZsv2aP85GiJVJMzRPm48Rmr52Xg&amp;oe=68283B45&quot;}\">\n\t\t\t<span class=\"sbi-screenreader\">Neste m\u00eas das m\u00e3es a Cl\u00ednica Audio Hear, vai te da<\/span>\n\t\t\t\t\t\t\t\t\t<img decoding=\"async\" src=\"https:\/\/audiohear.com.br\/wp-content\/plugins\/instagram-feed\/img\/placeholder.png\" alt=\"Neste m\u00eas das m\u00e3es a Cl\u00ednica Audio Hear, vai te dar uma ajudinha na compra do presente perfeito para a sua m\u00e3e!\n\nComprando conosco os produtos da marca Oticon, voc\u00ea ficar\u00e1 livre para optar por um desconto, que pode chegar at\u00e9 50% ou ent\u00e3o, parcelar a sua compra em at\u00e9  24x sem juros \ud83e\udd29\ud83e\udd29\n\nEsse desconto ficar\u00e1 ativo para todo o m\u00eas de Maio, para que voc\u00ea possa presentear a sua m\u00e3e com um valor que cabe no seu bolso! \n\nVenha para a Audio Hear e descubra a inova\u00e7\u00e3o e  praticidade dos aparelhos auditivos Oticon \ud83e\uddbb\u2728\n\n#diadasma\u0113s #presentediadasmaes #centroauditivo #aparelhoauditivoinvis\u00edvel #saudeauditiva #bemestar #cuidado #fonoaudiologia #fonoaudiologa #jaragu\u00e1dosul\" aria-hidden=\"true\">\n\t\t<\/a>\n\t<\/div>\n<\/div><div class=\"sbi_item sbi_type_video sbi_new sbi_transition\" role=\"listitem\"\n\tid=\"sbi_17980106645827798\" data-date=\"1746219532\">\n\t<div class=\"sbi_photo_wrap\">\n\t\t<a class=\"sbi_photo\" href=\"https:\/\/www.instagram.com\/reel\/DJKlnIRSbAG\/\" target=\"_blank\" rel=\"noopener nofollow\"\n\t\t\tdata-full-res=\"https:\/\/scontent.cdninstagram.com\/v\/t51.75761-15\/495285852_17847055353464066_2289135493693718303_n.jpg?stp=dst-jpg_e35_tt6&#038;_nc_cat=108&#038;ccb=7-5&#038;_nc_sid=18de74&#038;_nc_ohc=x6f8XgbQPUwQ7kNvwGfRBHk&#038;_nc_oc=AdlPahm-2v50n1bsTDNII0LRx6VmmX5ZOOJOUjLxnCk2YbwJ3sKHt3kJyVFe01teyQQhp3rB9X9H_Tz9e9bU95X9&#038;_nc_zt=23&#038;_nc_ht=scontent.cdninstagram.com&#038;edm=ANo9K5cEAAAA&#038;_nc_gid=hZXmH5EPIH66T7pVPc91Ng&#038;oh=00_AfK9Hlc6iSatS-j-n9rO8fyOnb-Y89A9Z9oGt-RU-uir5g&#038;oe=68284759\"\n\t\t\tdata-img-src-set=\"{&quot;d&quot;:&quot;https:\\\/\\\/scontent.cdninstagram.com\\\/v\\\/t51.75761-15\\\/495285852_17847055353464066_2289135493693718303_n.jpg?stp=dst-jpg_e35_tt6&amp;_nc_cat=108&amp;ccb=7-5&amp;_nc_sid=18de74&amp;_nc_ohc=x6f8XgbQPUwQ7kNvwGfRBHk&amp;_nc_oc=AdlPahm-2v50n1bsTDNII0LRx6VmmX5ZOOJOUjLxnCk2YbwJ3sKHt3kJyVFe01teyQQhp3rB9X9H_Tz9e9bU95X9&amp;_nc_zt=23&amp;_nc_ht=scontent.cdninstagram.com&amp;edm=ANo9K5cEAAAA&amp;_nc_gid=hZXmH5EPIH66T7pVPc91Ng&amp;oh=00_AfK9Hlc6iSatS-j-n9rO8fyOnb-Y89A9Z9oGt-RU-uir5g&amp;oe=68284759&quot;,&quot;150&quot;:&quot;https:\\\/\\\/scontent.cdninstagram.com\\\/v\\\/t51.75761-15\\\/495285852_17847055353464066_2289135493693718303_n.jpg?stp=dst-jpg_e35_tt6&amp;_nc_cat=108&amp;ccb=7-5&amp;_nc_sid=18de74&amp;_nc_ohc=x6f8XgbQPUwQ7kNvwGfRBHk&amp;_nc_oc=AdlPahm-2v50n1bsTDNII0LRx6VmmX5ZOOJOUjLxnCk2YbwJ3sKHt3kJyVFe01teyQQhp3rB9X9H_Tz9e9bU95X9&amp;_nc_zt=23&amp;_nc_ht=scontent.cdninstagram.com&amp;edm=ANo9K5cEAAAA&amp;_nc_gid=hZXmH5EPIH66T7pVPc91Ng&amp;oh=00_AfK9Hlc6iSatS-j-n9rO8fyOnb-Y89A9Z9oGt-RU-uir5g&amp;oe=68284759&quot;,&quot;320&quot;:&quot;https:\\\/\\\/scontent.cdninstagram.com\\\/v\\\/t51.75761-15\\\/495285852_17847055353464066_2289135493693718303_n.jpg?stp=dst-jpg_e35_tt6&amp;_nc_cat=108&amp;ccb=7-5&amp;_nc_sid=18de74&amp;_nc_ohc=x6f8XgbQPUwQ7kNvwGfRBHk&amp;_nc_oc=AdlPahm-2v50n1bsTDNII0LRx6VmmX5ZOOJOUjLxnCk2YbwJ3sKHt3kJyVFe01teyQQhp3rB9X9H_Tz9e9bU95X9&amp;_nc_zt=23&amp;_nc_ht=scontent.cdninstagram.com&amp;edm=ANo9K5cEAAAA&amp;_nc_gid=hZXmH5EPIH66T7pVPc91Ng&amp;oh=00_AfK9Hlc6iSatS-j-n9rO8fyOnb-Y89A9Z9oGt-RU-uir5g&amp;oe=68284759&quot;,&quot;640&quot;:&quot;https:\\\/\\\/scontent.cdninstagram.com\\\/v\\\/t51.75761-15\\\/495285852_17847055353464066_2289135493693718303_n.jpg?stp=dst-jpg_e35_tt6&amp;_nc_cat=108&amp;ccb=7-5&amp;_nc_sid=18de74&amp;_nc_ohc=x6f8XgbQPUwQ7kNvwGfRBHk&amp;_nc_oc=AdlPahm-2v50n1bsTDNII0LRx6VmmX5ZOOJOUjLxnCk2YbwJ3sKHt3kJyVFe01teyQQhp3rB9X9H_Tz9e9bU95X9&amp;_nc_zt=23&amp;_nc_ht=scontent.cdninstagram.com&amp;edm=ANo9K5cEAAAA&amp;_nc_gid=hZXmH5EPIH66T7pVPc91Ng&amp;oh=00_AfK9Hlc6iSatS-j-n9rO8fyOnb-Y89A9Z9oGt-RU-uir5g&amp;oe=68284759&quot;}\">\n\t\t\t<span class=\"sbi-screenreader\">Na \u00c1udio Hear, cada paciente \u00e9 \u00fanico. Mais do que<\/span>\n\t\t\t\t\t\t<svg style=\"color: rgba(255,255,255,1)\" class=\"svg-inline--fa fa-play fa-w-14 sbi_playbtn\" aria-label=\"Play\" aria-hidden=\"true\" data-fa-processed=\"\" data-prefix=\"fa\" data-icon=\"play\" role=\"presentation\" xmlns=\"http:\/\/www.w3.org\/2000\/svg\" viewBox=\"0 0 448 512\"><path fill=\"currentColor\" d=\"M424.4 214.7L72.4 6.6C43.8-10.3 0 6.1 0 47.9V464c0 37.5 40.7 60.1 72.4 41.3l352-208c31.4-18.5 31.5-64.1 0-82.6z\"><\/path><\/svg>\t\t\t<img decoding=\"async\" src=\"https:\/\/audiohear.com.br\/wp-content\/plugins\/instagram-feed\/img\/placeholder.png\" alt=\"Na \u00c1udio Hear, cada paciente \u00e9 \u00fanico. Mais do que oferecer solu\u00e7\u00f5es auditivas, n\u00f3s escutamos com o cora\u00e7\u00e3o\ud83e\uddbb\ud83d\udc69\ud83c\udffc\u200d\u2695\ufe0f\n\nNosso compromisso vai al\u00e9m da tecnologia: \u00e9 sobre cuidado, respeito e empatia em cada atendimento\ud83d\udc69\ud83c\udffb\u200d\ud83d\udcbb\n\nPorque ouvir bem \u00e9 viver melhor e n\u00f3s estamos aqui para caminhar com voc\u00ea nessa jornada\ud83d\udc9a\" aria-hidden=\"true\">\n\t\t<\/a>\n\t<\/div>\n<\/div><div class=\"sbi_item sbi_type_video sbi_new sbi_transition\" role=\"listitem\"\n\tid=\"sbi_18087374422613122\" data-date=\"1746045194\">\n\t<div class=\"sbi_photo_wrap\">\n\t\t<a class=\"sbi_photo\" href=\"https:\/\/www.instagram.com\/reel\/DJFZCllyCOo\/\" target=\"_blank\" rel=\"noopener nofollow\"\n\t\t\tdata-full-res=\"https:\/\/scontent.cdninstagram.com\/v\/t51.75761-15\/491898738_17846638242464066_1272483477343363225_n.jpg?stp=dst-jpg_e35_tt6&#038;_nc_cat=102&#038;ccb=7-5&#038;_nc_sid=18de74&#038;_nc_ohc=10061E9LTswQ7kNvwFBovMU&#038;_nc_oc=AdkQGwCIH5u8MJp3F9uZwLjmlSaesD4BfSm6Y24P1-XPIWqjvA8zNvLbXRwgVfXS24veEmSZN3xIqkjE7DH2gQUZ&#038;_nc_zt=23&#038;_nc_ht=scontent.cdninstagram.com&#038;edm=ANo9K5cEAAAA&#038;_nc_gid=hZXmH5EPIH66T7pVPc91Ng&#038;oh=00_AfKfLi85VlnfVx5U27XsDsiHchmFX-iWELFiWqyWm1x_Zw&#038;oe=6828473E\"\n\t\t\tdata-img-src-set=\"{&quot;d&quot;:&quot;https:\\\/\\\/scontent.cdninstagram.com\\\/v\\\/t51.75761-15\\\/491898738_17846638242464066_1272483477343363225_n.jpg?stp=dst-jpg_e35_tt6&amp;_nc_cat=102&amp;ccb=7-5&amp;_nc_sid=18de74&amp;_nc_ohc=10061E9LTswQ7kNvwFBovMU&amp;_nc_oc=AdkQGwCIH5u8MJp3F9uZwLjmlSaesD4BfSm6Y24P1-XPIWqjvA8zNvLbXRwgVfXS24veEmSZN3xIqkjE7DH2gQUZ&amp;_nc_zt=23&amp;_nc_ht=scontent.cdninstagram.com&amp;edm=ANo9K5cEAAAA&amp;_nc_gid=hZXmH5EPIH66T7pVPc91Ng&amp;oh=00_AfKfLi85VlnfVx5U27XsDsiHchmFX-iWELFiWqyWm1x_Zw&amp;oe=6828473E&quot;,&quot;150&quot;:&quot;https:\\\/\\\/scontent.cdninstagram.com\\\/v\\\/t51.75761-15\\\/491898738_17846638242464066_1272483477343363225_n.jpg?stp=dst-jpg_e35_tt6&amp;_nc_cat=102&amp;ccb=7-5&amp;_nc_sid=18de74&amp;_nc_ohc=10061E9LTswQ7kNvwFBovMU&amp;_nc_oc=AdkQGwCIH5u8MJp3F9uZwLjmlSaesD4BfSm6Y24P1-XPIWqjvA8zNvLbXRwgVfXS24veEmSZN3xIqkjE7DH2gQUZ&amp;_nc_zt=23&amp;_nc_ht=scontent.cdninstagram.com&amp;edm=ANo9K5cEAAAA&amp;_nc_gid=hZXmH5EPIH66T7pVPc91Ng&amp;oh=00_AfKfLi85VlnfVx5U27XsDsiHchmFX-iWELFiWqyWm1x_Zw&amp;oe=6828473E&quot;,&quot;320&quot;:&quot;https:\\\/\\\/scontent.cdninstagram.com\\\/v\\\/t51.75761-15\\\/491898738_17846638242464066_1272483477343363225_n.jpg?stp=dst-jpg_e35_tt6&amp;_nc_cat=102&amp;ccb=7-5&amp;_nc_sid=18de74&amp;_nc_ohc=10061E9LTswQ7kNvwFBovMU&amp;_nc_oc=AdkQGwCIH5u8MJp3F9uZwLjmlSaesD4BfSm6Y24P1-XPIWqjvA8zNvLbXRwgVfXS24veEmSZN3xIqkjE7DH2gQUZ&amp;_nc_zt=23&amp;_nc_ht=scontent.cdninstagram.com&amp;edm=ANo9K5cEAAAA&amp;_nc_gid=hZXmH5EPIH66T7pVPc91Ng&amp;oh=00_AfKfLi85VlnfVx5U27XsDsiHchmFX-iWELFiWqyWm1x_Zw&amp;oe=6828473E&quot;,&quot;640&quot;:&quot;https:\\\/\\\/scontent.cdninstagram.com\\\/v\\\/t51.75761-15\\\/491898738_17846638242464066_1272483477343363225_n.jpg?stp=dst-jpg_e35_tt6&amp;_nc_cat=102&amp;ccb=7-5&amp;_nc_sid=18de74&amp;_nc_ohc=10061E9LTswQ7kNvwFBovMU&amp;_nc_oc=AdkQGwCIH5u8MJp3F9uZwLjmlSaesD4BfSm6Y24P1-XPIWqjvA8zNvLbXRwgVfXS24veEmSZN3xIqkjE7DH2gQUZ&amp;_nc_zt=23&amp;_nc_ht=scontent.cdninstagram.com&amp;edm=ANo9K5cEAAAA&amp;_nc_gid=hZXmH5EPIH66T7pVPc91Ng&amp;oh=00_AfKfLi85VlnfVx5U27XsDsiHchmFX-iWELFiWqyWm1x_Zw&amp;oe=6828473E&quot;}\">\n\t\t\t<span class=\"sbi-screenreader\">\u00c9 com muita alegria que anunciamos a inaugura\u00e7\u00e3o d<\/span>\n\t\t\t\t\t\t<svg style=\"color: rgba(255,255,255,1)\" class=\"svg-inline--fa fa-play fa-w-14 sbi_playbtn\" aria-label=\"Play\" aria-hidden=\"true\" data-fa-processed=\"\" data-prefix=\"fa\" data-icon=\"play\" role=\"presentation\" xmlns=\"http:\/\/www.w3.org\/2000\/svg\" viewBox=\"0 0 448 512\"><path fill=\"currentColor\" d=\"M424.4 214.7L72.4 6.6C43.8-10.3 0 6.1 0 47.9V464c0 37.5 40.7 60.1 72.4 41.3l352-208c31.4-18.5 31.5-64.1 0-82.6z\"><\/path><\/svg>\t\t\t<img decoding=\"async\" src=\"https:\/\/audiohear.com.br\/wp-content\/plugins\/instagram-feed\/img\/placeholder.png\" alt=\"\u00c9 com muita alegria que anunciamos a inaugura\u00e7\u00e3o da \u00c1udio Hear \ud83e\uddbb\ud83e\udd29\n\nChegamos para cuidar da sua sa\u00fade auditiva com carinho, profissionalismo e tecnologia de ponta!\n\nEstamos localizados na Rua Ol\u00edvio Domingos Brugnago, n\u00ba 333, Vila Nova, Jaragu\u00e1 do Sul - SC. \ud83d\udccd\ud83c\udfe0\n\nVenha nos visitar e conhecer esse novo espa\u00e7o feito especialmente para voc\u00ea!\n\n#aparelhoauditivo #sa\u00fadeauditiva #fonoaudiologia #oticonaparelhosauditivos #ouvidom\u00e9dio #cuidado #sa\u00fade\" aria-hidden=\"true\">\n\t\t<\/a>\n\t<\/div>\n<\/div><div class=\"sbi_item sbi_type_video sbi_new sbi_transition\" role=\"listitem\"\n\tid=\"sbi_17904546237149025\" data-date=\"1745951092\">\n\t<div class=\"sbi_photo_wrap\">\n\t\t<a class=\"sbi_photo\" href=\"https:\/\/www.instagram.com\/reel\/DJClV6wPlKc\/\" target=\"_blank\" rel=\"noopener nofollow\"\n\t\t\tdata-full-res=\"https:\/\/scontent.cdninstagram.com\/v\/t51.75761-15\/491424578_17846421198464066_2427171797642485994_n.jpg?stp=dst-jpg_e35_tt6&#038;_nc_cat=102&#038;ccb=7-5&#038;_nc_sid=18de74&#038;_nc_ohc=Ph9envXvMGoQ7kNvwHnSiJD&#038;_nc_oc=Adm5xE9yqwL4G5FKv54OY-eznh473oyr3GPHkiZGv5XBWzl7lDKidgmxQe71VQ1J4CFlaIn6pXBSoYA_Ne2lDda9&#038;_nc_zt=23&#038;_nc_ht=scontent.cdninstagram.com&#038;edm=ANo9K5cEAAAA&#038;_nc_gid=hZXmH5EPIH66T7pVPc91Ng&#038;oh=00_AfKUZ-X3ot6z-3tr0ZmS4nKDKku_cRvTBoh_EjctAMOADQ&#038;oe=68283A6B\"\n\t\t\tdata-img-src-set=\"{&quot;d&quot;:&quot;https:\\\/\\\/scontent.cdninstagram.com\\\/v\\\/t51.75761-15\\\/491424578_17846421198464066_2427171797642485994_n.jpg?stp=dst-jpg_e35_tt6&amp;_nc_cat=102&amp;ccb=7-5&amp;_nc_sid=18de74&amp;_nc_ohc=Ph9envXvMGoQ7kNvwHnSiJD&amp;_nc_oc=Adm5xE9yqwL4G5FKv54OY-eznh473oyr3GPHkiZGv5XBWzl7lDKidgmxQe71VQ1J4CFlaIn6pXBSoYA_Ne2lDda9&amp;_nc_zt=23&amp;_nc_ht=scontent.cdninstagram.com&amp;edm=ANo9K5cEAAAA&amp;_nc_gid=hZXmH5EPIH66T7pVPc91Ng&amp;oh=00_AfKUZ-X3ot6z-3tr0ZmS4nKDKku_cRvTBoh_EjctAMOADQ&amp;oe=68283A6B&quot;,&quot;150&quot;:&quot;https:\\\/\\\/scontent.cdninstagram.com\\\/v\\\/t51.75761-15\\\/491424578_17846421198464066_2427171797642485994_n.jpg?stp=dst-jpg_e35_tt6&amp;_nc_cat=102&amp;ccb=7-5&amp;_nc_sid=18de74&amp;_nc_ohc=Ph9envXvMGoQ7kNvwHnSiJD&amp;_nc_oc=Adm5xE9yqwL4G5FKv54OY-eznh473oyr3GPHkiZGv5XBWzl7lDKidgmxQe71VQ1J4CFlaIn6pXBSoYA_Ne2lDda9&amp;_nc_zt=23&amp;_nc_ht=scontent.cdninstagram.com&amp;edm=ANo9K5cEAAAA&amp;_nc_gid=hZXmH5EPIH66T7pVPc91Ng&amp;oh=00_AfKUZ-X3ot6z-3tr0ZmS4nKDKku_cRvTBoh_EjctAMOADQ&amp;oe=68283A6B&quot;,&quot;320&quot;:&quot;https:\\\/\\\/scontent.cdninstagram.com\\\/v\\\/t51.75761-15\\\/491424578_17846421198464066_2427171797642485994_n.jpg?stp=dst-jpg_e35_tt6&amp;_nc_cat=102&amp;ccb=7-5&amp;_nc_sid=18de74&amp;_nc_ohc=Ph9envXvMGoQ7kNvwHnSiJD&amp;_nc_oc=Adm5xE9yqwL4G5FKv54OY-eznh473oyr3GPHkiZGv5XBWzl7lDKidgmxQe71VQ1J4CFlaIn6pXBSoYA_Ne2lDda9&amp;_nc_zt=23&amp;_nc_ht=scontent.cdninstagram.com&amp;edm=ANo9K5cEAAAA&amp;_nc_gid=hZXmH5EPIH66T7pVPc91Ng&amp;oh=00_AfKUZ-X3ot6z-3tr0ZmS4nKDKku_cRvTBoh_EjctAMOADQ&amp;oe=68283A6B&quot;,&quot;640&quot;:&quot;https:\\\/\\\/scontent.cdninstagram.com\\\/v\\\/t51.75761-15\\\/491424578_17846421198464066_2427171797642485994_n.jpg?stp=dst-jpg_e35_tt6&amp;_nc_cat=102&amp;ccb=7-5&amp;_nc_sid=18de74&amp;_nc_ohc=Ph9envXvMGoQ7kNvwHnSiJD&amp;_nc_oc=Adm5xE9yqwL4G5FKv54OY-eznh473oyr3GPHkiZGv5XBWzl7lDKidgmxQe71VQ1J4CFlaIn6pXBSoYA_Ne2lDda9&amp;_nc_zt=23&amp;_nc_ht=scontent.cdninstagram.com&amp;edm=ANo9K5cEAAAA&amp;_nc_gid=hZXmH5EPIH66T7pVPc91Ng&amp;oh=00_AfKUZ-X3ot6z-3tr0ZmS4nKDKku_cRvTBoh_EjctAMOADQ&amp;oe=68283A6B&quot;}\">\n\t\t\t<span class=\"sbi-screenreader\">Descubra o poder da audi\u00e7\u00e3o com liberdade\ud83e\uddbb\u2728  O apa<\/span>\n\t\t\t\t\t\t<svg style=\"color: rgba(255,255,255,1)\" class=\"svg-inline--fa fa-play fa-w-14 sbi_playbtn\" aria-label=\"Play\" aria-hidden=\"true\" data-fa-processed=\"\" data-prefix=\"fa\" data-icon=\"play\" role=\"presentation\" xmlns=\"http:\/\/www.w3.org\/2000\/svg\" viewBox=\"0 0 448 512\"><path fill=\"currentColor\" d=\"M424.4 214.7L72.4 6.6C43.8-10.3 0 6.1 0 47.9V464c0 37.5 40.7 60.1 72.4 41.3l352-208c31.4-18.5 31.5-64.1 0-82.6z\"><\/path><\/svg>\t\t\t<img decoding=\"async\" src=\"https:\/\/audiohear.com.br\/wp-content\/plugins\/instagram-feed\/img\/placeholder.png\" alt=\"Descubra o poder da audi\u00e7\u00e3o com liberdade\ud83e\uddbb\u2728\n\nO aparelho auditivo recarreg\u00e1vel da Oticon une tecnologia de ponta com conforto e discri\u00e7\u00e3o.\nCom design moderno e v\u00e1rias op\u00e7\u00f5es de cores, ele se adapta perfeitamente a cor do seu cabelo e tom de pele, quase impercept\u00edvel \ud83e\udd29\n\nAl\u00e9m disso, voc\u00ea se livra das trocas constantes de pilhas: \u00e9 s\u00f3 recarregar e aproveitar o dia todo com mais autonomia e qualidade de vida \ud83d\udd0b\n\nQuer ouvir melhor com mais praticidade?\nAgende uma avalia\u00e7\u00e3o e experimente a revolu\u00e7\u00e3o sonora da Oticon \ud83d\udc69\ud83c\udffb\u200d\ud83d\udcbb\ud83d\udc69\ud83c\udffb\u200d\ud83d\udcbb\ud83d\udc69\ud83c\udffc\u200d\u2695\ufe0f\n\n#Oticon #AparelhoAuditivo #Audi\u00e7\u00e3oComEstilo #TecnologiaAuditiva #OticonRecarreg\u00e1vel\" aria-hidden=\"true\">\n\t\t<\/a>\n\t<\/div>\n<\/div><div class=\"sbi_item sbi_type_video sbi_new sbi_transition\" role=\"listitem\"\n\tid=\"sbi_18175315462325136\" data-date=\"1745950154\">\n\t<div class=\"sbi_photo_wrap\">\n\t\t<a class=\"sbi_photo\" href=\"https:\/\/www.instagram.com\/reel\/DJCjyy9PZmk\/\" target=\"_blank\" rel=\"noopener nofollow\"\n\t\t\tdata-full-res=\"https:\/\/scontent.cdninstagram.com\/v\/t51.75761-15\/491426571_17846418609464066_8332097926141066592_n.jpg?stp=dst-jpg_e35_tt6&#038;_nc_cat=104&#038;ccb=7-5&#038;_nc_sid=18de74&#038;_nc_ohc=XV-1cyDrykQQ7kNvwGc_CVh&#038;_nc_oc=AdmWhLgdK7RsCAQXiSIkH4O9_bbiQ5kKCAj4aBihAzHXKOV1-OIwNt1clEDbIgV5iLF80LGdEHhDq1XwbCNGqiV9&#038;_nc_zt=23&#038;_nc_ht=scontent.cdninstagram.com&#038;edm=ANo9K5cEAAAA&#038;_nc_gid=hZXmH5EPIH66T7pVPc91Ng&#038;oh=00_AfKA9DzmllcU7pl-_RIcCKnURVz5mORW0wwp1nY-4TjCJA&#038;oe=68284C0D\"\n\t\t\tdata-img-src-set=\"{&quot;d&quot;:&quot;https:\\\/\\\/scontent.cdninstagram.com\\\/v\\\/t51.75761-15\\\/491426571_17846418609464066_8332097926141066592_n.jpg?stp=dst-jpg_e35_tt6&amp;_nc_cat=104&amp;ccb=7-5&amp;_nc_sid=18de74&amp;_nc_ohc=XV-1cyDrykQQ7kNvwGc_CVh&amp;_nc_oc=AdmWhLgdK7RsCAQXiSIkH4O9_bbiQ5kKCAj4aBihAzHXKOV1-OIwNt1clEDbIgV5iLF80LGdEHhDq1XwbCNGqiV9&amp;_nc_zt=23&amp;_nc_ht=scontent.cdninstagram.com&amp;edm=ANo9K5cEAAAA&amp;_nc_gid=hZXmH5EPIH66T7pVPc91Ng&amp;oh=00_AfKA9DzmllcU7pl-_RIcCKnURVz5mORW0wwp1nY-4TjCJA&amp;oe=68284C0D&quot;,&quot;150&quot;:&quot;https:\\\/\\\/scontent.cdninstagram.com\\\/v\\\/t51.75761-15\\\/491426571_17846418609464066_8332097926141066592_n.jpg?stp=dst-jpg_e35_tt6&amp;_nc_cat=104&amp;ccb=7-5&amp;_nc_sid=18de74&amp;_nc_ohc=XV-1cyDrykQQ7kNvwGc_CVh&amp;_nc_oc=AdmWhLgdK7RsCAQXiSIkH4O9_bbiQ5kKCAj4aBihAzHXKOV1-OIwNt1clEDbIgV5iLF80LGdEHhDq1XwbCNGqiV9&amp;_nc_zt=23&amp;_nc_ht=scontent.cdninstagram.com&amp;edm=ANo9K5cEAAAA&amp;_nc_gid=hZXmH5EPIH66T7pVPc91Ng&amp;oh=00_AfKA9DzmllcU7pl-_RIcCKnURVz5mORW0wwp1nY-4TjCJA&amp;oe=68284C0D&quot;,&quot;320&quot;:&quot;https:\\\/\\\/scontent.cdninstagram.com\\\/v\\\/t51.75761-15\\\/491426571_17846418609464066_8332097926141066592_n.jpg?stp=dst-jpg_e35_tt6&amp;_nc_cat=104&amp;ccb=7-5&amp;_nc_sid=18de74&amp;_nc_ohc=XV-1cyDrykQQ7kNvwGc_CVh&amp;_nc_oc=AdmWhLgdK7RsCAQXiSIkH4O9_bbiQ5kKCAj4aBihAzHXKOV1-OIwNt1clEDbIgV5iLF80LGdEHhDq1XwbCNGqiV9&amp;_nc_zt=23&amp;_nc_ht=scontent.cdninstagram.com&amp;edm=ANo9K5cEAAAA&amp;_nc_gid=hZXmH5EPIH66T7pVPc91Ng&amp;oh=00_AfKA9DzmllcU7pl-_RIcCKnURVz5mORW0wwp1nY-4TjCJA&amp;oe=68284C0D&quot;,&quot;640&quot;:&quot;https:\\\/\\\/scontent.cdninstagram.com\\\/v\\\/t51.75761-15\\\/491426571_17846418609464066_8332097926141066592_n.jpg?stp=dst-jpg_e35_tt6&amp;_nc_cat=104&amp;ccb=7-5&amp;_nc_sid=18de74&amp;_nc_ohc=XV-1cyDrykQQ7kNvwGc_CVh&amp;_nc_oc=AdmWhLgdK7RsCAQXiSIkH4O9_bbiQ5kKCAj4aBihAzHXKOV1-OIwNt1clEDbIgV5iLF80LGdEHhDq1XwbCNGqiV9&amp;_nc_zt=23&amp;_nc_ht=scontent.cdninstagram.com&amp;edm=ANo9K5cEAAAA&amp;_nc_gid=hZXmH5EPIH66T7pVPc91Ng&amp;oh=00_AfKA9DzmllcU7pl-_RIcCKnURVz5mORW0wwp1nY-4TjCJA&amp;oe=68284C0D&quot;}\">\n\t\t\t<span class=\"sbi-screenreader\">O antes e depois da nossa cl\u00ednica mostra mais do q<\/span>\n\t\t\t\t\t\t<svg style=\"color: rgba(255,255,255,1)\" class=\"svg-inline--fa fa-play fa-w-14 sbi_playbtn\" aria-label=\"Play\" aria-hidden=\"true\" data-fa-processed=\"\" data-prefix=\"fa\" data-icon=\"play\" role=\"presentation\" xmlns=\"http:\/\/www.w3.org\/2000\/svg\" viewBox=\"0 0 448 512\"><path fill=\"currentColor\" d=\"M424.4 214.7L72.4 6.6C43.8-10.3 0 6.1 0 47.9V464c0 37.5 40.7 60.1 72.4 41.3l352-208c31.4-18.5 31.5-64.1 0-82.6z\"><\/path><\/svg>\t\t\t<img decoding=\"async\" src=\"https:\/\/audiohear.com.br\/wp-content\/plugins\/instagram-feed\/img\/placeholder.png\" alt=\"O antes e depois da nossa cl\u00ednica mostra mais do que uma mudan\u00e7a de espa\u00e7o representa o cuidado em cada detalhe para oferecer mais aconchego, conforto e excel\u00eancia nos atendimentos \ud83d\udc69\ud83c\udffb\u200d\ud83d\udcbb\ud83d\udc69\ud83c\udffb\u200d\ud83d\udcbb \ud83d\udc69\ud83c\udffc\u200d\u2695\ufe0f\n\nNada disso seria poss\u00edvel sem o apoio dos nossos fornecedores, que caminharam com a gente nessa jornada.\n\nNosso muito obrigado a todos que fizeram parte dessa conquista!\n\nSejam bem-vindos \u00e0 Cl\u00ednica \u00c1udio Hear\ud83e\uddbb\u2728\n\n#aparelhoauditivo #sa\u00fadeauditiva #fonoaudiologia #oticonaparelhosauditivos #ouvidom\u00e9dio #cuidado #sa\u00fade\" aria-hidden=\"true\">\n\t\t<\/a>\n\t<\/div>\n<\/div><div class=\"sbi_item sbi_type_image sbi_new sbi_transition\" role=\"listitem\"\n\tid=\"sbi_18021496946680235\" data-date=\"1744400357\">\n\t<div class=\"sbi_photo_wrap\">\n\t\t<a class=\"sbi_photo\" href=\"https:\/\/www.instagram.com\/p\/DIUX4DCS6td\/\" target=\"_blank\" rel=\"noopener nofollow\"\n\t\t\tdata-full-res=\"https:\/\/scontent.cdninstagram.com\/v\/t51.29350-15\/490112469_690609510069751_4507098677355133358_n.heic?stp=dst-jpg_e35_tt6&#038;_nc_cat=110&#038;ccb=7-5&#038;_nc_sid=18de74&#038;_nc_ohc=iC_qw7MaX5QQ7kNvwG6LICm&#038;_nc_oc=Admadvtqbw_DHHYp4_QwuhlGSedgk6m_y7d--gbWq_pVXAOHvIUAK33ffWdLtgXki3hKlUNTqdgEBd_BvEsurOND&#038;_nc_zt=23&#038;_nc_ht=scontent.cdninstagram.com&#038;edm=ANo9K5cEAAAA&#038;_nc_gid=hZXmH5EPIH66T7pVPc91Ng&#038;oh=00_AfKwWIDgBOT1kwURYGYdWWtOvP28xmrxfYqvbo7aIuQXVQ&#038;oe=68284CC7\"\n\t\t\tdata-img-src-set=\"{&quot;d&quot;:&quot;https:\\\/\\\/scontent.cdninstagram.com\\\/v\\\/t51.29350-15\\\/490112469_690609510069751_4507098677355133358_n.heic?stp=dst-jpg_e35_tt6&amp;_nc_cat=110&amp;ccb=7-5&amp;_nc_sid=18de74&amp;_nc_ohc=iC_qw7MaX5QQ7kNvwG6LICm&amp;_nc_oc=Admadvtqbw_DHHYp4_QwuhlGSedgk6m_y7d--gbWq_pVXAOHvIUAK33ffWdLtgXki3hKlUNTqdgEBd_BvEsurOND&amp;_nc_zt=23&amp;_nc_ht=scontent.cdninstagram.com&amp;edm=ANo9K5cEAAAA&amp;_nc_gid=hZXmH5EPIH66T7pVPc91Ng&amp;oh=00_AfKwWIDgBOT1kwURYGYdWWtOvP28xmrxfYqvbo7aIuQXVQ&amp;oe=68284CC7&quot;,&quot;150&quot;:&quot;https:\\\/\\\/scontent.cdninstagram.com\\\/v\\\/t51.29350-15\\\/490112469_690609510069751_4507098677355133358_n.heic?stp=dst-jpg_e35_tt6&amp;_nc_cat=110&amp;ccb=7-5&amp;_nc_sid=18de74&amp;_nc_ohc=iC_qw7MaX5QQ7kNvwG6LICm&amp;_nc_oc=Admadvtqbw_DHHYp4_QwuhlGSedgk6m_y7d--gbWq_pVXAOHvIUAK33ffWdLtgXki3hKlUNTqdgEBd_BvEsurOND&amp;_nc_zt=23&amp;_nc_ht=scontent.cdninstagram.com&amp;edm=ANo9K5cEAAAA&amp;_nc_gid=hZXmH5EPIH66T7pVPc91Ng&amp;oh=00_AfKwWIDgBOT1kwURYGYdWWtOvP28xmrxfYqvbo7aIuQXVQ&amp;oe=68284CC7&quot;,&quot;320&quot;:&quot;https:\\\/\\\/scontent.cdninstagram.com\\\/v\\\/t51.29350-15\\\/490112469_690609510069751_4507098677355133358_n.heic?stp=dst-jpg_e35_tt6&amp;_nc_cat=110&amp;ccb=7-5&amp;_nc_sid=18de74&amp;_nc_ohc=iC_qw7MaX5QQ7kNvwG6LICm&amp;_nc_oc=Admadvtqbw_DHHYp4_QwuhlGSedgk6m_y7d--gbWq_pVXAOHvIUAK33ffWdLtgXki3hKlUNTqdgEBd_BvEsurOND&amp;_nc_zt=23&amp;_nc_ht=scontent.cdninstagram.com&amp;edm=ANo9K5cEAAAA&amp;_nc_gid=hZXmH5EPIH66T7pVPc91Ng&amp;oh=00_AfKwWIDgBOT1kwURYGYdWWtOvP28xmrxfYqvbo7aIuQXVQ&amp;oe=68284CC7&quot;,&quot;640&quot;:&quot;https:\\\/\\\/scontent.cdninstagram.com\\\/v\\\/t51.29350-15\\\/490112469_690609510069751_4507098677355133358_n.heic?stp=dst-jpg_e35_tt6&amp;_nc_cat=110&amp;ccb=7-5&amp;_nc_sid=18de74&amp;_nc_ohc=iC_qw7MaX5QQ7kNvwG6LICm&amp;_nc_oc=Admadvtqbw_DHHYp4_QwuhlGSedgk6m_y7d--gbWq_pVXAOHvIUAK33ffWdLtgXki3hKlUNTqdgEBd_BvEsurOND&amp;_nc_zt=23&amp;_nc_ht=scontent.cdninstagram.com&amp;edm=ANo9K5cEAAAA&amp;_nc_gid=hZXmH5EPIH66T7pVPc91Ng&amp;oh=00_AfKwWIDgBOT1kwURYGYdWWtOvP28xmrxfYqvbo7aIuQXVQ&amp;oe=68284CC7&quot;}\">\n\t\t\t<span class=\"sbi-screenreader\">A mais nova cl\u00ednica\/centro auditivo de Jaragu\u00e1 do<\/span>\n\t\t\t\t\t\t\t\t\t<img decoding=\"async\" src=\"https:\/\/audiohear.com.br\/wp-content\/plugins\/instagram-feed\/img\/placeholder.png\" alt=\"A mais nova cl\u00ednica\/centro auditivo de Jaragu\u00e1 do Sul, estamos de portas abertas para atend\u00ea-los. Venha nos conhecer!!!\" aria-hidden=\"true\">\n\t\t<\/a>\n\t<\/div>\n<\/div><div class=\"sbi_item sbi_type_image sbi_new sbi_transition\" role=\"listitem\"\n\tid=\"sbi_18068759956906607\" data-date=\"1744393872\">\n\t<div class=\"sbi_photo_wrap\">\n\t\t<a class=\"sbi_photo\" href=\"https:\/\/www.instagram.com\/p\/DIULgc2vRC3\/\" target=\"_blank\" rel=\"noopener nofollow\"\n\t\t\tdata-full-res=\"https:\/\/scontent.cdninstagram.com\/v\/t51.75761-15\/489021730_17843002659464066_6030279410902763004_n.jpg?stp=dst-jpg_e35_tt6&#038;_nc_cat=106&#038;ccb=7-5&#038;_nc_sid=18de74&#038;_nc_ohc=zFZAc_0mZEEQ7kNvwEJyRRX&#038;_nc_oc=Adn9s484tn4n3TlphuEL6BvM2NCwS3hiccJSrCnGgM0bx2E6Tn3mxqetevXGWE5WHYJ-zPgWtteWvHYAmZXSunQj&#038;_nc_zt=23&#038;_nc_ht=scontent.cdninstagram.com&#038;edm=ANo9K5cEAAAA&#038;_nc_gid=hZXmH5EPIH66T7pVPc91Ng&#038;oh=00_AfJpdhRv470LlsSqruvf_Euk4ufRtMO006N6hGAB1JLo_Q&#038;oe=68284BCF\"\n\t\t\tdata-img-src-set=\"{&quot;d&quot;:&quot;https:\\\/\\\/scontent.cdninstagram.com\\\/v\\\/t51.75761-15\\\/489021730_17843002659464066_6030279410902763004_n.jpg?stp=dst-jpg_e35_tt6&amp;_nc_cat=106&amp;ccb=7-5&amp;_nc_sid=18de74&amp;_nc_ohc=zFZAc_0mZEEQ7kNvwEJyRRX&amp;_nc_oc=Adn9s484tn4n3TlphuEL6BvM2NCwS3hiccJSrCnGgM0bx2E6Tn3mxqetevXGWE5WHYJ-zPgWtteWvHYAmZXSunQj&amp;_nc_zt=23&amp;_nc_ht=scontent.cdninstagram.com&amp;edm=ANo9K5cEAAAA&amp;_nc_gid=hZXmH5EPIH66T7pVPc91Ng&amp;oh=00_AfJpdhRv470LlsSqruvf_Euk4ufRtMO006N6hGAB1JLo_Q&amp;oe=68284BCF&quot;,&quot;150&quot;:&quot;https:\\\/\\\/scontent.cdninstagram.com\\\/v\\\/t51.75761-15\\\/489021730_17843002659464066_6030279410902763004_n.jpg?stp=dst-jpg_e35_tt6&amp;_nc_cat=106&amp;ccb=7-5&amp;_nc_sid=18de74&amp;_nc_ohc=zFZAc_0mZEEQ7kNvwEJyRRX&amp;_nc_oc=Adn9s484tn4n3TlphuEL6BvM2NCwS3hiccJSrCnGgM0bx2E6Tn3mxqetevXGWE5WHYJ-zPgWtteWvHYAmZXSunQj&amp;_nc_zt=23&amp;_nc_ht=scontent.cdninstagram.com&amp;edm=ANo9K5cEAAAA&amp;_nc_gid=hZXmH5EPIH66T7pVPc91Ng&amp;oh=00_AfJpdhRv470LlsSqruvf_Euk4ufRtMO006N6hGAB1JLo_Q&amp;oe=68284BCF&quot;,&quot;320&quot;:&quot;https:\\\/\\\/scontent.cdninstagram.com\\\/v\\\/t51.75761-15\\\/489021730_17843002659464066_6030279410902763004_n.jpg?stp=dst-jpg_e35_tt6&amp;_nc_cat=106&amp;ccb=7-5&amp;_nc_sid=18de74&amp;_nc_ohc=zFZAc_0mZEEQ7kNvwEJyRRX&amp;_nc_oc=Adn9s484tn4n3TlphuEL6BvM2NCwS3hiccJSrCnGgM0bx2E6Tn3mxqetevXGWE5WHYJ-zPgWtteWvHYAmZXSunQj&amp;_nc_zt=23&amp;_nc_ht=scontent.cdninstagram.com&amp;edm=ANo9K5cEAAAA&amp;_nc_gid=hZXmH5EPIH66T7pVPc91Ng&amp;oh=00_AfJpdhRv470LlsSqruvf_Euk4ufRtMO006N6hGAB1JLo_Q&amp;oe=68284BCF&quot;,&quot;640&quot;:&quot;https:\\\/\\\/scontent.cdninstagram.com\\\/v\\\/t51.75761-15\\\/489021730_17843002659464066_6030279410902763004_n.jpg?stp=dst-jpg_e35_tt6&amp;_nc_cat=106&amp;ccb=7-5&amp;_nc_sid=18de74&amp;_nc_ohc=zFZAc_0mZEEQ7kNvwEJyRRX&amp;_nc_oc=Adn9s484tn4n3TlphuEL6BvM2NCwS3hiccJSrCnGgM0bx2E6Tn3mxqetevXGWE5WHYJ-zPgWtteWvHYAmZXSunQj&amp;_nc_zt=23&amp;_nc_ht=scontent.cdninstagram.com&amp;edm=ANo9K5cEAAAA&amp;_nc_gid=hZXmH5EPIH66T7pVPc91Ng&amp;oh=00_AfJpdhRv470LlsSqruvf_Euk4ufRtMO006N6hGAB1JLo_Q&amp;oe=68284BCF&quot;}\">\n\t\t\t<span class=\"sbi-screenreader\">A CID-11 j\u00e1 est\u00e1 em vigor no Brasil e traz mudan\u00e7a<\/span>\n\t\t\t\t\t\t\t\t\t<img decoding=\"async\" src=\"https:\/\/audiohear.com.br\/wp-content\/plugins\/instagram-feed\/img\/placeholder.png\" alt=\"A CID-11 j\u00e1 est\u00e1 em vigor no Brasil e traz mudan\u00e7as importantes para quem trabalha tamb\u00e9m na \u00e1rea da audi\u00e7\u00e3o e do equil\u00edbrio!\n\nCom a atualiza\u00e7\u00e3o, ganhamos mais precis\u00e3o na defini\u00e7\u00e3o dos diagn\u00f3sticos e categoriza\u00e7\u00e3o de condi\u00e7\u00f5es auditivas e vestibulares. Um exemplo \u00e9 a perda auditiva, que agora \u00e9 descrita com mais detalhes. Enquanto na CID-10 t\u00ednhamos c\u00f3digos gen\u00e9ricos como o H90, na CID-11 podemos identificar se a perda \u00e9 bilateral por condu\u00e7\u00e3o (H90.0), relacionada ao envelhecimento (H91.1), ou at\u00e9 induzida por ru\u00eddo ocupacional (H91.3).\n\nAl\u00e9m disso, os dist\u00farbios vestibulares finalmente ganharam a aten\u00e7\u00e3o que merecem! Condi\u00e7\u00f5es como Doen\u00e7a de Meni\u00e8re (H82.0) e hipofun\u00e7\u00e3o vestibular unilateral (H82.1) agora possuem c\u00f3digos espec\u00edficos, permitindo diagn\u00f3sticos mais claros e tratamentos mais direcionados.\n\nOutro ponto positivo \u00e9 a integra\u00e7\u00e3o com sistemas digitais. A CID-11 foi criada para facilitar seu uso em prontu\u00e1rios eletr\u00f4nicos, tornando a gest\u00e3o cl\u00ednica mais \u00e1gil e eficiente.\n\nMas nem tudo s\u00e3o flores\ud83e\udd40 \u2013 a adapta\u00e7\u00e3o exige tempo, treinamento e atualiza\u00e7\u00e3o de sistemas. Ainda assim, essas mudan\u00e7as abrem portas para novas oportunidades: diagn\u00f3sticos mais confi\u00e1veis, alinhamento global da pr\u00e1tica cl\u00ednica e melhores dados para pesquisas e pol\u00edticas p\u00fablicas.\n\nA CID-11 \u00e9 um marco para nossa \u00e1rea. E voc\u00ea, j\u00e1 est\u00e1 implementando essas mudan\u00e7as? \ud83d\udcac Conte aqui nos coment\u00e1rios!\" aria-hidden=\"true\">\n\t\t<\/a>\n\t<\/div>\n<\/div>\t<\/div>\n\n\t<div id=\"sbi_load\" >\n\n\t<div class=\"sbi-screenreader\" aria-live=\"polite\" aria-atomic=\"true\" data-sbi-feed-status><\/div>\n\n\t\n\t\t\t<span class=\"sbi_follow_btn sbi_custom\" >\n\t\t\t<a target=\"_blank\"\n\t\t\t\trel=\"nofollow noopener\"  href=\"https:\/\/www.instagram.com\/clinica_audiohear\/\" style=\"background: rgb(64,139,209);\">\n\t\t\t\t<svg class=\"svg-inline--fa fa-instagram fa-w-14\" aria-hidden=\"true\" data-fa-processed=\"\" aria-label=\"Instagram\" data-prefix=\"fab\" data-icon=\"instagram\" role=\"img\" viewBox=\"0 0 448 512\">\n                    <path fill=\"currentColor\" d=\"M224.1 141c-63.6 0-114.9 51.3-114.9 114.9s51.3 114.9 114.9 114.9S339 319.5 339 255.9 287.7 141 224.1 141zm0 189.6c-41.1 0-74.7-33.5-74.7-74.7s33.5-74.7 74.7-74.7 74.7 33.5 74.7 74.7-33.6 74.7-74.7 74.7zm146.4-194.3c0 14.9-12 26.8-26.8 26.8-14.9 0-26.8-12-26.8-26.8s12-26.8 26.8-26.8 26.8 12 26.8 26.8zm76.1 27.2c-1.7-35.9-9.9-67.7-36.2-93.9-26.2-26.2-58-34.4-93.9-36.2-37-2.1-147.9-2.1-184.9 0-35.8 1.7-67.6 9.9-93.9 36.1s-34.4 58-36.2 93.9c-2.1 37-2.1 147.9 0 184.9 1.7 35.9 9.9 67.7 36.2 93.9s58 34.4 93.9 36.2c37 2.1 147.9 2.1 184.9 0 35.9-1.7 67.7-9.9 93.9-36.2 26.2-26.2 34.4-58 36.2-93.9 2.1-37 2.1-147.8 0-184.8zM398.8 388c-7.8 19.6-22.9 34.7-42.6 42.6-29.5 11.7-99.5 9-132.1 9s-102.7 2.6-132.1-9c-19.6-7.8-34.7-22.9-42.6-42.6-11.7-29.5-9-99.5-9-132.1s-2.6-102.7 9-132.1c7.8-19.6 22.9-34.7 42.6-42.6 29.5-11.7 99.5-9 132.1-9s102.7-2.6 132.1 9c19.6 7.8 34.7 22.9 42.6 42.6 11.7 29.5 9 99.5 9 132.1s2.7 102.7-9 132.1z\"><\/path>\n                <\/svg>\t\t\t\t<span>Seguir<\/span>\n\t\t\t<\/a>\n\t\t<\/span>\n\t\n<\/div>\n\t\t<span class=\"sbi_resized_image_data\" data-feed-id=\"*2\"\n\t\t  data-resized=\"{&quot;18040348817540937&quot;:{&quot;id&quot;:&quot;496660883_1367815687827775_7156105467538371497_n&quot;,&quot;ratio&quot;:&quot;0.56&quot;,&quot;sizes&quot;:{&quot;full&quot;:640,&quot;low&quot;:320,&quot;thumb&quot;:150},&quot;extension&quot;:&quot;.webp&quot;},&quot;18059270273139278&quot;:{&quot;id&quot;:&quot;495002585_652400687955079_5722396996433335118_n.png&quot;,&quot;ratio&quot;:&quot;0.80&quot;,&quot;sizes&quot;:{&quot;full&quot;:640,&quot;low&quot;:320,&quot;thumb&quot;:150},&quot;extension&quot;:&quot;.webp&quot;},&quot;17980106645827798&quot;:{&quot;id&quot;:&quot;495285852_17847055353464066_2289135493693718303_n&quot;,&quot;ratio&quot;:&quot;0.56&quot;,&quot;sizes&quot;:{&quot;full&quot;:640,&quot;low&quot;:320,&quot;thumb&quot;:150},&quot;extension&quot;:&quot;.webp&quot;},&quot;18087374422613122&quot;:{&quot;id&quot;:&quot;491898738_17846638242464066_1272483477343363225_n&quot;,&quot;ratio&quot;:&quot;0.56&quot;,&quot;sizes&quot;:{&quot;full&quot;:640,&quot;low&quot;:320,&quot;thumb&quot;:150},&quot;extension&quot;:&quot;.webp&quot;},&quot;17904546237149025&quot;:{&quot;id&quot;:&quot;491424578_17846421198464066_2427171797642485994_n&quot;,&quot;ratio&quot;:&quot;0.56&quot;,&quot;sizes&quot;:{&quot;full&quot;:640,&quot;low&quot;:320,&quot;thumb&quot;:150},&quot;extension&quot;:&quot;.webp&quot;},&quot;18175315462325136&quot;:{&quot;id&quot;:&quot;491426571_17846418609464066_8332097926141066592_n&quot;,&quot;ratio&quot;:&quot;0.56&quot;,&quot;sizes&quot;:{&quot;full&quot;:640,&quot;low&quot;:320,&quot;thumb&quot;:150},&quot;extension&quot;:&quot;.webp&quot;},&quot;18021496946680235&quot;:{&quot;id&quot;:&quot;490112469_690609510069751_4507098677355133358_n.heic&quot;,&quot;ratio&quot;:&quot;1.00&quot;,&quot;sizes&quot;:{&quot;full&quot;:640,&quot;low&quot;:320,&quot;thumb&quot;:150},&quot;extension&quot;:&quot;.webp&quot;},&quot;18068759956906607&quot;:{&quot;id&quot;:&quot;489021730_17843002659464066_6030279410902763004_n&quot;,&quot;ratio&quot;:&quot;1.00&quot;,&quot;sizes&quot;:{&quot;full&quot;:640,&quot;low&quot;:320,&quot;thumb&quot;:150},&quot;extension&quot;:&quot;.webp&quot;}}\">\n\t<\/span>\n\t<\/div>\n\n<\/div>\n\t\t\t\t\t\t<\/div>\n\t\t\t\t<\/div>\n\t\t\t\t\t<\/div>\n\t\t<\/div>\n\t\t\t\t\t<\/div>\n\t\t<\/section>\n\t\t\t\t<section class=\"elementor-section elementor-top-section elementor-element elementor-element-d1eb832 elementor-section-full_width elementor-section-height-min-height elementor-section-items-stretch elementor-section-content-middle elementor-reverse-mobile elementor-section-height-default\" data-id=\"d1eb832\" data-element_type=\"section\" data-e-type=\"section\" data-settings=\"{&quot;_ha_eqh_enable&quot;:false}\">\n\t\t\t\t\t\t<div class=\"elementor-container elementor-column-gap-no\">\n\t\t\t\t\t<div class=\"elementor-column elementor-col-66 elementor-top-column elementor-element elementor-element-ada828b\" data-id=\"ada828b\" data-element_type=\"column\" data-e-type=\"column\" data-settings=\"{&quot;background_background&quot;:&quot;classic&quot;}\">\n\t\t\t<div class=\"elementor-widget-wrap elementor-element-populated\">\n\t\t\t\t\t\t<div class=\"elementor-element elementor-element-2a2836a elementor-widget elementor-widget-html\" data-id=\"2a2836a\" data-element_type=\"widget\" data-e-type=\"widget\" data-widget_type=\"html.default\">\n\t\t\t\t<div class=\"elementor-widget-container\">\n\t\t\t\t\t<iframe src=\"https:\/\/www.google.com\/maps\/embed?pb=!1m18!1m12!1m3!1d3570.7208645103465!2d-49.0868722245748!3d-26.496930976897524!2m3!1f0!2f0!3f0!3m2!1i1024!2i768!4f13.1!3m3!1m2!1s0x94de95655813d5e1%3A0x921f8f0ed691919e!2sAudio%20Hear%20Cl%C3%ADnica%20de%20Exames%20Audiol%C3%B3gicos%20%7C%20Centro%20Auditivo%20em%20Jaragua%20do%20Sul!5e0!3m2!1spt-BR!2sbr!4v1747090081271!5m2!1spt-BR!2sbr\" width=\"600\" height=\"450\" style=\"border:0;\" allowfullscreen=\"\" loading=\"lazy\" referrerpolicy=\"no-referrer-when-downgrade\"><\/iframe>\t\t\t\t<\/div>\n\t\t\t\t<\/div>\n\t\t\t\t\t<\/div>\n\t\t<\/div>\n\t\t\t\t<div class=\"elementor-column elementor-col-33 elementor-top-column elementor-element elementor-element-67e5b5c\" data-id=\"67e5b5c\" data-element_type=\"column\" data-e-type=\"column\" data-settings=\"{&quot;background_background&quot;:&quot;classic&quot;}\">\n\t\t\t<div class=\"elementor-widget-wrap elementor-element-populated\">\n\t\t\t\t\t\t<div class=\"elementor-element elementor-element-2fd9bcc elementor-widget__width-auto ha-has-bg-overlay elementor-widget elementor-widget-heading\" data-id=\"2fd9bcc\" data-element_type=\"widget\" data-e-type=\"widget\" data-settings=\"{&quot;motion_fx_motion_fx_scrolling&quot;:&quot;yes&quot;,&quot;motion_fx_translateX_effect&quot;:&quot;yes&quot;,&quot;motion_fx_translateX_direction&quot;:&quot;negative&quot;,&quot;motion_fx_translateX_affectedRange&quot;:{&quot;unit&quot;:&quot;%&quot;,&quot;size&quot;:&quot;&quot;,&quot;sizes&quot;:{&quot;start&quot;:&quot;0&quot;,&quot;end&quot;:&quot;50&quot;}},&quot;motion_fx_translateX_speed&quot;:{&quot;unit&quot;:&quot;px&quot;,&quot;size&quot;:&quot;1&quot;,&quot;sizes&quot;:[]},&quot;motion_fx_devices&quot;:[&quot;desktop&quot;,&quot;tablet&quot;,&quot;mobile&quot;]}\" data-widget_type=\"heading.default\">\n\t\t\t\t<div class=\"elementor-widget-container\">\n\t\t\t\t\t<span class=\"elementor-heading-title elementor-size-default\">Localiza\u00e7\u00e3o<\/span>\t\t\t\t<\/div>\n\t\t\t\t<\/div>\n\t\t\t\t\t<\/div>\n\t\t<\/div>\n\t\t\t\t\t<\/div>\n\t\t<\/section>\n\t\t\t\t<\/div>\n\t\t","protected":false},"excerpt":{"rendered":"<p>C\u00ednica Especializada em Exames Audiol\u00f3gicosConhe\u00e7a nossos servi\u00e7os > Experi\u00eancia que vai al\u00e9m de um centro auditivo! Bem-vindo \u00e0 Audiohear, sua cl\u00ednica especializada em exames auditivos! Contamos com equipamentos modernos e profissionais qualificados para oferecer diagn\u00f3sticos precisos e solu\u00e7\u00f5es personalizadas para a sua sa\u00fade auditiva. Vendas de Aparelhos + Acess\u00f3rios Aparelhos auditivos que transformam as vidas [&hellip;]<\/p>\n","protected":false},"author":2,"featured_media":3344,"parent":0,"menu_order":0,"comment_status":"closed","ping_status":"closed","template":"elementor_header_footer","meta":{"footnotes":""},"class_list":["post-3411","page","type-page","status-publish","has-post-thumbnail","hentry","entry","has-media"],"_links":{"self":[{"href":"https:\/\/audiohear.com.br\/index.php?rest_route=\/wp\/v2\/pages\/3411","targetHints":{"allow":["GET"]}}],"collection":[{"href":"https:\/\/audiohear.com.br\/index.php?rest_route=\/wp\/v2\/pages"}],"about":[{"href":"https:\/\/audiohear.com.br\/index.php?rest_route=\/wp\/v2\/types\/page"}],"author":[{"embeddable":true,"href":"https:\/\/audiohear.com.br\/index.php?rest_route=\/wp\/v2\/users\/2"}],"replies":[{"embeddable":true,"href":"https:\/\/audiohear.com.br\/index.php?rest_route=%2Fwp%2Fv2%2Fcomments&post=3411"}],"version-history":[{"count":4,"href":"https:\/\/audiohear.com.br\/index.php?rest_route=\/wp\/v2\/pages\/3411\/revisions"}],"predecessor-version":[{"id":3572,"href":"https:\/\/audiohear.com.br\/index.php?rest_route=\/wp\/v2\/pages\/3411\/revisions\/3572"}],"wp:featuredmedia":[{"embeddable":true,"href":"https:\/\/audiohear.com.br\/index.php?rest_route=\/wp\/v2\/media\/3344"}],"wp:attachment":[{"href":"https:\/\/audiohear.com.br\/index.php?rest_route=%2Fwp%2Fv2%2Fmedia&parent=3411"}],"curies":[{"name":"wp","href":"https:\/\/api.w.org\/{rel}","templated":true}]}}